{"id":568,"date":"2023-08-07T22:54:29","date_gmt":"2023-08-07T22:54:29","guid":{"rendered":"https:\/\/sylviaconstantinidis.com\/press\/?page_id=568"},"modified":"2023-08-16T19:51:59","modified_gmt":"2023-08-16T19:51:59","slug":"archive","status":"publish","type":"page","link":"https:\/\/sylviaconstantinidis.com\/press\/archive\/","title":{"rendered":"Archive"},"content":{"rendered":"\t\t<div data-elementor-type=\"wp-page\" data-elementor-id=\"568\" class=\"elementor elementor-568\">\n\t\t\t\t\t\t<section class=\"elementor-section elementor-top-section elementor-element elementor-element-b78da00 elementor-section-full_width elementor-section-height-default elementor-section-height-default\" data-id=\"b78da00\" data-element_type=\"section\">\n\t\t\t\t\t\t<div class=\"elementor-container elementor-column-gap-default\">\n\t\t\t\t\t<div class=\"elementor-column elementor-col-100 elementor-top-column elementor-element elementor-element-3895908\" data-id=\"3895908\" data-element_type=\"column\">\n\t\t\t<div class=\"elementor-widget-wrap elementor-element-populated\">\n\t\t\t\t\t\t<div class=\"elementor-element elementor-element-6008a72 elementor-widget elementor-widget-image\" data-id=\"6008a72\" data-element_type=\"widget\" data-widget_type=\"image.default\">\n\t\t\t\t<div class=\"elementor-widget-container\">\n\t\t\t\t\t\t\t\t\t\t\t\t\t\t\t<img fetchpriority=\"high\" decoding=\"async\" width=\"1024\" height=\"614\" src=\"https:\/\/sylviaconstantinidis.com\/press\/wp-content\/uploads\/2023\/08\/Banner-piano-hands-1024x614.png\" class=\"attachment-large size-large wp-image-783\" alt=\"\" srcset=\"https:\/\/sylviaconstantinidis.com\/press\/wp-content\/uploads\/2023\/08\/Banner-piano-hands-1024x614.png 1024w, https:\/\/sylviaconstantinidis.com\/press\/wp-content\/uploads\/2023\/08\/Banner-piano-hands-300x180.png 300w, https:\/\/sylviaconstantinidis.com\/press\/wp-content\/uploads\/2023\/08\/Banner-piano-hands-768x461.png 768w, https:\/\/sylviaconstantinidis.com\/press\/wp-content\/uploads\/2023\/08\/Banner-piano-hands-1536x922.png 1536w, https:\/\/sylviaconstantinidis.com\/press\/wp-content\/uploads\/2023\/08\/Banner-piano-hands-2048x1229.png 2048w\" sizes=\"(max-width: 1024px) 100vw, 1024px\" \/>\t\t\t\t\t\t\t\t\t\t\t\t\t\t\t<\/div>\n\t\t\t\t<\/div>\n\t\t\t\t\t<\/div>\n\t\t<\/div>\n\t\t\t\t\t<\/div>\n\t\t<\/section>\n\t\t\t\t<section class=\"elementor-section elementor-top-section elementor-element elementor-element-46dd2ae elementor-section-boxed elementor-section-height-default elementor-section-height-default\" data-id=\"46dd2ae\" data-element_type=\"section\">\n\t\t\t\t\t\t<div class=\"elementor-container elementor-column-gap-default\">\n\t\t\t\t\t<div class=\"elementor-column elementor-col-16 elementor-top-column elementor-element elementor-element-60b1653\" data-id=\"60b1653\" data-element_type=\"column\">\n\t\t\t<div class=\"elementor-widget-wrap\">\n\t\t\t\t\t\t\t<\/div>\n\t\t<\/div>\n\t\t\t\t<div class=\"elementor-column elementor-col-66 elementor-top-column elementor-element elementor-element-e68b13b\" data-id=\"e68b13b\" data-element_type=\"column\">\n\t\t\t<div class=\"elementor-widget-wrap elementor-element-populated\">\n\t\t\t\t\t\t<div class=\"elementor-element elementor-element-28e6694 elementor-widget elementor-widget-image\" data-id=\"28e6694\" data-element_type=\"widget\" data-widget_type=\"image.default\">\n\t\t\t\t<div class=\"elementor-widget-container\">\n\t\t\t\t\t\t\t\t\t\t\t\t\t\t\t<img decoding=\"async\" width=\"903\" height=\"499\" src=\"https:\/\/sylviaconstantinidis.com\/press\/wp-content\/uploads\/2023\/08\/Sylvia-Constantinidis-press.jpg\" class=\"attachment-large size-large wp-image-876\" alt=\"\" srcset=\"https:\/\/sylviaconstantinidis.com\/press\/wp-content\/uploads\/2023\/08\/Sylvia-Constantinidis-press.jpg 903w, https:\/\/sylviaconstantinidis.com\/press\/wp-content\/uploads\/2023\/08\/Sylvia-Constantinidis-press-300x166.jpg 300w, https:\/\/sylviaconstantinidis.com\/press\/wp-content\/uploads\/2023\/08\/Sylvia-Constantinidis-press-768x424.jpg 768w\" sizes=\"(max-width: 903px) 100vw, 903px\" \/>\t\t\t\t\t\t\t\t\t\t\t\t\t\t\t<\/div>\n\t\t\t\t<\/div>\n\t\t\t\t\t<\/div>\n\t\t<\/div>\n\t\t\t\t<div class=\"elementor-column elementor-col-16 elementor-top-column elementor-element elementor-element-0fd77a9\" data-id=\"0fd77a9\" data-element_type=\"column\">\n\t\t\t<div class=\"elementor-widget-wrap\">\n\t\t\t\t\t\t\t<\/div>\n\t\t<\/div>\n\t\t\t\t\t<\/div>\n\t\t<\/section>\n\t\t\t\t<section class=\"elementor-section elementor-top-section elementor-element elementor-element-1829dd0 elementor-section-boxed elementor-section-height-default elementor-section-height-default\" data-id=\"1829dd0\" data-element_type=\"section\">\n\t\t\t\t\t\t<div class=\"elementor-container elementor-column-gap-default\">\n\t\t\t\t\t<div class=\"elementor-column elementor-col-16 elementor-top-column elementor-element elementor-element-8b76174\" data-id=\"8b76174\" data-element_type=\"column\">\n\t\t\t<div class=\"elementor-widget-wrap\">\n\t\t\t\t\t\t\t<\/div>\n\t\t<\/div>\n\t\t\t\t<div class=\"elementor-column elementor-col-66 elementor-top-column elementor-element elementor-element-8c49e8c\" data-id=\"8c49e8c\" data-element_type=\"column\">\n\t\t\t<div class=\"elementor-widget-wrap elementor-element-populated\">\n\t\t\t\t\t\t<div class=\"elementor-element elementor-element-2e436c8 elementor-widget elementor-widget-spacer\" data-id=\"2e436c8\" data-element_type=\"widget\" data-widget_type=\"spacer.default\">\n\t\t\t\t<div class=\"elementor-widget-container\">\n\t\t\t\t\t\t\t<div class=\"elementor-spacer\">\n\t\t\t<div class=\"elementor-spacer-inner\"><\/div>\n\t\t<\/div>\n\t\t\t\t\t\t<\/div>\n\t\t\t\t<\/div>\n\t\t\t\t\t<\/div>\n\t\t<\/div>\n\t\t\t\t<div class=\"elementor-column elementor-col-16 elementor-top-column elementor-element elementor-element-7c0de0a\" data-id=\"7c0de0a\" data-element_type=\"column\">\n\t\t\t<div class=\"elementor-widget-wrap\">\n\t\t\t\t\t\t\t<\/div>\n\t\t<\/div>\n\t\t\t\t\t<\/div>\n\t\t<\/section>\n\t\t\t\t<section class=\"elementor-section elementor-top-section elementor-element elementor-element-6b99521 elementor-section-boxed elementor-section-height-default elementor-section-height-default\" data-id=\"6b99521\" data-element_type=\"section\">\n\t\t\t\t\t\t<div class=\"elementor-container elementor-column-gap-default\">\n\t\t\t\t\t<div class=\"elementor-column elementor-col-16 elementor-top-column elementor-element elementor-element-53e5d01\" data-id=\"53e5d01\" data-element_type=\"column\">\n\t\t\t<div class=\"elementor-widget-wrap\">\n\t\t\t\t\t\t\t<\/div>\n\t\t<\/div>\n\t\t\t\t<div class=\"elementor-column elementor-col-66 elementor-top-column elementor-element elementor-element-69c52e8\" data-id=\"69c52e8\" data-element_type=\"column\">\n\t\t\t<div class=\"elementor-widget-wrap elementor-element-populated\">\n\t\t\t\t\t\t<div class=\"elementor-element elementor-element-05e8b4c elementor-widget elementor-widget-toggle\" data-id=\"05e8b4c\" data-element_type=\"widget\" data-widget_type=\"toggle.default\">\n\t\t\t\t<div class=\"elementor-widget-container\">\n\t\t\t\t\t\t\t<div class=\"elementor-toggle\">\n\t\t\t\t\t\t\t<div class=\"elementor-toggle-item\">\n\t\t\t\t\t<div id=\"elementor-tab-title-6191\" class=\"elementor-tab-title\" data-tab=\"1\" role=\"button\" aria-controls=\"elementor-tab-content-6191\" aria-expanded=\"false\">\n\t\t\t\t\t\t\t\t\t\t\t\t<span class=\"elementor-toggle-icon elementor-toggle-icon-left\" aria-hidden=\"true\">\n\t\t\t\t\t\t\t\t\t\t\t\t\t\t\t<span class=\"elementor-toggle-icon-closed\"><i class=\"fas fa-caret-right\"><\/i><\/span>\n\t\t\t\t\t\t\t\t<span class=\"elementor-toggle-icon-opened\"><i class=\"elementor-toggle-icon-opened fas fa-caret-up\"><\/i><\/span>\n\t\t\t\t\t\t\t\t\t\t\t\t\t<\/span>\n\t\t\t\t\t\t\t\t\t\t\t\t<a class=\"elementor-toggle-title\" tabindex=\"0\">-ARCHIVE:<\/a>\n\t\t\t\t\t<\/div>\n\n\t\t\t\t\t<div id=\"elementor-tab-content-6191\" class=\"elementor-tab-content elementor-clearfix\" data-tab=\"1\" role=\"region\" aria-labelledby=\"elementor-tab-title-6191\"><\/div>\n\t\t\t\t<\/div>\n\t\t\t\t\t\t\t<div class=\"elementor-toggle-item\">\n\t\t\t\t\t<div id=\"elementor-tab-title-6192\" class=\"elementor-tab-title\" data-tab=\"2\" role=\"button\" aria-controls=\"elementor-tab-content-6192\" aria-expanded=\"false\">\n\t\t\t\t\t\t\t\t\t\t\t\t<span class=\"elementor-toggle-icon elementor-toggle-icon-left\" aria-hidden=\"true\">\n\t\t\t\t\t\t\t\t\t\t\t\t\t\t\t<span class=\"elementor-toggle-icon-closed\"><i class=\"fas fa-caret-right\"><\/i><\/span>\n\t\t\t\t\t\t\t\t<span class=\"elementor-toggle-icon-opened\"><i class=\"elementor-toggle-icon-opened fas fa-caret-up\"><\/i><\/span>\n\t\t\t\t\t\t\t\t\t\t\t\t\t<\/span>\n\t\t\t\t\t\t\t\t\t\t\t\t<a class=\"elementor-toggle-title\" tabindex=\"0\">-2023.-<\/a>\n\t\t\t\t\t<\/div>\n\n\t\t\t\t\t<div id=\"elementor-tab-content-6192\" class=\"elementor-tab-content elementor-clearfix\" data-tab=\"2\" role=\"region\" aria-labelledby=\"elementor-tab-title-6192\"><\/div>\n\t\t\t\t<\/div>\n\t\t\t\t\t\t\t<div class=\"elementor-toggle-item\">\n\t\t\t\t\t<div id=\"elementor-tab-title-6193\" class=\"elementor-tab-title\" data-tab=\"3\" role=\"button\" aria-controls=\"elementor-tab-content-6193\" aria-expanded=\"false\">\n\t\t\t\t\t\t\t\t\t\t\t\t<span class=\"elementor-toggle-icon elementor-toggle-icon-left\" aria-hidden=\"true\">\n\t\t\t\t\t\t\t\t\t\t\t\t\t\t\t<span class=\"elementor-toggle-icon-closed\"><i class=\"fas fa-caret-right\"><\/i><\/span>\n\t\t\t\t\t\t\t\t<span class=\"elementor-toggle-icon-opened\"><i class=\"elementor-toggle-icon-opened fas fa-caret-up\"><\/i><\/span>\n\t\t\t\t\t\t\t\t\t\t\t\t\t<\/span>\n\t\t\t\t\t\t\t\t\t\t\t\t<a class=\"elementor-toggle-title\" tabindex=\"0\">-2022<\/a>\n\t\t\t\t\t<\/div>\n\n\t\t\t\t\t<div id=\"elementor-tab-content-6193\" class=\"elementor-tab-content elementor-clearfix\" data-tab=\"3\" role=\"region\" aria-labelledby=\"elementor-tab-title-6193\"><p><a href=\"https:\/\/crestametalica.com\/newartmusik-cierra-un-2021-triunfal-e-inicia-el-2022-con-importante-concierto\/\">&#8211;<\/a><a href=\"https:\/\/www.analitica.com\/emprendimiento\/noti-tips\/newartmusik-inicio-el-2022-con-importante-concierto-online\/\">\u201cNewartmusik Inicia el 2022 con Importante Concierto Online\u201d.\u00a0 ANALITICA. 3 Enero 2022.<\/a><\/p><p><a href=\"https:\/\/crestametalica.com\/newartmusik-cierra-un-2021-triunfal-e-inicia-el-2022-con-importante-concierto\/\">&#8211;<\/a><a href=\"https:\/\/crestametalica.com\/newartmusik-cierra-un-2021-triunfal-e-inicia-el-2022-con-importante-concierto\/\">\u201cNewartmusik Cierra un 2021 Triunfal e Inicia el 2022 con Importante Concierto\u201d.\u00a0 CRESTA METALICA. Enero 2022.<\/a><\/p><p>&#8211;<a href=\"https:\/\/diariolaregion.net\/2022\/01\/03\/newartmusik-cierra-un-2021-triunfal-e-inicia-el-2022-con-importante-concierto\/\">\u201cNewartmusik Cierra un 2021 Triunfal e Inicia el 2022 con Importante Concierto\u201d.\u00a0 DIARIO LA REGION. 3 Enero 2022.<\/a><\/p><p>&#8211;<a href=\"https:\/\/correocultural.com\/2022\/01\/las-compositoras-hicieron-historia-en-el-xxi-festival-latinoamericano-de-musica\/\">&#8220;Las Compositoras Hicieron Historia en el XXI Festival Latinoamericano de M\u00fasica&#8221;. CORREO CULTURAL. 12 enero, 2022.<\/a><\/p><p><strong>&#8211;<\/strong><a href=\"http:\/\/-\u201cM\u00daSICA: Las compositoras hicieron historia en el XXI Festival Latinoamericano de M\u00fasica.\u201d  SENDEROS DE APURE. Enero 2022.\" data-wplink-url-error=\"true\">\u201cM\u00daSICA: Las compositoras hicieron historia en el XXI Festival Latinoamericano de M\u00fasica.\u201d\u00a0 SENDEROS DE APURE. Enero 2022.<\/a><\/p><p>&#8211;<a href=\"https:\/\/valenciainforma.over-blog.com\/2022\/01\/veintiuna-compositoras-hicieron-historia-en-el-xxi-festival-latinoamericano-de-musica-en-el-2021.html\">\u201cVeintiuna Compositoras\u00a0 Hicieron Historia en el XXI Festival Latinoamericano de M\u00fasica\u201d. VALENCIA INFORMA. Enero 2022.<\/a><\/p><p><a href=\"https:\/\/www.analitica.com\/emprendimiento\/noti-tips\/las-compositoras-hicieron-historia-en-el-xxi-festival-latinoamericano-de-musica\/\">-\u201cLas compositoras hicieron historia en el XXI Festival Latinoamericano de M\u00fasica\u201d. ANALITICA. 12 Enero 2022.<\/a><\/p><p>&#8211;<a href=\"https:\/\/en.ultimasnoticias.com.ve\/news\/culture\/with-concert-they-pay-great-tribute-to-astor-piazzolla\/\">\u201cWith Concert They Pay Great Tribute to Astor Piazzolla\u201d. ULTIMAS NOTICIAS. 16 Enero, 2022.<\/a><\/p><p>&#8211;<a href=\"https:\/\/sitaramagazine.com.ve\/2022\/01\/12\/las-compositoras-hicieron-historia-en-el-xxi-festival-latinoamericano-de-musica\/\">&#8220;Las Compositoras Hicieron Historia en el XXI Festival Latinoamericano de M\u00fasica&#8221;. SITAR MAGAZINE. Enero 12, 2022.<\/a><\/p><p>&#8211;<a href=\"https:\/\/www.elvenezolanohouston.com\/21-compositoras-hicieron-historia-en-el-xxi-festival-latinoamericano-de-musica\/\">&#8220;21 compositoras hicieron historia en el XXI Festival Latinoamericano de M\u00fasica\u201d. EL VENEZOLANO HOUSTON. 17\/1\/2022.<\/a><\/p><p>&#8211;<a href=\"https:\/\/artout.news\/2022\/01\/20\/21-compositoras-hicieron-historia-en-el-xxi-festival-latinoamericano-de-musica\/\">&#8220;Las Compositoras Hicieron Historia en el XXI Festival Latinoamericano de M\u00fasica&#8221;. ARTOUT NEWS. Enero 20, 2022.<\/a><\/p><p>&#8211;<a href=\"https:\/\/radio.otilca.org\/sylvia-constantinidis-recorre-los-sonidos-de-latinoamerica-y-espana-con-un-concierto-solista-via-streaming\/\">Sylvia Constantinidis Recorre los Sonidos de Latinoamerica y Espana con un Concierto Solista Via Streaming. RADIO OTILCA. 27 Febrero 2022.<\/a><\/p><p>&#8211;<a href=\"http:\/\/ve.globedia.com\/pianista-sylvia-constantinidis-recorre-sonidos-latinoamerica-espana-concierto-solista\">&#8220;Sylvia Constantinidis Recorre los Sonidos de Latinoamerica y Espana con un Concierto Solista Via Streaming\u201d. GLOBEDIA. Febrero 2022.<\/a><\/p><p>&#8211;<a href=\"https:\/\/valenciainforma.over-blog.com\/2022\/02\/disco-venezuelan-modernism-como-aporte-de-sylvia-constantinidis-es-elogiado-por-critica-internacional.html\">\u201cEl Disco \u2018Venezuelan Modernism\u2019 Es Elogiado Por La Critica Internacional\u201d. VALENCIA INFORMA. 28 Febrero 2022.<\/a><\/p><p>&#8211;<a href=\"https:\/\/www.analitica.com\/emprendimiento\/noti-tips\/el-disco-venezuelan-modernism-es-elogiado-por-la-critica-internacional\/\">\u201cEl disco \u00abVenezuelan Modernism\u00bb es elogiado por la cr\u00edtica internacional\u201d. ANALITICA. 2 Marzo 2022.<\/a><\/p><p>&#8211;<a href=\"https:\/\/elsoldemargarita.com.ve\/posts\/post\/id:243415\">\u201cDisco &#8220;Venezuelan Modernism&#8221; Es Elogiado por la Cr\u00edtica Internacional\u201d. EL SOL DE MARGARITA. 4 Mar, 2022.<\/a><\/p><p>&#8211;<a href=\"https:\/\/sitaramagazine.com.ve\/2022\/03\/02\/el-disco-venezuelan-modernism-es-elogiado-por-la-critica-internacional\/\">\u201cEl Disco \u2018Venezuelan Modernism\u2019 Es Elogiado Por La Critica Internacional\u201d. SITAR MAGAZINE. Marzo 2, 2022.<\/a><\/p><p>&#8211;<a href=\"https:\/\/www.senderosdeapure.net\/2022\/03\/musica-el-disco-venezuelan-modernism-es.html\">\u201cM\u00daSICA: El disco &#8220;Venezuelan Modernism&#8221; es elogiado por la cr\u00edtica internacional\u201d. SENDEROS DE APURE. Marzo 2022.<\/a><\/p><p>&#8211;<a href=\"https:\/\/radio.otilca.org\/disco-venezuelan-modernism-es-elogiado-por-la-critica-internacional\/\">\u201cEl Disco \u2018Venezuelan Modernism\u2019 Es Elogiado Por La Critica Internacional\u201d. RADIO OTILCA. 5 Marzo 2022.<\/a><\/p><p>&#8211;<a href=\"https:\/\/crestametalica.com\/el-disco-venezuelan-modernism-es-elogiado-por-la-critica-internacional\/\">\u201cEl Disco \u2018Venezuelan Modernism\u2019 Es Elogiado Por La Critica Internacional\u201d. Roberto Palmitiesta. CRESTA METALICA. Marzo, \/2022<\/a><\/p><p>&#8211;<a href=\"https:\/\/www.pinterest.es\/pin\/pin-en-noticias-cresta-msica-cresta--470274386100354176\/\">\u201cEl disco &#8220;Venezuelan Modernism&#8221; es elogiado por la cr\u00edtica internacional\u201d. PINTEREST CRESTA METALICA. Marzo, \/2022.<\/a><\/p><p>&#8211;<a href=\"https:\/\/valenciainforma.over-blog.com\/2022\/03\/en-el-dia-internacional-del-piano-el-newartmusik-estrena-documental-sobre-clara-schumann-en-su-metaverso-este-29-de-marzo.html\">&#8220;En el D\u00eda Internacional del Piano el Newartmusik Estrena Documental Sobre Clara Schumann en su Metaverso&#8221;.VALENCIA INFORMA. Marzo, 2022.<\/a><\/p><p>&#8211;<a href=\"https:\/\/radio.otilca.org\/artista-de-nueva-esparta-crea-el-primer-metaverso-space-para-la-musica-sinfonica-y-las-artes\/\">Artista de Nueva Esparta Crea el Primer Metaverso Space para la Musica Sinfonica y las Artes. RADIO OTILCA. 26 Marzo, 2022.<\/a><\/p><p>&#8211;<a href=\"https:\/\/correocultural.com\/2022\/03\/celebrando-el-dia-internacional-del-piano-el-newartmusik-estrena-documental-sobre-clara-schumann-en-su-metaverso\/\">\u201cCelebrando el D\u00eda Internacional del Piano el Newartmusik estrena documental sobre Clara Schumann en su Metaverso\u201d. Correo Cultural. 29 Marzo 2022.<\/a><\/p><p>&#8211;<a href=\"https:\/\/artout.news\/2022\/03\/29\/el-dia-internacional-del-piano-el-newartmusik-estrena-documental-sobre-clara-schumann-en-su-metaverso\/\">\u201cEl D\u00eda Internacional del Piano el Newartmusik estrena documental sobre Clara Schumann en su Metaverso&#8221;. OUT NEWS. 29 marzo, 2022.<\/a><\/p><p>&#8211;<a href=\"https:\/\/valenciainforma.over-blog.com\/2022\/03\/newartmusik-estrena-su-metaverse-performing-arts-3d-center-en-la-celebracion-del-mes-de-la-mujer.html\">&#8221; Newartmusik Estrena Su Metaverse Performing Arts 3D En la Celebracion del Mes de la Mujer&#8221;. VALENCIA INFORMA. Marzo 2022.<\/a><\/p><p>&#8211;<a href=\"https:\/\/seryhumano.com\/web\/pianista-venezolana-crea-el-primer-metaverso-space-para-la-musica-sinfonica-y-las-artes\/\">\u201cPianista venezolana crea el primer Metaverso Space para la m\u00fasica sinf\u00f3nica y las artes\u201d. SER Y HUMANO. 26 Marzo 2022.<\/a><\/p><p>&#8211;<a href=\"https:\/\/crestametalica.com\/celebrando-el-mes-de-la-mujer-el-newartmusik-estrena-su-metaverse-performing-arts-3d-center\/\">&#8220;En el Mes de la Mujer el Newartmusik Estrena Su Metaverso Performing Arts 3D&#8221;. CRESTA METALICA. Marzo 2022.<\/a><\/p><p>&#8211;<a href=\"https:\/\/www.senderosdeapure.net\/2022\/03\/musica-pianista-venezolana-crea-el.html\">\u201cM\u00daSICA: Pianista venezolana crea el primer Metaverso Space para la m\u00fasica sinf\u00f3nica y las artes\u201d.\u00a0 SENDEROS DE APURE. Marzo 2022.<\/a><\/p><p>&#8211;<a href=\"https:\/\/artout.news\/2022\/03\/29\/celebrando-el-mes-de-la-mujer-el-newartmusik-estrena-su-metaverse-performing-arts-3d-center\/\">&#8220;En el Mes de la Mujer el Newartmusik Estrena Su Metaverso Performing Arts 3D&#8221;. ARTOUT NEWS. Marzo 2022.<\/a><\/p><p>&#8211;<a href=\"https:\/\/www.analitica.com\/emprendimiento\/noti-tips\/newartmusik-estrena-documental-sobre-clara-schumann-en-su-metaverso\/\">&#8220;Newartmusik Estrena Documental Sobre Clara Schumann en su Metaverso&#8221;.ANALITICA. 30 Marzo 2022.<\/a><\/p><p><a href=\"https:\/\/elsoldemargarita.com.ve\/posts\/post\/id:243795\">-\u201cArtista de Nueva Esparta Crea el Primer Metaverso Space para la M\u00fasica Sinf\u00f3nica\u201d. EL SOL DE MARGARITA. Marzo 25, 2022.<\/a><\/p><p>&#8211;<a href=\"https:\/\/sitaramagazine.com.ve\/2022\/03\/29\/celebrando-el-dia-internacional-del-piano-el-newartmusik-estrena-documental-sobre-clara-schumann-en-su-metaverso\/\">&#8220;Celebrando el D\u00eda Internacional del Piano el Newartmusik Estrena Documental Sobre Clara Schumann en su Metaverso&#8221;. SITAR MAGAZINE. Marzo 29, 2022.<\/a><\/p><p>&#8211;<a href=\"https:\/\/artout.news\/2022\/03\/29\/el-dia-internacional-del-piano-el-newartmusik-estrena-documental-sobre-clara-schumann-en-su-\/\">&#8220;El D\u00eda Internacional del Piano el Newartmusik Estrena Documental Sobre Clara Schumann en su Metaverso&#8221;.ARTOUT NEWS. Marzo 29, 2022.<\/a><\/p><p>&#8211;<a href=\"https:\/\/crestametalica.com\/celebrando-el-dia-internacional-del-piano-el-newartmusik-estrena-documental-sobre-clara-schumann-en-su-metaverso\/\">&#8220;Celebrando El D\u00eda Internacional del Piano el Newartmusik Estrena Documental Sobre Clara Schumann en su Metaverso&#8221;.CRESTA METALICA. Marzo 2022.<\/a><\/p><p>&#8211;<a href=\"https:\/\/artout.news\/2022\/04\/29\/ucrania-la-tierra-que-abrio-los-brazos-a-la-musica-de-la-venezolana-sylvia-constantinidis\/\">\u201cUcrania la Tierra que Abrio los Brazos a la Musica de la Venezolana Sylvia Constantinidis\u201d. ARTOUT NEWS. 29 Abril, 2022.<\/a><\/p><p>&#8211;<a href=\"https:\/\/valenciainforma.over-blog.com\/2022\/04\/ucrania-la-tierra-que-abrio-los-brazos-a-la-musica-de-la-venezolana-sylvia-constantinidis.html\">\u201cUcrania la Tierra que Abrio los Brazos a la Musica de la Venezolana Sylvia Constantinidis\u201d. VALENCIA INFORMA. Abril, 2022.<\/a><\/p><p><strong>&#8211;<\/strong><a href=\"https:\/\/www.notaoficial.com\/s\/2022\/04\/05\/celebrando-el-dia-internacional-del-piano-el-newartmusik-estrena-documental-sobre-clara-schumann-en-su-metaverso-francisco-dagostino\/\">\u201cCelebrando el D\u00eda Internacional del Piano el Newartmusik estrena documental sobre Clara Schumann en su Metaverso\u201d. NOTA OFICIAL. 5 Abril 2022.<\/a><\/p><p>&#8211;<a href=\"https:\/\/www.reporteconfidencial.info\/2022\/04\/28\/ucrania-la-tierra-que-abrio-los-brazos-a-la-musica-de-la-venezolana-sylvia-constantinidis\/\">\u201cUcrania la Tierra que Abrio los Brazos a la Musica de la Venezolana Sylvia Constantinidis\u201d. REPORTE CONFIDENCIAL. 28 Abril 2022.<\/a><\/p><p>&#8211;<a href=\"https:\/\/www.analitica.com\/entretenimiento\/cultura\/ucrania-la-tierra-que-abrio-los-brazos-a-la-musica-de-la-venezolana-sylvia-constantinidis\/\">\u201cUcrania la Tierra que Abrio los Brazos a la Musica de la Venezolana Sylvia Constantinidis\u201d.ANALITICA. 30 Abril 2022.<\/a><\/p><p>&#8211;<a href=\"https:\/\/crestametalica.com\/ucrania-la-tierra-que-abrio-los-brazos-a-la-musica-de-la-venezolana-sylvia-constantinidis\/\">\u201cUcrania la Tierra que Abrio los Brazos a la Musica de la Venezolana Sylvia Constantinidis\u201d. CRESTA METALICA. Mayo, 2022.<\/a><\/p><p>&#8211;<a href=\"https:\/\/www.pinterest.es\/pin\/470274386100938149\/\">\u201cUcrania la Tierra que Abrio los Brazos a la Musica de la Venezolana Sylvia Constantinidis\u201d. PINTEREST \/ CRESTA METALICA. Mayo, 2022.<\/a><\/p><p>&#8211;<a href=\"https:\/\/www.pinterest.es\/pin\/470274386100938152\/\">\u201cUcrania la Tierra que Abrio los Brazos a la Musica de la Venezolana Sylvia Constantinidis\u201d. PINTEREST \/ CRESTA METALICA. Mayo, 2022.<\/a><\/p><p>&#8211;<a href=\"https:\/\/www.pinterest.es\/pin\/470274386100938157\/\">\u201cUcrania la Tierra que Abrio los Brazos a la Musica de la Venezolana Sylvia Constantinidis\u201d. PINTEREST \/ CRESTA METALICA. Mayo, 2022.<\/a><\/p><p>&#8211;<a href=\"https:\/\/radio.otilca.org\/ucrania-la-tierra-que-abrio-los-brazos-a-la-musica-de-la-margaritena-sylvia-constantinidis\/\">\u201cUcrania la Tierra que Abrio los Brazos a la Musica de la Venezolana Sylvia Constantinidis\u201d. RADIO OTILCA. 2 Mayo 2022.<\/a><\/p><p>&#8211;<a href=\"https:\/\/correocultural.com\/2020\/05\/petroglifos-venezolanos-inspiran-obra-que-combina-musica-con-imagenes\/\">\u201cPetroglifos venezolanos inspiran obra que combina m\u00fasica con im\u00e1genes\u201d.\u00a0 Correo Cultural. 4 Mayo 2022.<\/a><\/p><p><a href=\"https:\/\/www.notaoficial.com\/s\/2022\/05\/06\/ucrania-la-tierra-que-abrio-los-brazos-a-la-musica-luis-felipe-baca-arbulu\/\">-\u201cUcrania: la tierra que abri\u00f3 los brazos a la m\u00fasica\u201d. NOTA OFICIAL. 6 Mayo 2022.<\/a><\/p><p>&#8211;<a href=\"https:\/\/www.elinformadorve.com\/11\/05\/2022\/actualidad\/la-pianista-venezolana-sylvia-constantinidis-desea-volver-a-tocar-y-dirigir-en-ucrania\/\">\u201cLa Pianista Venezolana Sylvia Constantinidis Desea Volver a Tocar y Dirigir en Ucrania\u201d. EL INFORMADOR VE. Mayo 11, 2022.<\/a><\/p><p>&#8211;<a href=\"https:\/\/correocultural.com\/2022\/05\/la-pianista-venezolana-sylvia-constantinidis-desea-volver-a-tocar-y-dirigir-en-ucrania\/\">&#8220;La pianista venezolana Sylvia Constantinidis desea volver a tocar y dirigir en Ucrania&#8221;. CORREO CULTURAL. 11 mayo, 2022.<\/a><\/p><p>&#8211;<a href=\"https:\/\/elsoldemargarita.com.ve\/posts\/post\/id:244520\">\u201cSylvia Constantinidis Desea Volver a Tocar y Dirigir en Ucrania\u201d. EL SOL DE MARGARITA. Mayo 14, 2022.<\/a><\/p><p>&#8211;<a href=\"https:\/\/www.notaoficial.com\/s\/2022\/05\/15\/newartmusik-estrena-documental-sobre-clara-schumann-en-su-metaverso\/\">\u201cNewartmusik estrena documental sobre Clara Schumann en su Metaverso\u201d. NOTA OFICIAL. 15 Mayo, 2022.<\/a><\/p><p>&#8211;<a href=\"https:\/\/crestametalica.com\/las-mujeres-celebran-el-dia-del-compositor-venezolano-con-importantes-logros\/\">\u201clas Mujeres Celebran el dia del Compositor Venezolano con Importantes Logros\u201d. CRESTA METALICA. Mayo 16 2022.<\/a><\/p><p>&#8211;<a href=\"https:\/\/valenciainforma.over-blog.com\/2022\/05\/las-mujeres-celebran-el-dia-del-compositor-venezolano-con-importantes-logros.html\">\u201clas Mujeres Celebran el dia del Compositor Venezolano con Importantes Logros\u201d. VALENCIA INFORMA. Mayo 22.<\/a><\/p><p>&#8211;<a href=\"https:\/\/sitaramagazine.com.ve\/2022\/05\/16\/las-mujeres-celebran-el-dia-del-compositor-venezolano-con-importantes-logros\/\">\u201clas Mujeres Celebran el dia del Compositor Venezolano con Importantes Logros\u201d. SITAR MAGAZINE. Mayo 16, 2022.<\/a><\/p><p>&#8211;<a href=\"https:\/\/elvenezolanonews.com\/2022\/05\/16\/las-mujeres-celebran-el-dia-del-compositor-venezolano-con-importantes-logros\/\">\u201clas Mujeres Celebran el dia del Compositor Venezolano con Importantes Logros\u201d. El VENEZOLANO NEWS. Mayo 16, 2022.<\/a><\/p><p>&#8211;<a href=\"https:\/\/artout.news\/2022\/05\/18\/las-mujeres-celebran-el-dia-del-compositor-venezolano-con-importantes-logros\/\">\u201clas Mujeres Celebran el dia del Compositor Venezolano con Importantes Logros\u201d. ARTOUT NEWS. Mayo 18, 2022.<\/a><\/p><p><strong>&#8211;<\/strong><a href=\"https:\/\/www.notaoficial.com\/s\/2022\/05\/25\/dia-internacional-del-piano-el-newartmusik-estrena-documental-luis-felipe-baca-arbulu\/\">\u201cD\u00eda Internacional del Piano el Newartmusik estrena documental\u201d. NOTA OFICIAL. 25 Mayo 2022.<\/a><\/p><p>&#8211;<a href=\"https:\/\/www.elvenezolanohouston.com\/las-mujeres-celebran-el-dia-del-compositor-venezolano-con-importantes-logros\/\">Las mujeres celebran el D\u00eda del Compositor Venezolano con importantes logros\u201d. EL VENEZOLANO HOUSTON. 23\/5\/2022<\/a><\/p><p>&#8211;<a href=\"https:\/\/www.notaoficial.com\/s\/2022\/06\/11\/venezuelan-modernism-es-elogiado-por-la-critica-flavio-borquez-tarff\/\">\u201cVenezuelan Modernism es elogiado por la cr\u00edtica\u201d. NOTA OFICIAL. 11 Junio 2022.<\/a><\/p><\/div>\n\t\t\t\t<\/div>\n\t\t\t\t\t\t\t<div class=\"elementor-toggle-item\">\n\t\t\t\t\t<div id=\"elementor-tab-title-6194\" class=\"elementor-tab-title\" data-tab=\"4\" role=\"button\" aria-controls=\"elementor-tab-content-6194\" aria-expanded=\"false\">\n\t\t\t\t\t\t\t\t\t\t\t\t<span class=\"elementor-toggle-icon elementor-toggle-icon-left\" aria-hidden=\"true\">\n\t\t\t\t\t\t\t\t\t\t\t\t\t\t\t<span class=\"elementor-toggle-icon-closed\"><i class=\"fas fa-caret-right\"><\/i><\/span>\n\t\t\t\t\t\t\t\t<span class=\"elementor-toggle-icon-opened\"><i class=\"elementor-toggle-icon-opened fas fa-caret-up\"><\/i><\/span>\n\t\t\t\t\t\t\t\t\t\t\t\t\t<\/span>\n\t\t\t\t\t\t\t\t\t\t\t\t<a class=\"elementor-toggle-title\" tabindex=\"0\">-2021<\/a>\n\t\t\t\t\t<\/div>\n\n\t\t\t\t\t<div id=\"elementor-tab-content-6194\" class=\"elementor-tab-content elementor-clearfix\" data-tab=\"4\" role=\"region\" aria-labelledby=\"elementor-tab-title-6194\"><p>&#8211;<a href=\"http:\/\/www.correodelorinoco.gob.ve\/sylvia-constantinidis-celebra-los-diez-anos-de-su-propuesta-newartmusik\/\">\u201cSylvia Constantinidis celebra los diez a\u00f1os de su propuesta Newartmusik\u201d. CORREO DEL ORINOCO. 5 Enero 2021.<\/a><\/p><p>&#8211;<a href=\"https:\/\/ultimasnoticias.com.ve\/wp-content\/uploads\/2021\/01\/UN05012021.pdf\">\u201cNewartmusic celebra 10 a\u00f1os con conciertos\u201d. ULTIMAS NOTICIAS. 5 Enero 2021. Pp.14.<\/a><\/p><p>&#8211;<a href=\"https:\/\/www.eluniversal.com\/entretenimiento\/88045\/con-un-concierto-y-una-exposicion-de-arte-el-newartmusik-inicia-su-temporada-2021\">&#8220;Con un concierto y una exposici\u00f3n de arte el Newartmusik inicia temporada 2021&#8221;. EL UNIVERSAL. 7 Enero 2021.<\/a><\/p><p>&#8211;<a href=\"https:\/\/www.entornointeligente.com\/el-proyecto-newartmusik-celebra-10-aos-de-apoyo-a-la-msica-contempornea\/\">\u201cEl Proyecto Newartmusik celebra 10 a\u00f1os de apoyo a la m\u00fasica contempor\u00e1nea\u201d. ENTORNO INTELIGENTE. Enero 2021.<\/a><\/p><p>&#8211;<a href=\"https:\/\/elbetatv.com\/2020\/12\/25\/el-proyecto-newartmusik-celebra-10-anos-de-apoyo-a-la-musica-contemporanea\/\">\u201cEl Proyecto Newartmusik celebra 10 a\u00f1os de apoyo a la m\u00fasica contempor\u00e1nea\u201d. EL BETA TV. Enero 2021.<\/a><\/p><p>&#8211;<a href=\"https:\/\/www.tumblr.com\/todaslasnoticias\/638354313596502016\/brilla-group-lanza-un-fondo-para-hoteles-de-debut-con-un\">\u201cEl Proyecto Newartmusik celebra 10 a\u00f1os de apoyo a la m\u00fasica contempor\u00e1nea\u201d. TUMBLR. TODAS LAS NOTICIAS \/ NOTA OFICIAL. Enero 2021.<\/a><\/p><p>&#8211;<a href=\"https:\/\/correocultural.com\/2021\/01\/con-un-concierto-y-una-exposicion-de-arte-el-newartmusik-inicia-temporada-2021\/\">&#8220;Con un concierto y una exposici\u00f3n de arte el Newartmusik inicia temporada 2021&#8221;. CORREO CULTURAL. 7 enero, 2021.<\/a><\/p><p>&#8211;<a href=\"https:\/\/www.elnacional.com\/entretenimiento\/con-un-concierto-y-una-exposicion-de-arte-el-newartmusik-inicia-su-temporada-2021\/\">&#8220;Con un concierto y una exposici\u00f3n de arte el Newartmusik inicia su temporada 2021\u201d. EL NACIONAL. 8 de Enero 2021.<\/a><\/p><p>&#8211;<a href=\"https:\/\/diariolaregion.net\/2021\/01\/08\/newartmusik-inicia-su-temporada-2021\/\">\u201cNewartmusik inicia su temporada 2021\u201d. DIARIO LA REGION. 8\/01\/21.<\/a><\/p><p><a href=\"https:\/\/www.mdc.edu\/clippings\/2021\/January\/11.PDF\">-\u201cVenezolana destaca en La musica sinfonica contemporanea mundial\u201d. \/ The Daily News Clippings \/ Miami Dade College\/ 8 enero, 2021 \/ pp 60-62.<\/a><\/p><p>&#8211;<a href=\"https:\/\/www.analitica.com\/entretenimiento\/cultura\/venezolana-destaca-en-la-musica-sinfonica-contemporanea-mundial\/\">\u201cVenezolana destaca en la m\u00fasica sinf\u00f3nica contempor\u00e1nea mundial\u201d. ANALITICA. 8 Enero 2021.<\/a><\/p><p>&#8211;<a href=\"https:\/\/sitaramagazine.com.ve\/2021\/01\/08\/con-un-concierto-y-una-exposicion-de-arte-el-newartmusik-inicia-temporada-2021-recibidos\/\">&#8220;Con un concierto y una exposici\u00f3n de arte el Newartmusik inicia su temporada 2021&#8221;. SITAR MAGAZINE. Enero 8, 2021.<\/a><\/p><p>&#8211;<a href=\"http:\/\/https1:\/\/sitaramagazine.com.ve\/2021\/01\/15\/la-venezuela-modernista-reflejada-en-un-disco-de-piano-solista\/\" data-wplink-url-error=\"true\">La Venezuela Modernista Reflejada en un Disco de Piano Solista\u201d. SITAR MAGAZINE. Enero 15, 2021.<\/a><\/p><p><strong>&#8211;<\/strong><a href=\"https:\/\/www.senderosdeapure.net\/2021\/01\/artista-venezuelan-modernism-es-el.html\">\u201cARTISTA: &#8220;Venezuelan Modernism&#8221; es el nuevo disco de la pianista Sylvia Constantinidis\u201d. SENDEROS DE APURE. Enero 2021.<\/a>\u00a0\u00a0 [<a href=\"https:\/\/www.senderosdeapure.net\/2021\/01\/artista-venezuelan-modernism-es-el.html?m=1\">\u00a0 2\u00a0<\/a> ]<\/p><p>&#8211;<a href=\"https:\/\/correocultural.com\/2021\/01\/venezuelan-modernism-es-el-nuevo-disco-de-la-pianista-sylvia-constantinidis\/\">\u201cVenezuelan Modernism\u201d es el nuevo disco de la pianista Sylvia Constantinidis&#8221;. CORREO CULTURAL. 16 enero, 2021.<\/a><\/p><p>&#8211;<a href=\"http:\/\/ve.globedia.com\/venezuelan-modernism-disco-pianista-sylvia-constantinidis\">\u201cVenezuelan Modernism\u201d es el nuevo disco de la pianista Sylvia Constantinidis&#8221;. GLOBEDIA. 16 enero, 2021.<\/a><\/p><p>&#8211;<a href=\"http:\/\/www.laradiodelsur.com.ve\/wp-content\/uploads\/2021\/01\/CO-3944.pdf\">\u201cSylvia Constantinidis celebra los diez a\u00f1os de su propuesta Newartmusik\u201d. LA RADIO DEL SUR. January 2021. Pdf,\u00a0 pp 14.<\/a><\/p><p>&#8211;<a href=\"https:\/\/elsoldemargarita.com.ve\/posts\/post\/id:236020\">&#8220;Venezuelan Modernism&#8221; es el nuevo disco de la pianista Sylvia Constantinidis\u201d. EL SOL DE MARGARITA. 15 Enero, 2021.<\/a><\/p><p>&#8211;<a href=\"https:\/\/www.diariocontraste.com\/2021\/01\/venezuelan-modernism-es-el-nuevo-disco-de-la-pianista-sylvia-constantinidis\/\">\u201cVenezuelan Modernism\u00bb es el nuevo disco de la pianista\u00a0Sylvia Constantinidis\u201d. DIARIO CONTRASTE. 15 Enero 2021.<\/a><\/p><p>&#8211;<a href=\"https:\/\/radio.otilca.org\/pianista-margaritena-sylvia-constantinidis-presenta-venezuelan-modernism\/\">Pianista Margaritena Sylvia Constantinidis Presenta Venezuelan Modernism\/ RADIO OTILCA. 16 Enero 2021.<\/a><\/p><p>&#8211;<a href=\"https:\/\/m.facebook.com\/156458001740657\/photos\/a.586216345431485\/727797681273350\/?type=3&amp;_rdr\">\u201cSylvia Constantinidis Venezuelan Modernism. FACEBOOK\u201d. by Eduardo Galinddo Penha. SENDEROS DE APURE.18 Jan 2021.<\/a><\/p><p>&#8211;<a href=\"https:\/\/artout.news\/2021\/01\/21\/con-un-concierto-y-una-exposicion-de-arte-el-newartmusik-inicia-su-temporada-2021\/\">\u201cCon Un Conciertocy Una Exposicion De Arte El Newartmusik Inicia Su Temporada. ARTOUT NEWS. Enero 21 2021.<\/a><\/p><p>&#8211;<a href=\"http:\/\/ve.globedia.com\/concierto-exposicion-arte-newartmusik-inicia-temporada-2021\">\u201cCon Un Conciertocy Una Exposicion De Arte El Newartmusik Inicia Su Temporada&#8221;. GLOBEDIA. Enero 21 2021.<\/a><\/p><p>&#8211;<a href=\"https:\/\/seryhumano.com\/web\/la-pianista-sylvia-constantinidis-lanza-nuevo-disco-venezuelan-modernism\/\">\u201cLa pianista Sylvia Constantinidis lanza nuevo disco: \u00abVenezuelan Modernism\u00bb\u201c. SER Y HUMANO. 21 Enero 2021.<\/a><\/p><p>&#8211;<a href=\"https:\/\/ultimasnoticias.com.ve\/noticias\/chevere\/sylvia-constantinidis-y-su-vision-de-la-musica\/\">\u201cSylvia Constantinidis y su vision de la musica\u201d. ULTIMAS NOTICIAS. 25 Enero 2021.<\/a><\/p><p>&#8211;<a href=\"https:\/\/en.ultimasnoticias.com.ve\/news\/chevere\/sylvia-constantinidis-and-her-vision-of-music\/\">\u201cSylvia Constantinidis and her vision of music\u201d. ULTIMAS NOTICIAS. 25 Enero 2021.<\/a><\/p><p>&#8211;<a href=\"https:\/\/issuu.com\/unoticiasve\/docs\/pdf_noticias_25-01-2021\">\u201cSylvia Constantinidis celebra los diez a\u00f1os de su propuesta Newartmusik\u201d. ISSUU ULTIMAS NOTICIAS \/ UN 250121 \/ Published on Jan 25, 2021 \/ pp13.<\/a><\/p><p>&#8211;<a href=\"https:\/\/artout.news\/2021\/01\/22\/venezuelan-modernism-es-el-nuevo-disco-de-la-pianista-sylvia-constantinidis\/\">\u201cVenezuelan Modernism\u201d es el nuevo disco de la pianista Sylvia Constantinidis\u201d. ARTOUT NEWS. Enero 22, 2021.<\/a><\/p><p>&#8211;<a href=\"https:\/\/pressroom.es\/una-venezolana-rompe-paradigmas-en-la-musica-sinfonica-contemporanea-mundial\/\">\u201cUna Venezolana destaca en la musica sinfonica contemporanea mundial\u201d. PRESSROOM-ES. 31 Enero, 2021.\u00a0<\/a><\/p><p>&#8211;<a href=\"https:\/\/correocultural.com\/2021\/02\/la-pianista-sylvia-constantinidis-recorre-los-sonidos-de-latinoamerica-y-espana-con-un-concierto-solist\/\">&#8220;La pianista Sylvia Constantinidis recorre los sonidos de Latinoam\u00e9rica y Espa\u00f1a con un concierto solista&#8221;. CORREO CULTURAL. 26 febrero, 2021.<\/a><\/p><p>&#8211;<a href=\"https:\/\/sitaramagazine.com.ve\/2021\/02\/27\/la-pianista-sylvia-constantinidis-recorre-los-sonidos-de-latinoamerica-y-espana-con-un-concierto-solista\/\">\u201cLa pianista Sylvia Constantinidis recorre los sonidos de Latinoam\u00e9rica y Espa\u00f1a con un concierto solista\u201d. SITAR MAGAZINE. Febrero 27, 2021.\u00a0<\/a>\u00a0\u00a0 [<a href=\"https:\/\/sitaramagazine.com.ve\/2021\/02\/27\/la-pianista-sylvia-constantinidis-recorre-los-sonidos-de-latinoamerica-y-espana-con-un-concierto-solista\/?fbclid=IwAR2s9UBJqjImabVFWYGo6eaT5JYp8lNCs5z8AXgegs3Zx9pZhRl7RPLN_J4\"> 2<\/a> ]<\/p><p>&#8211;<a href=\"https:\/\/www.elvenezolanohouston.com\/la-pianista-sylvia-constantinidis-recorre-los-sonidos-de-latinoamerica-y-espana-con-un-concierto-solista\/\">\u201cLa pianista Sylvia Constantinidis recorre los sonidos de Latinoam\u00e9rica y Espa\u00f1a con un concierto solista\u201d. EL VENEZOLANO in Houston. 28 de febrero, 2021.<\/a><\/p><p>&#8211;<a href=\"https:\/\/www.senderosdeapure.net\/2021\/03\/artista-la-pianista-sylvia.html\">\u201cARTISTA: La pianista Sylvia Constantinidis recorre los sonidos de Latinoam\u00e9rica y Espa\u00f1a con un concierto solista.\u201d\u00a0 SENDEROS DE APURE. 1 Marzo 2021.<\/a><\/p><p><a href=\"https:\/\/diariolavoz.net\/2021\/03\/02\/la-pianista-sylvia-constantinidis-recorre-los-sonidos-de-latinoamerica-y-espana-con-un-concierto-solista\/\">-\u201cLa pianista Sylvia Constantinidis recorre los sonidos de Latinoam\u00e9rica y Espa\u00f1a con un concierto solista\u201d. DIARIO LA VOZ. 2 Marzo 2021.<\/a><\/p><p>&#8211;<a href=\"https:\/\/ultimasnoticias.com.ve\/noticias\/cultura\/la-pianista-sylvia-constantinidis-presentara-un-concierto-solista\/\">\u201cPianist Sylvia Constantinidis will present a solo concert\u201d. ULTIMAS NOTICIAS. 2 March 2021.<\/a><\/p><p>&#8211;<a href=\"https:\/\/diariolaregion.net\/2021\/03\/02\/sylvia-constantinidis-recorre-latinoamerica-y-espana-con-un-concierto-como-solista\/\">\u201cSylvia Constantinidis recorre los sonidos de Latinoam\u00e9rica y Espa\u00f1a con un concierto solista\u201d. DIARIO LA REGION. 2 Marzo 2021.<\/a><\/p><p>&#8211;<a href=\"https:\/\/diariolavoz.net\/2021\/03\/02\/la-pianista-sylvia-constantinidis-recorre-los-sonidos-de-latinoamerica-y-espana-con-un-concierto-solista\/\">\u201cLa pianista Sylvia Constantinidis recorre los sonidos de Latinoam\u00e9rica y Espa\u00f1a con un concierto solista\u201d. DIARIO LA VOZ. 2 Marzo 2021.<\/a><\/p><p>&#8211;<a href=\"https:\/\/notiespartano.com\/2021\/03\/07\/la-margaritena-sylvia-constantinidis-recorre-hoy-sonidos-iberoamericanos\/ \u201cLa Margaritena\" data-wplink-url-error=\"true\">\u201cSylvia Constantinidis recorre los sonidos Iberoam\u00e9ricanos\u201d. NOTIESPARTANO. 7 marzo, 2021.\u00a0<\/a><\/p><p>&#8211;<a href=\"https:\/\/correocultural.com\/2021\/03\/una-venezolana-es-ejemplo-mundial-en-la-musica-sinfonicsa\/\">&#8220;Una Venezolana es ejemplo mundial en la m\u00fasica sinf\u00f3nica&#8221;. CORREO CULTURAL. 11 marzo, 2021.<\/a><\/p><p>&#8211;<a href=\"https:\/\/sitaramagazine.com.ve\/2021\/03\/08\/sylvia-constantinis-celebra-con-numerosos-logros-historicos-para-venezuela\/\">\u201cSylvia Constantinis Celebra con Numerosos Logros Historicos para Venezuela\u201d.\u00a0 SITAR MAGAZINE. Marzo 8, 2021.<\/a><\/p><p>&#8211;<a href=\"https:\/\/valenciahoyblog.wordpress.com\/2021\/03\/09\/sylvia-constantinidis-una-venezolana-es-ejemplo-mundial-en-la-musica-sinfonica-video\/\">\u201cSylvia Constantinidis una Venezolana es Ejemplo Mundial en la Musica Sinfonica Video\u201d. VALENCIA HOY BLOG. Marzo 9, 2021.<\/a><\/p><p>&#8211;<a href=\"https:\/\/ultimasnoticias.com.ve\/noticias\/cultura\/una-venezolana-es-ejemplo-mundial-en-la-musica-sinfonica\/\">\u201cUna Venezolana es la Compositora Mas Influyente En la Musica Sinfonica\u201d. ULTIMAS NOTICIAS. 10 March 2021.<\/a><\/p><p>&#8211;<a href=\"https:\/\/docplayer.es\/215711187-Yulimar-rojas-oro-atletismo-triple-salto-julio-mayora-medallas.html\">\u201cUna Venezolana es la Compositora Mas Influyente En la Musica Sinfonica\u201d. DOC PLAYER: ULTIMAS NOTICIAS \/ MIAMI BROWARD HOUSTON DALLAS PANAM\u00c1 COLOMBIA MADRID. 10 March 2021. Pp 14.<\/a><\/p><p>&#8211;<a href=\"https:\/\/en.ultimasnoticias.com.ve\/news\/culture\/a-Venezuelan-is-a-world-example-in-symphonic-music\/\">\u201cA Venezuelan is a world example in symphonic music\u201d. ULTIMAS NOTICIAS EN. 10 March 2021.<\/a><\/p><p>&#8211;<a href=\"https:\/\/nucleonoticias.com\/2021\/03\/11\/una-venezolana-es-la-compositora-mas-influyente-en-la-musica-sinfonica\/\">\u201cUna Venezolana es la Compositora Mas Influyente En la Musica Sinfonica\u201d. NUCLEO NOTICIAS. Marzo 11, 2021.<\/a><\/p><p>&#8211;<a href=\"https:\/\/www.senderosdeapure.net\/2021\/03\/artista-una-venezolana-es-ejemplo.html\">\u201cUna Venezolana es la Compositora Mas Influyente En la Musica Sinfonica\u201d. SENDEROS DE APURE. Marzo, 2021.<\/a><\/p><p>&#8211;<a href=\"https:\/\/theworldnews.net\/ve-news\/una-venezolana-es-ejemplo-mundial-en-la-musica-sinfonica\">\u201cUna Venezolana es Ejemplo Mundial En la Musica Sinfonica\u201d. The World News. Marzo, 2021.<\/a><\/p><p>&#8211;<a href=\"https:\/\/seryhumano.com\/web\/los-titanes-del-piano-ensenan-la-musica-de-mozart-y-beethoven-a-los-ninos\/\">&#8220;Los Titanes del Piano ense\u00f1an la m\u00fasica de Mozart y Beethoven a los ni\u00f1os&#8221;. SER Y HUMANO. 22 marzo, 2021.<\/a><\/p><p>&#8211;<a href=\"https:\/\/www.entornointeligente.com\/los-titanes-del-piano-ensean-la-msica-de-mozart-y-beethoven-a-los-nios\/\">\u201cLos Titanes del Piano ense\u00f1an la m\u00fasica de Mozart y Beethoven a los ni\u00f1os\u201d. ENTORNO INTELIGENTE. marzo, 2021.<\/a><\/p><p>&#8211;<a href=\"https:\/\/valenciahoyblog.wordpress.com\/2021\/03\/29\/dos-cuentos-de-educacion-musical-y-una-produccion-discografica-en-dia-internacional-del-piano\/\">\u201cDos cuentos de educaci\u00f3n musical y una producci\u00f3n discogr\u00e1fica en \u201cD\u00eda Internacional del\u00a0Piano\u201d. VALENCIA HOY BLOG. 29 Marzo 2021.<\/a><\/p><p>&#8211;<a href=\"https:\/\/sitaramagazine.com.ve\/2021\/03\/29\/los-titanes-del-piano-celebran-el-dia-internacional-del-piano\/\">\u201cLos Titanes del Piano Celebran el Dia Internacional del Piano\u201d. SITAR MAGAZINE. Marzo 29, 2021.<\/a><\/p><p>&#8211;<a href=\"https:\/\/radio.otilca.org\/los-titanes-del-piano-celebran-el-dia-internacional-del-piano\/\">\u201cLos Titanes del Piano Celebran el Dia Internacional del Piano\u201d. RADIO OTILCA. Marzo, 2021.<\/a><\/p><p>&#8211;<a href=\"https:\/\/correocultural.com\/2021\/03\/los-titanes-del-piano-ensenan-la-musica-de-mozart-y-beethoven-a-los-ninos\/\">&#8220;Los Titanes del Piano ense\u00f1an la m\u00fasica de Mozart y Beethoven a los ni\u00f1os&#8221;. CORREO CULTURAL. 30 marzo, 2021.<\/a><\/p><p>&#8211;<a href=\"https:\/\/quepasaenvenezuela.org\/2021\/03\/30\/los-titanes-del-piano-ensenan-la-musica-de-mozart-y-beethoven-a-los-ninos\/\">&#8220;Los Titanes del Piano ense\u00f1an la m\u00fasica de Mozart y Beethoven a los ni\u00f1os&#8221;. QUE PASA EN VENEZUELA. 30 marzo, 2021.<\/a><\/p><p>&#8211;<a href=\"https:\/\/elvenezolanonews.com\/2021\/04\/01\/los-titanes-del-piano-ensenan-la-musica-de-mozart-y-beethoven-a-los-ninos\/\">&#8220;Los Titanes del Piano ense\u00f1an la m\u00fasica de Mozart y Beethoven a los ni\u00f1os&#8221;. El VENEZOLANO NEWS. Abril 1, 2021.<\/a><\/p><p>&#8211;<a href=\"https:\/\/enlacerv.co.ve\/2021\/04\/04\/los-titanes-del-piano-ensenan-la-musica-de-mozart-y-beethoven-a-los-ninos\/\">&#8220;Los Titanes del Piano ense\u00f1an la m\u00fasica de Mozart y Beethoven a los ni\u00f1os&#8221;. ENLACERV. Abril 4, 2021.<\/a><\/p><p>&#8211;<a href=\"https:\/\/www.notaoficial.com\/s\/2022\/04\/05\/celebrando-el-dia-internacional-del-piano-el-newartmusik-estrena-documental-sobre-clara-schumann-en-su-metaverso-francisco-dagostino\/\">\u201cCelebrando el D\u00eda Internacional del Piano el Newartmusik estrena documental sobre Clara Schumann en su Metaverso\u201d. NOTA OFICIAL. 5 Abril, 2021.<\/a><\/p><p>&#8211;<a href=\"https:\/\/elsoldemargarita.com.ve\/posts\/post\/id:237593\">\u201cLos Titanes del Piano Ense\u00f1an la M\u00fasica de Mozart y Beethoven a los Ni\u00f1os\u201d. EL SOL DE MARGARITA. Abril 6 2021.<\/a><\/p><p>&#8211;<a href=\"https:\/\/myjentretenimiento.wordpress.com\/2021\/04\/08\/los-titanes-del-piano-ensenan-la-musica-de-mozart-y-beethoven-a-los-ninos\/\">\u201cLos Titanes del Piano Ense\u00f1an la M\u00fasica de Mozart y Beethoven a los Ni\u00f1os\u201d. ENTRETENIMIENTO. Abril 8 2021<\/a><\/p><p>&#8211;<a href=\"https:\/\/artout.news\/2021\/04\/22\/sylvia-constantinis-celebra-con-numerosos-logros-historicos-para-venezuela\/\">\u201cSylvia Constantinis Celebra con Numerosos Logros Historicos para Venezuela\u201d. ARTOUT NEWS. Abril 22, 2021.<\/a><\/p><p>&#8211;<a href=\"https:\/\/artout.news\/2021\/04\/22\/los-titanes-del-piano-celebraron-el-dia-internacional-del-piano\/\">&#8220;Los Titanes del Piano ense\u00f1an la m\u00fasica de Mozart y Beethoven a los ni\u00f1os&#8221;. ARTOUT NEWS. Abril 22, 2021.<\/a><\/p><p>&#8211;<a href=\"https:\/\/en.ultimasnoticias.com.ve\/news\/culture\/sylvia-constantinidis-released-the-piano-titans\/\">\u201cSylvia Constantinidis released The Piano Titans\u201d. ULTIMAS NOTICIAS 22 Abril 2021.<\/a><\/p><p>&#8211;<a href=\"https:\/\/issuu.com\/unoticiasve\/docs\/pdf_noticias_22-04-2021\">\u201cSylvia Constantinidis Lanzo Los Titanes del Piano\u201d \/ ISSUU ULTIMAS NOTICIAS\u00a0\u00a0 \/ UN 220421 \/ Published on Apr 22, 2021 \/ pp13.<\/a><\/p><p>&#8211;<a href=\"https:\/\/en.ultimasnoticias.com.ve\/noticias\/mis-imprescindibles\/cinco-libros-imprecindibles-sylvia-constantinidis-2\/\">\u201cMis Imprescindibles: Cinco Libros Imprecindibles: Sylvia Constantinidis\u201d. ULTIMAS NOTICIAS. Mayo 3, 2021.<\/a><\/p><p>&#8211;<a href=\"https:\/\/en.ultimasnoticias.com.ve\/news\/my-essentials\/five-essential-books-sylvia-constantinidis-2\/\">\u201cMy Essentials five essential books Sylvia Constantinidis\u201d.\u00a0 ULTIMAS NOTICIAS. Mayo 3, 2021.<\/a><\/p><p><a href=\"https:\/\/artout.news\/2021\/05\/04\/los-titanes-del-piano-ensenan-la-musica-de-mozart-y-beethoven-a-los-ninos\/\">&#8220;Los Titanes del Piano ense\u00f1an la m\u00fasica de Mozart y Beethoven a los ni\u00f1os&#8221;. ARTOUT NEWS. May, 4, 2021.<\/a><\/p><p>&#8211;<a href=\"https:\/\/seryhumano.com\/web\/los-titanes-del-piano-ensenan-la-musica-de-mozart-y-beethoven-a-los-ninos\/\">&#8220;Los Titanes del Piano ense\u00f1an la m\u00fasica de Mozart y Beethoven a los ni\u00f1os&#8221;. SER Y HUMANO. 22 Mayo 2021.\u00a0\u00a0<\/a><\/p><p><a href=\"https:\/\/correocultural.com\/2021\/06\/newartmusik-presenta-el-i-concurso-internacional-de-piano-nicolas-constantinidis\/\">-\u201cNEWARTMUSIK presenta el -I Concurso Internacional de piano Nicol\u00e1s Constantinidis-\u201d. CORREO CULTURAL. 23 junio, 2021.<\/a><\/p><p>&#8211;<a href=\"https:\/\/www.senderosdeapure.net\/2021\/06\/evento-newartmusik-presenta-el-i.html\">\u201cEVENTO: NEWARTMUSIK presenta el \u201cI Concurso Internacional de piano Nicol\u00e1s Constantinidis\u201d. SENDEROS DE APURE. Junio 2021.<\/a><\/p><p>&#8211;<a href=\"https:\/\/sitaramagazine.com.ve\/2021\/06\/23\/viene-el-i-concurso-internacional-de-piano-nicolas-constantinidis\/\">\u201cViene el -I Concurso Internacional de piano Nicol\u00e1s Constantinidis-\u201d.SITAR MAGAZINE. June 23, 2021.<\/a><\/p><p>&#8211;<a href=\"https:\/\/www.eluniversal.com\/entretenimiento\/100089\/newartmusik-presenta-el-i-concurso-internacional-de-piano-nicolas-constantinidis\">\u201cNEWARTMUSIK Presentan el -I Concurso Internacional de piano Nicol\u00e1s Constantinidis-\u201d. EL UNIVERSAL. 24 Junio 2021.<\/a><\/p><p>&#8211;<a href=\"https:\/\/diariolaregion.net\/2021\/06\/25\/newartmusik-presenta-el-i-concurso-internacional-de-piano-nicolas-constantinidis\/\">\u201cNEWARTMUSIK Presentan el -I Concurso Internacional de piano Nicol\u00e1s Constantinidis-\u201d. DIARIO LA REGION. 25 Junio 2021.<\/a><\/p><p>&#8211;<a href=\"https:\/\/issuu.com\/unoticiasve\/docs\/pdf_noticias_25-06-2021\">\u201cSe Viene el \u201cI Concurso Internacional de piano Nicol\u00e1s Constantinidis\u201d ISSUU \/ ULTIMAS NOTICIAS\u00a0 \/ UN 250621 \/ Published on Jun 25, 2021 \/ pp 12.<\/a><\/p><p>&#8211;<a href=\"https:\/\/telasacodigital.com\/2021\/06\/29\/presentan-el-i-concurso-internacional-de-piano-nicols-constantinidis\/\">\u201cPresentan el -I Concurso Internacional de piano Nicol\u00e1s Constantinidis-\u201d. TELASACO DIGITAL. 29 Junio 2021.<\/a><\/p><p>&#8211;<a href=\"https:\/\/tipsfemeninos.com\/tips-femeninos-newartmusik-presenta-el-i-concurso-internacional-de-piano-nicols-constantinidis\/\">\u201cNEWARTMUSIK Presenta el -I Concurso Internacional de piano Nicol\u00e1s Constantinidis-\u201d. TIPS FEMENINOS. Junio 2021.<\/a><\/p><p>&#8211;<a href=\"https:\/\/diariocaribazo.com\/entretenimiento\/una-margaritena-organiza-el-i-concurso-internacional-de-piano-nicolas-constantinidis\/\">\u201cUna margarite\u00f1a organiza \u00e9l \u201cI Concurso Internacional de Piano Nicol\u00e1s Constantinidis\u201d. DIARIO CARIBAZO. 25 Junio 2021.<\/a><\/p><p>&#8211;<a href=\"https:\/\/elsoldemargarita.com.ve\/posts\/post\/id:239171\">\u201cPresentan el -I Concurso Internacional de piano Nicol\u00e1s Constantinidis-\u201d. EL SOL DE MARGARITA. 28 Jun, 2021.<\/a><\/p><p>&#8211;<a href=\"https:\/\/www.zigmaz.com\/newartmusik-concurso-de-piano-nicolas-constantinidis\/\">\u201cNEWARTMUSIK presenta el primer Concurso Internacional de piano Nicol\u00e1s Constantinidis\u201d. ZigmaZ. \u00a0junio 28, 2021.<\/a><\/p><p>&#8211;<a href=\"https:\/\/www.elvenezolanohouston.com\/newartmusik-presenta-el-i-concurso-internacional-de-piano-nicolas-constantinidis\/\">NEWARTMUSIK presenta el \u201cI Concurso Internacional de piano Nicol\u00e1s Constantinidis\u201d. EL VENEZOLANO HOUSTON. 28\/6\/2021.<\/a><\/p><p>&#8211;<a href=\"https:\/\/artout.news\/2021\/06\/29\/newartmusik-presenta-el-i-concurso-internacional-de-piano-nicolas-constantinidis\/\">\u201cNEWARTMUSIK Presenta el -I Concurso Internacional de piano Nicol\u00e1s Constantinidis-\u201d.ARTOUT NEWS. June 29, 2021.<\/a><\/p><p>&#8211;<a href=\"https:\/\/valenciahoyblog.wordpress.com\/2021\/07\/04\/newartmusik-presenta-el-i-concurso-internacional-de-piano-nicolas-constantinidis\/\">Newartmusik presenta el \u201cI Concurso Internacional de Piano Nicol\u00e1s\u00a0Constantinidis\u201d. VALENCIA HOY BLOG. 4 Julio 2021.<\/a><\/p><p>&#8211;<a href=\"https:\/\/artout.news\/2021\/07\/23\/sylvia-constantinidis-una-directora-de-orquestas-versatil-e-innovadora\/\">\u201cSylvia Constantinidis una Directora de Orquestas Versatil e Innovadora\u201d. ARTOUT NEWS. Julio 23, 2021.<\/a><\/p><p>&#8211;<a href=\"https:\/\/diariocaribazo.com\/entretenimiento\/sylvia-constantinidis-una-directora-de-orquestas-versatil-e-innovadora\/ -\" data-wplink-url-error=\"true\">\u201cSylvia Constantinidis una Directora de Orquestas Versatil e Innovadora\u201d. DIARIO CARIBAZO. Julio 23, 2021.<\/a><\/p><p>&#8211;<a href=\"https:\/\/www.senderosdeapure.net\/2021\/07\/musica-sylvia-constantinidis-una.html\">\u201cMUSICA: Sylvia Constantinidis: una directora de orquestas vers\u00e1til e innovadora\u201d. SENDEROS DE APURE .Julio 2021.<\/a><\/p><p>&#8211;<a href=\"https:\/\/radio.otilca.org\/margaritena-sylvia-constantinidis-una-directora-de-orquestas-versatil-e-innovadora\/\">\u201cMargaritena Sylvia Constantinidis una Directora de Orquestas Versatil e Innovadora\u201d. RADIO OTILCA.25 Julio 2021.<\/a><\/p><p>&#8211;<a href=\"https:\/\/elvenezolanonews.com\/2021\/07\/28\/sylvia-constantinidis-una-directora-de-orquestas-versatil-e-innovadora\/\">\u201cSylvia Constantinidis una Directora de Orquestas Versatil e Innovadora\u201d. El VENEZOLANO NEWS. Julio 28, 2021.<\/a><\/p><p>&#8211;<a href=\"https:\/\/www.zigmaz.com\/sylvia-constantinidis-una-directora-de-orquestas-versatil-e-innovadora\/\">\u201cSylvia Constantinidis, una directora de orquestas vers\u00e1til e innovadora\u201d. ZigmaZ \u01c0 julio 28, 2021.<\/a><\/p><p>&#8211;<a href=\"https:\/\/www.analitica.com\/entretenimiento\/cultura\/sylvia-constantinidis-una-directora-de-orquestas-en-venezuela-que-triunfa-en-ee-uu-y-europa\/\">\u201cSylvia Constantinidis: Una directora de orquestas, que triunfa en EE.UU. y Europa\u201d. ANALITICA. 31 Julio 2021.<\/a><\/p><p>&#8211;<a href=\"https:\/\/issuu.com\/elvenezolanodehouston\/docs\/1\">\u201cSylvia Constantinidis: una directora de orquestas vers\u00e1til e innovadora\u201d. ISSUU \/ EL VENEZOLANO HOUSTON. EV Houston 285 |EV Internacional 29 \/ Published on Aug 7, 2021 \/ Pp 14.<\/a><\/p><p>&#8211;<a href=\"https:\/\/valenciahoyblog.wordpress.com\/tag\/sylviaconstantinidis-2\/\">\u201cVenezolana Sylvia Constantinidis: una directora de orquestas vers\u00e1til e\u00a0innovadora\u201d. VALENCIA HOY BLOG. 13 Agosto 2021.<\/a><\/p><p>&#8211;<a href=\"https:\/\/diariocaribazo.com\/entretenimiento\/el-sherborne-composers-ensamble-ofrecio-concierto-historico-para-la-musica-contemporanea\/\">\u201cEl Sherborne Composers Ensamble Ofrecio Concierto Historico para la Musica Contemporanea\u201d.\u00a0\u00a0 DIARIO CARIBAZO. 17 Septiembre 2021.<\/a><\/p><p>&#8211;<a href=\"https:\/\/diariolaregion.net\/2021\/09\/20\/el-sherborne-composers-ensamble-ofrecio-concierto-historico-para-la-musica-contemporanea\/\">\u201cEl Sherborne Composers Ensamble Ofrecio Concierto Historico para la Musica Contemporanea\u201d.\u00a0\u00a0 DIARIO LA REGION. 20 Septiembre 2021.<\/a><\/p><p>&#8211;<a href=\"https:\/\/www.senderosdeapure.net\/2021\/09\/musica-el-sherborne-composers-ensamble.html\">\u201cM\u00daSICA: El Sherborne Composers Ensamble ofreci\u00f3 concierto hist\u00f3rico para la m\u00fasica contempor\u00e1nea.\u201d SENDEROS DE APURE. Septiembre 2021.<\/a><\/p><p><strong>&#8211;<\/strong><a href=\"https:\/\/seryhumano.com\/web\/sherborne-composers-ensamble-ofrecio-concierto-historico-para-la-musica-contemporanea\/\">\u201cEl Sherborne Composers Ensamble Ofrecio Concierto Historico para la Musica Contemporanea\u201d. \u00a0SER Y HUMANO. 20 Septiembre 2021.<\/a><\/p><p>&#8211;<a href=\"https:\/\/diariocaribazo.com\/entretenimiento\/compositora-de-nueva-esparta-sorprende-al-mundo-con-estreno-de-pieza-de-canto-coral-llamada-ora\/\">Compositora de Nueva Esparta sorprende al mundo con estreno de pieza de canto coral llamada: \u201cOra\u201d. DIARIO CARIBAZO. 21 Septiembre 2021.<\/a><\/p><p>&#8211;<a href=\"https:\/\/artout.news\/2021\/09\/22\/el-sherborne-composers-ensamble-ofrecio-concierto-historico-para-la-musica-contemporanea\/\">\u201cEl Sherborne Composers Ensamble Ofrecio Concierto Historico para la Musica Contemporanea\u201d. ARTOUT NEWS. Septiembre 22, 2021<\/a><\/p><p>&#8211;<a href=\"https:\/\/correocultural.com\/2021\/09\/el-sherborne-composers-ensamble-ofrecio-concierto-historico-para-la-musica-contemporanea\/\">&#8220;El Sherborne Composers Ensamble ofreci\u00f3 concierto hist\u00f3rico para la m\u00fasica contempor\u00e1nea&#8221;. CORREO CULTURAL. 23 septiembre, 2021.<\/a><\/p><p>&#8211;<a href=\"https:\/\/elvenezolanonews.com\/2021\/09\/24\/el-sherborne-composers-ensamble-ofrecio-concierto-historico-para-la-musica-contemporanea\/\">\u201cEl Sherborne Composers Ensamble Ofrecio Concierto Historico para la Musica Contemporanea\u201d. El VENEZOLANO NEWS. Septiembre 24, 2021.<\/a><\/p><p>&#8211;<a href=\"https:\/\/www.elvenezolanohouston.com\/el-sherborne-composers-ensamble-ofrecio-concierto-historico-para-la-musica-contemporanea\/\">El Sherborne Composers Ensamble ofreci\u00f3 concierto hist\u00f3rico para la m\u00fasica contempor\u00e1nea\u201d. EL VENEZOLANO HOUSTON. 24 de septiembre, 2021.<\/a><\/p><p>&#8211;<a href=\"https:\/\/www.elnacional.com\/entretenimiento\/musica\/sylvia-constantinidis-estrena-obra-con-el-sherborne-composers-ensamble\/\">\u201cSylvia Constantinidis estrena obra con el Sherborne Composers Ensamble\u201d. EL NACIONAL. Septiembre 28, 2021.<\/a><\/p><p>&#8211;\u00a0<a href=\"https:\/\/radio.otilca.org\/margaritena-sylvia-constantinidis-estrena-obra-coral-que-sorprende-a-la-critica-mundial\/\">\u201cMargaritena Sylvia Constantinidis Estrena Obra Coral que Sorprende a la Critica Mundial\u201d. RADIO OTILCA. 28 Septiembre 2021.<\/a><\/p><p>&#8211;<a href=\"https:\/\/valenciainforma.over-blog.com\/2021\/09\/el-sherborne-composers-ensamble-ofrecio-concierto-historico-para-la-musica-contemporanea.html\">\u201cEl Sherborne Composers Ensamble Ofrecio Concierto Historico para la Musica Contemporanea\u201d. VALENCIA INFORMA. Septiembre 2021.<\/a><\/p><p>&#8211;<a href=\"https:\/\/artout.news\/2021\/09\/30\/el-sherborne-composers-ensamble-ofrecio-concierto-historico-para-la-musica-contemporanea-2\/\">\u201cEl Sherborne Composers Ensamble Ofrecio Concierto Historico para la Musica Contemporanea\u201d. ARTOUT NEWS. Septiembre 30, 2021.<\/a><\/p><p>&#8211;<a href=\"https:\/\/crestametalica.com\/sylvia-constantinidis-compositora-y-pianista-venezolana-estrena-obra-coral-que-sorprende-a-la-critica-mundial\/\">\u201cSylvia Constantinidis Compositora y Pianista Venezolana Estrena Obra Coral que Sorprende a la Critica Mundial\u201d. CRESTA METALICA. Septiembre 2021.<\/a><\/p><p>&#8211;<a href=\"https:\/\/www.analitica.com\/entretenimiento\/sylvia-constantinidis-pianista-venezolana-sorprende-a-la-critica-mundial-con-su-nueva-obra-coral-ora\/\">\u201cSylvia Constantinidis pianista venezolana sorprende a la cr\u00edtica mundial, con su obra de coral ORA\u201d. ANALITICA. 2 Octubre 2021.<\/a><\/p><p>&#8211;<a href=\"https:\/\/sitaramagazine.com.ve\/2021\/10\/11\/compositores-sinfonicos-y-artistas-plasticos-cuentan-con-nuevo-espacio-promocional-newartmusik-magazine\/\">&#8220;Compositores sinf\u00f3nicos y artistas pl\u00e1sticos cuentan con nuevo espacio promocional: \u201cNEWARTMUSIK Magazine\u201d.\u00a0 SITAR MAGAZINE. Octubre 11, 2021.<\/a><\/p><p>&#8211;<a href=\"https:\/\/diariolaregion.net\/2021\/10\/14\/compositores-sinfonicos-y-artistas-plasticos-cuentan-con-nuevo-espacio-promocional\/\">&#8220;Compositores Sinf\u00f3nicos y Artistas Pl\u00e1sticos Cuentan con Nuevo Espacio Promocional\u201d. DIARIO LA REGION. 14 Octubre 2021.\u00a0<\/a><\/p><p>&#8211;<a href=\"https:\/\/www.senderosdeapure.net\/2021\/10\/medios-compositores-sinfonicos-y.html\">\u201cMEDIOS: Compositores sinf\u00f3nicos y artistas pl\u00e1sticos cuentan con nuevo espacio promocional: \u201cNEWARTMUSIK Magazine\u201d SENDEROS DE APURE. Octubre 2021.<\/a><\/p><p>&#8211;<a href=\"https:\/\/elvenezolanonews.com\/2021\/10\/13\/compositores-sinfonicos-y-artistas-plasticos-cuentan-con-nuevo-espacio-promocional-newartmusik-magazine\/\">&#8220;Compositores sinf\u00f3nicos y artistas pl\u00e1sticos cuentan con nuevo espacio promocional: \u201cNEWARTMUSIK Magazine\u201d.\u00a0 El VENEZOLANO NEWS. Octubre 13, 2021.<\/a><\/p><p>&#8211;<a href=\"https:\/\/artout.news\/2021\/10\/14\/compositores-sinfonicos-y-artistas-plasticos-cuentan-con-nuevo-espacio-promocional-newartmusik-magazine\/\">&#8220;Compositores sinf\u00f3nicos y artistas pl\u00e1sticos cuentan con nuevo espacio promocional: \u201cNEWARTMUSIK Magazine\u201d. ARTOUT NEWS. 14 Octubre 2021.<\/a><\/p><p>&#8211;<a href=\"https:\/\/elsoldemargarita.com.ve\/posts\/post\/id:241049\">\u201cEditora de Nueva Esparta Promueve Espacio para Compositores Sinf\u00f3nicos y Artistas Pl\u00e1sticos\u201d. EL SOL DE MARGARITA. Octubre 15, 2021.<\/a><\/p><p><a href=\"https:\/\/correocultural.com\/2021\/10\/compositores-sinfonicos-y-artistas-plasticos-cuentan-con-nuevo-espacio-promocional-newartmusik-magazine\/\">-&#8220;Compositores sinf\u00f3nicos y artistas pl\u00e1sticos cuentan con nuevo espacio promocional: \u201cNEWARTMUSIK Magazine\u201d.\u00a0 CORREO CULTURAL. 15 octubre, 2021<\/a><\/p><p>&#8211;<a href=\"https:\/\/diariocaribazo.com\/entretenimiento\/editora-de-nueva-esparta-promueve-espacio-para-compositores-sinfonicos-y-artistas-plasticos\/\">\u201cEditora de Nueva Esparta Promueve Espacio para Compositores Sinf\u00f3nicos y Artistas Pl\u00e1sticos\u201d. DIARIO CARIBAZO. 15 Octubre 2021.<\/a><\/p><p>&#8211;<a href=\"https:\/\/www.analitica.com\/emprendimiento\/noti-tips\/newartmusik-magazine-una-revista-hecha-para-compositores-sinfonicos-y-artistas-plasticos\/\">\u201cNewartmusik Magazine una revista hecha para compositores sinf\u00f3nicos y artistas pl\u00e1sticos\u201d. ANALITICA. 18 Octubre 2021.<\/a><\/p><p>&#8211;<a href=\"https:\/\/crestametalica.com\/compositores-sinfonicos-y-artistas-plasticos-cuentan-con-nuevo-espacio-promocional-newartmusik-magazine\/\">\u201cCompositores sinf\u00f3nicos y artistas pl\u00e1sticos cuentan con nuevo espacio promocional\u201c. CRESTA METALICA. Octubre 2021.<\/a><\/p><p>&#8211;<a href=\"https:\/\/artout.news\/2021\/10\/19\/obra-inspirada-en-el-covid19-abrira-el-festival-latinoamericano-de-musica\/\">\u201cObra Inspirada en el Covid19 Abrira el Festival Latinoamericano de Musica\u201d. ARTOUT NEWS. Octubre 19, 2021.<\/a><\/p><p>&#8211;<a href=\"https:\/\/www.eluniversal.com\/entretenimiento\/110108\/obra-inspirada-en-el-covid19-abrira-el-festival-latinoamericano-de-musica\">\u201cObra Inspirada en el Covid19 Abrira el Festival Latinoamericano de Musica\u201d.\u00a0 EL UNIVERSAL. 20 Octubre 2021.<\/a><\/p><p>&#8211;<a href=\"https:\/\/www.diarioeltigrense.com\/2021\/10\/20\/obra-inspirada-en-el-covid-19-abrira-el-festival-latinoamericano-de-musica\/\">\u201cObra Inspirada en el Covid19 Abrira el Festival Latinoamericano de Musica\u201d. DIARIO EL TIGRENSE\u201d. 20 Octubre 2021.<\/a><\/p><p>&#8211;<a href=\"https:\/\/www.analitica.com\/entretenimiento\/obra-inspirada-en-el-covid19-abrira-el-festival-latinoamericano-de-musica\/\">\u201cObra Inspirada en el Covid19 Abrira el Festival Latinoamericano de Musica\u201d. ANALITICA. 20 Octubre 2021.<\/a><\/p><p>&#8211;<a href=\"https:\/\/www.elvenezolanohouston.com\/obra-inspirada-en-el-covid19-abrira-el-festival-latinoamericano-de-musica\/.\">Obra inspirada en el Covid19 abrir\u00e1 el Festival Latinoamericano de M\u00fasica\u201d. EL VENEZOLANO HOUSTON. 21\/10\/2021.<\/a><\/p><p>&#8211;<a href=\"https:\/\/www.elnacional.com\/entretenimiento\/el-festival-latinoamericano-de-musica-presentara-una-obra-inspirada-en-el-covid-19\/\">&#8220;El Festival Latinoamericano de M\u00fasica presentar\u00e1 una obra inspirada en el covid-19&#8221;. EL NACIONAL. 22 octubre. 2021.<\/a><\/p><p>&#8211;<a href=\"https:\/\/diariocaribazo.com\/entretenimiento\/xxi-edicion-del-festival-latyinoamericano-de-musica-inicia-bajo-el-lema-ante-la-incertidumbre-la-musica-responde-con-esperanza-y-vida\/\">\u201c XXI Edici\u00f3n del Festival Latyinoamericano de M\u00fasica inicia bajo el lema \u201cante la incertidumbre la m\u00fasica responde con esperanza y vida\u201d. DIARIO CARIBAZO. Octubre 22, 2021.<\/a><\/p><p>&#8211;<a href=\"https:\/\/artout.news\/2021\/10\/23\/ya-inicia-la-xxi-edicion-del-festival-latinoamericano-de-musica\/\">\u201cYa Inicia la xxi Edicion del Festival Latinoamericano de Musica\u201d ARTOUT NEWS. Octubre 23, 2021.<\/a><\/p><p>&#8211;<a href=\"https:\/\/www.analitica.com\/entretenimiento\/continua-el-xxi-festival-latinoamericano-de-musica\/\">\u201cContin\u00faa el XXI Festival Latinoamericano de M\u00fasica\u201d. ANALITICA. 26 octubre, 2021.<\/a><\/p><p>&#8211;<a href=\"https:\/\/correocultural.com\/2021\/10\/musica-de-camara-video-arte-y-conciertos-virtuales\/\">&#8220;M\u00fasica de c\u00e1mara, video arte y conciertos virtuales&#8221;. CORREO CULTURAL. 27 octubre, 2021.<\/a><\/p><p>&#8211;<a href=\"https:\/\/artout.news\/2021\/10\/27\/musica-de-camara-video-arte-y-conciertos-virtuales-en-el-festival-latinoamericano\/\">\u201cMusica\u00a0 de Camara Video Arte y Conciertos Virtuales en el Festival Latinoamericano\u201d. ARTOUT NEWS. Octubre 27, 2021.<\/a><\/p><p>&#8211;<a href=\"https:\/\/diariocaribazo.com\/entretenimiento\/musica-de-camara-video-arte-y-conciertos-virtuales-en-el-xxi-festival-latinoamericano-de-musica\/\">\u201cM\u00fasica de c\u00e1mara video arte y conciertos virtuales en el XXI Festival Latinoamericano de M\u00fasica\u201d. DIARIO CARIBAZO. 27 Octubre 2021.<\/a><\/p><p>&#8211;<a href=\"https:\/\/correocultural.com\/2021\/11\/el-festival-latinoamericano-de-musica-estrena-sus-conciertos-online\/\">&#8220;El Festival Latinoamericano de M\u00fasica estrena sus conciertos online&#8221;. CORREO CULTURAL. 9 noviembre, 2021.<\/a><\/p><p>&#8211;<a href=\"https:\/\/diariocaribazo.com\/entretenimiento\/el-festival-latinoamericano-de-musica-estrena-sus-conciertos-online\/\">&#8220;El Festival Latinoamericano de M\u00fasica estrena sus conciertos online\u201d. DIARIO CARIBAZO. 10 Noviembre 2021.<\/a><\/p><p>&#8211;<a href=\"https:\/\/correocultural.com\/2021\/11\/el-festival-latinoamericano-de-musica-estrena-sus-conciertos-online-2\/\">&#8220;El Festival Latinoamericano de M\u00fasica estrena sus conciertos online. CORREO CULTURAL. 11 noviembre, 2021.<\/a><\/p><p>&#8211;<a href=\"https:\/\/radio.otilca.org\/festival-latinoamericano-de-musica-estrena-sus-conciertos-online\/\">&#8220;El Festival Latinoamericano de M\u00fasica estrena sus conciertos online. RADIO OTILCA. 11 Noviembre, 2021.<\/a><\/p><p>&#8211;<a href=\"https:\/\/valenciainforma.over-blog.com\/2021\/11\/festival-latinoamericano-de-musica-estrena-sus-conciertos-online-este-jueves-11-de-noviembre.html\">\u201cEl Festival Latinoamericano de M\u00fasica estrena sus conciertos online\u201d. VALENCIA INFORMA. Noviembre 2021.<\/a><\/p><p>&#8211;<a href=\"https:\/\/www.analitica.com\/entretenimiento\/el-festival-latinoamericano-de-musica-estrena-sus-conciertos-online\/\">\u201cEl Festival Latinoamericano de M\u00fasica estrena sus conciertos online\u201d. 11 ANALITICA Noviembre 2021.<\/a><\/p><p>&#8211;<a href=\"https:\/\/sitaramagazine.com.ve\/2021\/11\/24\/cancion-de-navidad-es-el-nuevo-sencillo-de-la-pianista-y-compositora-sylvia-constantinidis\/\">\u201cCanci\u00f3n de Navidad es el nuevo sencillo de la pianista y compositora Sylvia Constantinidis\u201d. SITAR MAGAZINE. Noviembre 24, 2021.<\/a><\/p><p>&#8211;<a href=\"https:\/\/diariocaribazo.com\/entretenimiento\/pianista-margaritena-sylvia-constantinidis-estrena-cancion-de-navidad\/\">\u201cPianista margarite\u00f1a Sylvia Constantinidis estrena Canci\u00f3n de Navida\u201d. DIARIO CARIBAZO. Noviembre 24, 2021.<\/a><\/p><p><a href=\"https:\/\/radio.otilca.org\/pianista-margaritena-sylvia-constantinidis-estrena-cancion-de-navidad\/\">-\u201cPianista Margaritena Sylvia Constantinidis Estrena Cancion de Navidad\u201d\u00a0 RADIO OTILCA. 25 Noviembre, 2021<\/a><\/p><p>&#8211;<a href=\"https:\/\/correocultural.com\/2021\/11\/cancion-de-navidad-es-el-nuevo-sencillo-de-la-pianista-y-compositora-sylvia-constantinidis\/\">&#8220;Canci\u00f3n de Navidad es el nuevo sencillo de la pianista y compositora Sylvia Constantinidis&#8221;. CORREO CULTURAL. 24 noviembre, 2021.<\/a><\/p><p>&#8211;<a href=\"https:\/\/issuu.com\/unoticiasve\/docs\/pdf_noticias_24-11-2021\">\u201cSylvia Constantinidis Estrena \u201cCanci\u00f3n de navidad\u201d ISSUU \/ ULTIMAS NOTICIAS \/ UN 241121 \/ Published on Nov 24, 2021 \/ pp14.<\/a><\/p><p>&#8211;<a href=\"https:\/\/www.senderosdeapure.net\/2021\/11\/musica-para-darle-la-bienvenida-las.html\">\u201cM\u00daSICA: Para darle la bienvenida a las fiestas navide\u00f1as Sylvia Constantinidis estrena el single \u201cCanci\u00f3n de Navidad\u201d. SENDEROS DE APURE. Noviembre 2021.<\/a><\/p><p>&#8211;<a href=\"https:\/\/elsoldemargarita.com.ve\/posts\/post\/id:241720\">\u201cPianista Margarite\u00f1a Estrena Canci\u00f3n de Navidad\u201d. EL SOL DE MARGARITA. 24 Nov, 2021.<\/a><\/p><p>&#8211;<a href=\"https:\/\/artout.news\/2021\/11\/25\/para-darle-la-bienvenida-a-las-fiestas-navidenas-sylvia-constantinidis-estrena-el-single-cancion-de-navidad\/\">Para Darle la Bienvenida a las Fiestas Navidenas Sylvia Constantinidis Estrena el Single Cancion de Navidad\u201d.\u00a0 ARTOUT NEWS. Noviembre 25, 2021.<\/a><\/p><p>&#8211;<a href=\"https:\/\/correocultural.com\/2021\/12\/newartmusik-cierra-un-2021-triunfal-e-inicia-el-2022-con-importante-concierto\/\">&#8220;NEWARTMUSIK cierra un 2021 triunfal e inicia el 2022 con importante concierto&#8221;. CORREO CULTURAL. 30 diciembre, 2021.<\/a><\/p><p>&#8211;<a href=\"https:\/\/valenciainforma.over-blog.com\/2021\/12\/cancion-de-navidad-es-el-nuevo-sencillo-de-la-pianista-y-compositora-sylvia-constantinidis.html\">\u201cCancion de Navidad es el Nuevo Sencillo de la Pianista y Compositora Sylvia Constantinidis\u201d. VALENCIA INFORMA. Diciembre, 2021.<\/a><\/p><p>&#8211;<a href=\"https:\/\/crestametalica.com\/el-nacimiento-del-nino-jesus-es-narrado-a-traves-de-una-cancion-de-navidad-de-piano-y-violonchelo\/\">\u201cEl Nacimiento del Nino Jesus Es Narrado a Traves de Una Cancion de Navidad de Piano y Violonchelo\u201d. CRESTA METALICA. Diciembre 13, 2021.<\/a><\/p><p>&#8211;<a href=\"https:\/\/www.eluniversal.com\/entretenimiento\/114423\/el-nacimiento-del-nino-jesus-es-narrado-con-piano-y-violonchelo\">\u201cEl Nacimiento del Nino Jesus Es Narrado a Traves de Una Cancion de Navidad de Piano y Violonchelo\u201d. EL UNIVERSAL. Diciembre 14, 2021.\u00a0<\/a><\/p><p>&#8211;<a href=\"https:\/\/www.elvenezolanohouston.com\/el-nacimiento-del-nino-jesus-es-narrado-a-traves-de-una-cancion-de-navidad-de-piano-y-violonchelo\/\">\u201cEl Nacimiento del Ni\u00f1o Jes\u00fas es narrado a trav\u00e9s de una \u201cCanci\u00f3n de navidad\u201d de piano y violonchelo\u201d. EL VENEZOLANO HOUSTON. 16\/12\/2021.<\/a><\/p><p>&#8211;<a href=\"https:\/\/radio.otilca.org\/el-nacimiento-del-nino-jesus-es-narrado-con-piano-y-violonchelo\/\">\u201cEl Nacimiento del Ni\u00f1o Jes\u00fas es narrado a trav\u00e9s de una \u201cCanci\u00f3n de navidad\u201d de piano y violonchelo.\u201d RADIO OTILCA. 17 Diciembre 2021.<\/a><\/p><p>&#8211;<a href=\"https:\/\/valenciainforma.over-blog.com\/2021\/12\/la-pianista-y-compositora-venezolana-sylvia-constantinidis-cerro-un-2021-lleno-de-exitos.html\">\u201cLa Pianista y Compositora Venezolana Sylvia Constantinidis Cerro un 2021 Lleno de Exitos\u201d. VALENCIA INFORMA. Diciembre 2021.<\/a><\/p><p>&#8211;<a href=\"https:\/\/elvenezolanonews.com\/2021\/12\/27\/la-pianista-venezolana-sylvia-constantinidis-cerro-un-2021-lleno-de-exitos\/\">\u201cLa Pianista Venezolana Sylvia Constantinidis Cerro un 2021 Lleno de Exitos\u201d. El VENEZOLANO NEWS. Diciembre 27, 2021.<\/a><\/p><p>&#8211;<a href=\"https:\/\/www.senderosdeapure.net\/2021\/12\/musica-la-pianista-sylvia.html\">\u201c M\u00daSICA: La pianista Sylvia Constantinidis cerr\u00f3 un exitoso 2021 con un concierto digital.\u201d. SENDEROS DE APURE. Diciembre 2021.<\/a><\/p><p>&#8211;<a href=\"https:\/\/elsoldemargarita.com.ve\/movil\/post\/id:242266\"><span style=\"font-family: 'Times New Roman','serif'; color: windowtext;\">\u201cPianista Neoespartana Sylvia Constantinidis Cerr\u00f3 un 2021 Lleno de Exitos\u201d. EL SOL DE MARGARITA. Diciembre 27, 2021.<\/span><\/a><\/p><p>&#8211;<a href=\"https:\/\/sitaramagazine.com.ve\/2021\/12\/27\/la-pianista-venezolana-sylvia-constantinidis-cerro-un-2021-lleno-de-exitos\/\">\u201cLa Pianista Venezolana Sylvia Constantinidis Cerro un 2021 Lleno de Exitos\u201d. SITAR MAGAZINE. Diciembre 27, 2021.<\/a><\/p><p>&#8211;<a href=\"https:\/\/www.analitica.com\/emprendimiento\/noti-tips\/sylvia-constantinidis-cierra-un-exitoso-2021-con-un-concierto-digital\/\">\u201cSylvia Constantinidis cierra un exitoso 2021 con un concierto digital\u201d. ANALITICA. Diciembre 23, 2021.<\/a><\/p><p>&#8211;<a href=\"https:\/\/diariolaregion.net\/2021\/12\/27\/la-pianista-sylvia-constantinidis-cierra-un-exitoso-2021-con-un-concierto-digital\/\">\u201cLa Pianista Sylvia Constantinidis cierra un exitoso 2021 con un concierto digital\u201d. DIARIO LA REGION. 27 Diciembre 2021.<\/a><\/p><p>&#8211;<a href=\"https:\/\/elvenezolanonews.com\/2021\/12\/27\/la-pianista-venezolana-sylvia-constantinidis-cerro-un-2021-lleno-de-exitos\/\">\u201cLa Pianista Sylvia Constantinidis cierra un exitoso 2021 con un concierto digital\u201d. EL VENEZOLANO NEWS. 27 Diciembre 2021.<\/a><\/p><p>&#8211;<a href=\"https:\/\/www.zigmaz.com\/la-pianista-venezolana-sylvia-constantinidis-cerro-un-2021-lleno-de-exitos\/\">\u201cLa pianista venezolana Sylvia Constantinidis cerr\u00f3 un 2021 lleno de \u00e9xitos\u201d. ZigmaZ. \u00a0diciembre 28, 2021.<\/a><\/p><p>&#8211;<a href=\"https:\/\/correocultural.com\/2021\/12\/newartmusik-cierra-un-2021-triunfal-e-inicia-el-2022-con-importante-concierto\/\">&#8220;NEWARTMUSIK cierra un 2021 triunfal e inicia el 2022 con importante concierto&#8221;. CORREO CULTURAL. 30 diciembre, 2021.\u00a0<\/a><\/p><\/div>\n\t\t\t\t<\/div>\n\t\t\t\t\t\t\t<div class=\"elementor-toggle-item\">\n\t\t\t\t\t<div id=\"elementor-tab-title-6195\" class=\"elementor-tab-title\" data-tab=\"5\" role=\"button\" aria-controls=\"elementor-tab-content-6195\" aria-expanded=\"false\">\n\t\t\t\t\t\t\t\t\t\t\t\t<span class=\"elementor-toggle-icon elementor-toggle-icon-left\" aria-hidden=\"true\">\n\t\t\t\t\t\t\t\t\t\t\t\t\t\t\t<span class=\"elementor-toggle-icon-closed\"><i class=\"fas fa-caret-right\"><\/i><\/span>\n\t\t\t\t\t\t\t\t<span class=\"elementor-toggle-icon-opened\"><i class=\"elementor-toggle-icon-opened fas fa-caret-up\"><\/i><\/span>\n\t\t\t\t\t\t\t\t\t\t\t\t\t<\/span>\n\t\t\t\t\t\t\t\t\t\t\t\t<a class=\"elementor-toggle-title\" tabindex=\"0\">-2020<\/a>\n\t\t\t\t\t<\/div>\n\n\t\t\t\t\t<div id=\"elementor-tab-content-6195\" class=\"elementor-tab-content elementor-clearfix\" data-tab=\"5\" role=\"region\" aria-labelledby=\"elementor-tab-title-6195\"><p>&#8211;<a href=\"https:\/\/correocultural.com\/2020\/01\/sylvia-constantinis-cierra-una-decada-de-logros-historicos-para-venezuela\/\">&#8220;Sylvia Constantinis cierra una d\u00e9cada de logros hist\u00f3ricos para Venezuela&#8221;. CORREO CULTURAL. 5 enero, 2020.\u00a0<\/a><\/p><p>&#8211;<a href=\"https:\/\/correocultural.com\/2020\/01\/sylvia-constantinis-cierra-una-decada-de-logros-historicos-para-venezuela\/\">\u201cSylvia Constantinis cierra una d\u00e9cada de logros hist\u00f3ricos para Venezuela\u201d. Correo Cultural. 5 Enero 2020.<\/a><\/p><p>&#8211;<a href=\"https:\/\/crestametalica.com\/sylvia-constantinidis-cierra-una-decada-de-logros-historicos-para-venezuela\/\">&#8220;Sylvia Constantinis cierra una d\u00e9cada de logros hist\u00f3ricos para Venezuela&#8221;. CRESTA METALICA. Enero 2020.<\/a><\/p><p>&#8211;<a href=\"http:\/\/www.correodelorinoco.gob.ve\/sylvia-constantinis-es-una-margaritena-que-marca-pauta-en-la-musica\/\">\u201cSylvia Constantinidis es una Margaritena que Marca Pauta en la Musica\u201d.\u00a0 CORREO DEL ORINOCO. 11 enero, 2020.<\/a><\/p><p>&#8211;<a href=\"http:\/\/www.correodelorinoco.gob.ve\/sylvia-constantinidis-incursiona-con-exito-en-la-escritura-de-textos-para-la-ensenanza-musical\/\">Sylvia Constantinidis Incursiona con Exito en la Escritura de Textos para la Ensenanza Musical\u201d. CORREO DEL ORINOCO. 11 marzo, 2020.<\/a><\/p><p>&#8211;<a href=\"https:\/\/crestametalica.com\/sylvia-constantinidis-hace-historia-en-la-literatura-de-ensenanza-musical\/\">\u201cSylvia Constantinidis Hace Historia en la literatura de Ensenanza Musical\u201d. CRESTA METALICA. Marzo, 2020.<\/a><\/p><p>&#8211;<a href=\"https:\/\/www.pinterest.es\/pin\/470274386092629791\/\">\u201cSylvia Constantinidis Hace Historia en la literatura de Ensenanza Musical\u201d. PINTEREST \/ CRESTA METALICA. Marzo, 2020.<\/a><\/p><p>&#8211;<a href=\"https:\/\/www.venezuelasinfonica.com\/mariana-ortiz-los-cantantes-venezolanos-siempre-han-sido-admirados-en-europa-y-en-el-resto-del-mundo\/\">\u201cMariana Ortiz: \u201cLos cantantes venezolanos siempre han sido admirados en Europa y en el resto del mundo\u201d. VENEZUELA SINFONICA. 12 Enero 2020.<\/a><\/p><p>&#8211;<a href=\"https:\/\/en.ultimasnoticias.com.ve\/news\/chevere\/the-pianist-margaritena-sylvia-constantinidis-lived-a-dream-decade\/\">\u201cThe Margarite pianist Sylvia Constantinidis lived a dreamy decade\u201d. ULTIMAS NOTICIAS.13 January 2020.<\/a><\/p><p><a href=\"https:\/\/elsoldemargarita.com.ve\/posts\/post\/id:227744\">-\u201cSinf\u00f3nica Juvenil de Nueva Esparta Estrena Concierto Dedicado al Maestro Abreu\u201d. EL SOL DE MARGARITA. 12 Mar, 2020.<\/a><\/p><p>&#8211;<a href=\"https:\/\/www.venezuelasinfonica.com\/sinfonica-juvenil-de-nueva-esparta-estrena-mundialmente-la-alhambra-concierto-para-trompeta-dedicado-al-maestro-abre\/\">\u201cSinf\u00f3nica Juvenil de Nueva Esparta estrena mundialmente \u201cLa Alhambra\u201d: concierto para trompeta dedicado al maestro Abreu\u201d. VENEZUELA SINFONICA. 12 Marzo 2020.<\/a><\/p><p>&#8211;<a href=\"http:\/\/www.correodelorinoco.gob.ve\/petroglifos-venezolanos-inspiran-obra-que-combina-musica-y-plastica\/\">\u201cPetroglifos Venezolanos Inspiran Obra que Combina Musica y Plastica\u201d. CORREO DEL ORINOCO. 7 mayo, 2020.<\/a><\/p><p>&#8211;<a href=\"https:\/\/elsumario.com\/venezolana-sylvia-constantinidis-planifica-su-exposicion-de-obras-audiovisuales-picto\/\"><strong>\u201cVenezolana Sylvia Constantinidis planifica su exposici\u00f3n de obras audiovisuales \u201cPicto\u201d. EL SUMARION. 8 mayo, 2020.<\/strong><\/a><\/p><p>&#8211;<a href=\"https:\/\/artout.news\/2020\/05\/15\/inspirada-en-petroglifos-venezolanos-sylvia-constantinidis-combina-musica-con-artes-visuales\/\">\u201cInspirada en Petroglifos Venezolanos Sylvia Constantinidis Combina Musica con Artes Visuales\u201d. ARTOUT NEWS. Mayo 15, 2020.<\/a><\/p><p>&#8211;<a href=\"https:\/\/www.venezuelasinfonica.com\/venezolanos-protagonizan-la-exposicion-art-memorial-covid-19-creacion-en-tiempos-de-pandemia\/\"><strong>\u201cVenezolanos protagonizan la exposici\u00f3n \u201cArt Memorial Covid 19 \/ creaci\u00f3n en tiempos de pandemia\u201d. VENEZUELA SINFONICA. 12 Junio 2020.<\/strong><\/a><\/p><p>&#8211;<a href=\"https:\/\/correocultural.com\/2020\/06\/venezolanos-protagonizan-la-exposicion-art-memorial-covid-19-creacion-en-tiempos-de-pandemia\/\">\u201cVenezolanos protagonizan la exposici\u00f3n -Art Memorial Covid 19 \/ creaci\u00f3n en tiempos de pandemia-\u201d. CORREO CULTURAL. 13 junio, 2020.<\/a><\/p><p>&#8211;<a href=\"https:\/\/crestametalica.com\/dos-venezolanos-impulsan-la-exposicion-art-memorial-covid-19-creacion-en-tiempos-de-pandemia\/\">\u201cDos Venezolanos Impulsan la Exposicion Art Memorial Covid 19 Creacion en Tiempos de Pandemia\u201d. CRESTA METALICA. June 2020.<\/a><\/p><p>&#8211;<a href=\"https:\/\/artout.news\/2020\/06\/17\/dos-venezolanos-impulsan-la-exposicion-art-memorial-covid-19-creacion-en-tiempos-de-pandemia\/\">\u201cDos Venezolanos Impulsan la Exposicion Art Memorial Covid 19 Creacion en Tiempos de Pandemia\u201d .ARTOUT NEWS. June 17, 2020.<\/a><\/p><p>&#8211;<a href=\"https:\/\/elsoldemargarita.com.ve\/posts\/post\/id:230467\">\u201cUna Margarite\u00f1a Ayuda a Impulsar Exposici\u00f3n que Une Artes Pl\u00e1sticas con la M\u00fasica\u201d. EL SOL DE MARGARITA. 23 Junio, 2020.<\/a><\/p><p>&#8211;<a href=\"https:\/\/issuu.com\/elvenezolanodehouston\/docs\/edition_ev_internacional_edic_01\">\u201cVenezolanos protagonizan la exposici\u00f3n -Art Memorial Covid 19 \/ creaci\u00f3n en tiempos de pandemia-\u201d.\u00a0 EV INTERNACIONAL #01 \/ Published on Jun 26, 2020 \/ ISSUU \/ EL VENEZOLANO \/ EV INTERNACIONAL, edici\u00f3n 01 EV Houston, edici\u00f3n 257, a\u00f1o 10 \/ pp. 22.\u00a0<\/a><\/p><p>&#8211;<a href=\"https:\/\/issuu.com\/venpanweb\/docs\/edition_ev_internacional_edic_01\"><span style=\"font-family: 'Times New Roman','serif';\">\u201cVenezolanos protagonizan la exposici\u00f3n -Art Memorial Covid 19 \/ creaci\u00f3n en tiempos de pandemia-\u201d. ISSUU \/ EL VENEZOLANO HOUSTON. Edici\u00f3n 421 \/ Published on Jun 27, 2020 \/ pp 22.<\/span><\/a><\/p><p>&#8211;<a href=\"https:\/\/correocultural.com\/2020\/07\/los-7-secretos-del-piano-son-descifrados-por-sylvia-constantinidis\/\">&#8220;Los 7 Secretos del Piano son descifrados por Sylvia Constantinidis&#8221;. CORREO CULTURAL. 29 julio, 2020.<\/a><\/p><p>&#8211;<a href=\"https:\/\/crestametalica.com\/los-7-secretos-de-la-ejecucion-pianistica-son-descifrados-por-sylvia-constantinidis\/\">&#8220;Los 7 Secretos del Piano son descifrados por Sylvia Constantinidis\u201d. CRESTA METALICA. julio, 2020.<\/a><\/p><p>&#8211;<a href=\"http:\/\/www.el-nacional.com\/noticias\/entretenimiento\/sylvia-constantinidis-los-siete-secretos-del-piano_237450\">&#8220;Los 7 Secretos del Piano son descifrados por Sylvia Constantinidis&#8221;. El Nacional. julio, 2020.<\/a><\/p><p>&#8211;<a href=\"https:\/\/sitaramagazine.com.ve\/2020\/07\/29\/los-7-secretos-de-la-ejecucion-pianistica-son-descifrados-por-sylvia-constantinidis\/\">\u201cLos 7 Secretos de la Ejecucion Pianistica son Descifrados por Sylvia Constantinidis\u201d. SITAR MAGAZINE. Julio 29, 2020.<\/a><\/p><p>&#8211;<a href=\"https:\/\/noti-america.com\/site\/venezuela\/2020\/07\/29\/los-7-secretos-de-la-ejecucion-pianistica-son-descifrados-por-sylvia-constantinidis\/\">\u201cLos 7 Secretos de la Ejecucion Pianistica son Descifrados por Sylvia Constantinidis\u201d. NOTI AMERICA. Julio 29, 2020.<\/a><\/p><p>&#8211;<a href=\"https:\/\/elsoldemargarita.com.ve\/posts\/post\/id:231588\">\u201cSylvia Constantinidis Presenta Los 7 Secretos de la Ejecuci\u00f3n Pian\u00edstica\u201d. EL SOL DE MARGARITA. 29 Julio, 2020.<\/a><\/p><p>&#8211;<a href=\"https:\/\/artout.news\/2020\/07\/30\/los-7-secretos-de-la-ejecucion-pianistica-son-descifrados-por-sylvia-constantinidis\/\">\u201cLos 7 Secretos de la Ejecucion Pianistica son Descifrados por Sylvia Constantinidis\u201d. ARTOUT NEWS. Julio 30, 2020.<\/a><\/p><p>&#8211;<a href=\"https:\/\/www.venezuelasinfonica.com\/los-7-secretos-de-la-ejecucion-pianistica-son-descifrados-por-sylvia-constantinidis\/\">&#8220;Los 7 Secretos del Piano son descifrados por Sylvia Constantinidis&#8221;. VENEZUELA SINFONICA. 30 julio, 2020.<\/a><\/p><p>&#8211;<a href=\"https:\/\/crestametalica.com\/los-7-secretos-de-la-ejecucion-pianistica-son-descifrados-por-sylvia-constantinidis\/\">\u201cLos 7 Secretos de la Ejecucion Pianistica Son Descifrados por Sylvia Constantinidis\u201d. CRESTA METALICA. 30 Julio, 2020.<\/a><\/p><p>&#8211;<a href=\"https:\/\/www.pinterest.es\/pin\/pin-en-noticias-cresta-cresta-cultural--470274386094600454\/\">\u201cLos 7 Secretos de la Ejecucion Pianistica Son Descifrados por Sylvia Constantinidis\u201d. PINTEREST \/ CRESTA METALICA. Julio, 2020.<\/a><\/p><p>&#8211;<a href=\"https:\/\/radio.otilca.org\/sylvia-constantinidis-presenta-el-libro-los-7-secretos-de-la-ejecucion-pianistica\/\">\u201cConstantinidis Presenta Los 7 Secretos de la Ejecuci\u00f3n Pian\u00edstica\u201d. RADIO OTILCA.<\/a><\/p><p>&#8211;<a href=\"https:\/\/ultimasnoticias.com.ve\/noticias\/chevere\/sylvia-constantinidis-y-sus-secretos-con-el-piano\/\">\u201cSylvia Constantinidis y Sus Secretos con El Piano\u201d. ULTIMAS NOTICIAS. 1 Agosto 2020.<\/a><\/p><p>&#8211;<a href=\"https:\/\/www.vidayarte.com\/artes\/los-7-secretos-de-la-ejecucion-pianistica-son-descifrados-por-sylvia-constantinidis\">\u201cLos 7 Secretos de la Ejecucion Pianistica Son Descifrados por Sylvia Constantinidis\u201d. VIDA Y ARTE. 1 Agosto 2020.<\/a><\/p><p>&#8211;<a href=\"https:\/\/www.venezuelasinfonica.com\/la-nueva-musica-de-camara-se-da-cita-en-el-new-music-concert-on-the-time-of-covid\/\">\u201cLa nueva m\u00fasica de c\u00e1mara se da cita en el New Music Concert on the Time of Covid\u201d. VENEZUELA SINFONICA. 8 Agosto 2020.<\/a><\/p><p>&#8211;<a href=\"https:\/\/www.francia.org.ve\/sylvia-constantinidis-et-ses-secrets-avec-le-piano\/\"><strong>\u201cSylvia Constantinidis et ses secrets avec le piano\u201d. FRANCIA. 10 ao\u00fbt 2020.<\/strong><\/a><\/p><p>&#8211;<a href=\"https:\/\/en.ultimasnoticias.com.ve\/news\/chevere\/sylvia-constantinidis-and-her-secrets-with-the-piano\/\">\u201cSylvia Constantinidis and her secrets with the piano\u201d. ULTIMAS NOTICIAS. August 10 2020.<\/a><\/p><p>&#8211;<a href=\"https:\/\/crestametalica.com\/nace-el-espacio-musical-reflexiones-en-tiempos-de-coronavirus\/\">\u201cNace El Espacio Musical Reflexiones En Tiempos De Coronavirus. CRESTA METALICA. Agosto 2020.<\/a><\/p><p>&#8211;<a href=\"https:\/\/www.pinterest.es\/pin\/470274386094869763\/\">\u201cNace El Espacio Musical Reflexiones En Tiempos De Coronavirus. PINTEREST \/ CRESTA METALICA. Agosto 2020.<\/a><\/p><p>&#8211;<a href=\"https:\/\/sitaramagazine.com.ve\/2020\/08\/10\/la-musica-contemporanea-se-reencuentra-en-el-new-music-concert-on-the-time-of-covid19\/\">\u201cLa Musica Contemporanea se Reencuentra en el New Music Concert on the Time of Covid19\u201d. SITAR MAGAZINE. Agosto 10, 2020.<\/a><\/p><p>&#8211;<a href=\"https:\/\/artout.news\/2020\/08\/11\/destaca-musica-contemporanea-en-el-new-music-concert-on-the-time-of-covid19\/\">\u201cDestaca Musica Contemporanea en el New Music Concert on the Time of Covid19\u201d. ARTOUT NEWS. Agosto 11. 2020.<\/a><\/p><p>&#8211;<a href=\"https:\/\/correocultural.com\/2020\/08\/la-musica-contemporanea-se-reencuentra-en-el-new-music-concert-on-the-time-of-covid\/\">&#8220;La m\u00fasica contempor\u00e1nea se reencuentra en el New Music Concert on the Time of Covid&#8221;. CORREO CULTURAL. 11 agosto, 2020.<\/a><\/p><p>&#8211;<a href=\"http:\/\/www.correodelorinoco.gob.ve\/sylvia-constantinidis-descifra-los-7-secretos-de-la-ejecucion-pianistica\/\">\u201cSylvia Constantinidis descifra Los 7 secretos de la ejecuci\u00f3n pian\u00edstica\u201d. CORREO DEL ORINOCO. 13 agosto, 2020.<\/a><\/p><p>&#8211;<a href=\"https:\/\/sitaramagazine.com.ve\/2020\/08\/24\/nace-el-espacio-musical-reflexiones-en-tiempos-de-coronavirus\/\">\u201cNace el Espacio Musical Reflexiones en Tiempos de Coronavirus\u201d. SITAR MAGAZINE. August 24, 2020.<\/a><\/p><p>&#8211;<a href=\"https:\/\/issuu.com\/elvenezolanocolombia\/docs\/ev_internacional_edic_1\">\u201cVenezolanos protagonizan la exposici\u00f3n -Art Memorial Covid 19 \/ creaci\u00f3n en tiempos de pandemia-\u201d ISSUU \/ EV INTERNACIONAL EDIC 1 \/ Published on Sep 18, 2020 \/ EL VENEZOLANO INTERNACIONAL &#8211; EDICION DIGITAL #1. Pp22.<\/a><\/p><p>&#8211;<a href=\"https:\/\/crestametalica.com\/sylvia-constantinidis-combina-su-musica-con-artes-visuales-en-las-redes-sociales\/\">\u201cSylvia Constantinidis Combina Su Musica Con Artes Visuales en Las Redes Sociales\u201d. CRESTA METALICA. 2020.<\/a><\/p><p>&#8211;<a href=\"https:\/\/correocultural.com\/2020\/09\/trasnocho-cultural-agenda\/\">&#8220;Trasnocho Cultural Agenda&#8221; -SALA TAC:\u00a0 Conversatorio\u201dMaestro de la M\u00fasica\u201d viernes 04 de septiembre-. CORREO CULTURAL. 4 septiembre, 2020.<\/a><\/p><p>&#8211;<a href=\"https:\/\/en.ultimasnoticias.com.ve\/news\/chevere\/three-composers-will-tell-their-secrets\/\">\u201cThree composers will tell their secrets\u201d. ULTIMAS NOTICIAS. September 4, 2020.<\/a><\/p><p>&#8211;<strong><a href=\"https:\/\/www.venezuelasinfonica.com\/encuentros-con-maestros-de-la-musica\/\">\u201cEncuentros con Maestros de la M\u00fasica\u201d. VENEZUELA SINFONICA.<\/a><\/strong><a href=\"https:\/\/www.venezuelasinfonica.com\/encuentros-con-maestros-de-la-musica\/\"> 19<\/a> <a href=\"https:\/\/www.venezuelasinfonica.com\/encuentros-con-maestros-de-la-musica\/\">Septiembre<\/a><strong><a href=\"https:\/\/www.venezuelasinfonica.com\/encuentros-con-maestros-de-la-musica\/\"> 2020.<\/a><\/strong><\/p><p>&#8211;<a href=\"https:\/\/www.venezuelasinfonica.com\/pedro-bernardez-presenta-su-primer-disco-para-orquesta-symphonic-moods\/\"><strong>\u201cPedro Bern\u00e1rdez presenta su primer disco para orquesta: \u201cSymphonic Moods\u201d. VENEZUELA SINFONICA. 6 Octubre<\/strong> 2020.<\/a><\/p><p>&#8211;<a href=\"https:\/\/correocultural.com\/2020\/10\/pedro-bernardez-presenta-su-primer-disco-para-orquesta-symphonic-moods\/\"><em>\u201c<\/em>Pedro Bern\u00e1rdez presenta su primer disco para orquesta: \u201cSymphonic Moods\u201d. Pedro Bern\u00e1rdez presenta su primer disco para orquesta: \u201cSymphonic Moods\u201d. 6 Octubre 2020.<\/a><\/p><p>&#8211;<a href=\"https:\/\/www.mdc.edu\/clippings\/2021\/January\/11.PDF\">\u201cEl Proyecto Newartmusik celebra 10 anos de apoyo a la musica contemporanea\u201d. \u00a0The Daily News Clippings \/ Miami Dade College.\u00a0 1\/11\/2020 \/ pp. 63-64.<\/a><\/p><p>&#8211;<a href=\"http:\/\/ve.globedia.com\/proyecto-newartmusik-celebra-anos-apoyo-musica-contemporanea\">\u201cEl Proyecto Newartmusik celebra 10 anos de apoyo a la musica contemporanea\u201d. GLOBEDIA. 19 Diciembre, 2020.<\/a><\/p><p>&#8211;<a href=\"https:\/\/sitaramagazine.com.ve\/2020\/12\/21\/de-nueva-espartael-proyecto-newartmusik-celebra-10-anos-de-apoyo-a-la-musica-contemporanea\/\">\u201cDe Nueva Esparta el Proyecto Newartmusik Celebra 10 Anhos de Apoyo a la Musica Contemporanea\u201d. SITAR MAGAZINE. Diciembre 21, 2020.<\/a><\/p><p>&#8211;<a href=\"https:\/\/artout.news\/2020\/12\/23\/liderado-por-una-venezolana-proyecto-newartmusik-celebra-10-anos\/\">\u201cLiderado por una Venezolana Proyecto Newartmusik Celebra 10 Anhos\u201d. ARTOUT NEWS. Diciembre, 21, 2020.<\/a><\/p><p>&#8211;<a href=\"https:\/\/correocultural.com\/2020\/12\/el-proyecto-newartmusik-celebra-10-anos-de-apoyo-a-la-musica-contemporanea\/\">&#8220;El Proyecto Newartmusik Celebra 10 A\u00f1os de Apoyo a la M\u00fasica Contempor\u00e1nea&#8221;. CORREO CULTURAL. 20 diciembre, 2020.<\/a><\/p><p>&#8211;<a href=\"https:\/\/diariolaregion.net\/2020\/12\/21\/el-proyecto-newartmusik-celebra-10-anos-de-apoyo-a-la-musica-contemporanea\/\"><strong>\u201cEl Proyecto Newartmusik celebra 10 a\u00f1os de apoyo a la m\u00fasica contempor\u00e1nea\u201d.\u00a0\u00a0 DIARIO LA REGION. 21 Diciembre 2020.<\/strong><\/a><\/p><p>&#8211;<a href=\"https:\/\/www.notaoficial.com\/s\/2020\/12\/23\/el-proyecto-newartmusik-celebra-10-anos-de-apoyo-a-la-musica-contemporanea\/\">\u201cEl Proyecto Newartmusik celebra 10 a\u00f1os de apoyo a la m\u00fasica contempor\u00e1nea\u201d. NOTA OFICIAL. 23 Diciembre 2020.<\/a><\/p><p>&#8211;<a href=\"https:\/\/www.tumblr.com\/todaslasnoticias\/640825735841546240\/natulac-aplica-estrictas-pruebas-de-calidad-a-toda-su-li\">\u201cEl Proyecto Newartmusik celebra 10 a\u00f1os de apoyo a la m\u00fasica contempor\u00e1nea\u201d. TUMBLR TODAS LAS NOTICIAS\/ NOTA OFICIAL. 23 Diciembre 2020.<\/a><\/p><p>&#8211;<a href=\"https:\/\/noti-america.com\/site\/espana\/2020\/12\/24\/el-proyecto-newartmusik-celebra-10-anos-de-apoyo-a-la-musica-contemporanea\/\">\u201cEl Proyecto Newartmusik Celebra 10 A\u00f1os de Apoyo a la M\u00fasica Contempor\u00e1nea\u201d. NOTI-AMERICA. 24 Diciembre, 2020.<\/a><\/p><p>&#8211;<a href=\"http:\/\/dc-13195ec2b43d.notiespartano.com\/2020\/12\/24\/de-nueva-esparta-para-el-mundo-el-proyecto-newartmusik-celebra-10-anos\/\">\u201cEl Proyecto Newartmusik Celebra 10 A\u00f1os de Apoyo a la M\u00fasica Contempor\u00e1nea\u201d. NOTIESPARTANO. 24 Diciembre, 2020.<\/a><\/p><p>&#8211;<a href=\"https:\/\/elsoldemargarita.com.ve\/posts\/post\/id:235601\">\u201cEl Proyecto Newartmusik Celebra 10 A\u00f1os de Apoyo a la M\u00fasica Contempor\u00e1nea\u201d. EL SOL DE MARGARITA. 25 Dic, 2020.<\/a><\/p><p>&#8211;<a href=\"https:\/\/www.mdc.edu\/clippings\/2021\/January\/11.PDF\">&#8220;El Proyecto Newartmusik celebra 10 a\u00f1os de apoyo a la musica contemporanea&#8221;.\u00a0 The Daily News Clippings \/ Miami Dade College.\u00a0 27 de diciembre, 2020 \/ pp 65-67.<\/a><\/p><p><strong>&#8211;<\/strong><a href=\"https:\/\/www.elvenezolanohouston.com\/el-proyecto-newartmusik-celebra-10-anos-de-apoyo-a-la-musica-contemporanea\/\"><strong>&#8220;El Proyecto Newartmusik celebra 10 a\u00f1os de apoyo a la m\u00fasica<\/strong> contempor\u00e1nea&#8221;.<strong> EL VENEZOLANO HOUSTON. 12\/ 27\/<\/strong> 2020.<\/a><\/p><p>&#8211;<a href=\"https:\/\/www.facebook.com\/permalink.php?id=422181451150620&amp;story_fbid=3563678380334229&amp;_rdr\">Sylvia Constantinidis, celebra por todo lo alto los 10 a\u00f1os de su proyecto NEWARTMUSIK, una iniciativa que promueve la m\u00fasica contempor\u00e1nea. EL VENEZOLANO HOUSTON, FACEBOOK. 12\/27\/2020.<\/a><\/p><p>&#8211;<a href=\"https:\/\/www.senderosdeapure.net\/2020\/12\/artista-una-venezolana-rompe-paradigmas.html\">\u201c ARTISTA: Una venezolana rompe paradigmas en la m\u00fasica sinf\u00f3nica contempor\u00e1nea mundial\u201d. SENDEROS DE APURE. Diciembre 2020.\u00a0 <\/a><a href=\"https:\/\/www.senderosdeapure.net\/2020\/12\/artista-una-venezolana-rompe-paradigmas.html?m=1\">[2]<\/a><\/p><p>&#8211;<a href=\"https:\/\/noti-america.com\/site\/venezuela\/2020\/12\/28\/una-venezolana-rompe-paradigmas-en-la-musica-sinfonica-contemporanea-mundial\/\">\u201cUna Venezolana Rompe Paradigmas en la Musica Sinfonica Contemporanea Mundial\u201d. NOTI-AMERICA. 28 Diciembre, 2020.<\/a><\/p><p>&#8211;<a href=\"https:\/\/porlavision.com\/de-nueva-esparta-el-proyecto-newartmusik-celebra-10-anos\/\">\u201cEl Proyecto Newartmusik Celebra 10 A\u00f1os de Apoyo a la M\u00fasica Contempor\u00e1nea\u201d. PORLAVISION. 28 Diciembre, 2020.<\/a><\/p><p>&#8211;<a href=\"https:\/\/bienenterado.com\/2020\/12\/30\/una-venezolana-rompe-paradigmas-en-la-musica-sinfonica\/\">\u201cUna Venezolana Rompe Paradigmas en la Musica Sinfonica Contemporanea Mundial\u201d. BIEN ENTERADO. 30 Diciembre, 2020.<\/a><\/p><\/div>\n\t\t\t\t<\/div>\n\t\t\t\t\t\t\t<div class=\"elementor-toggle-item\">\n\t\t\t\t\t<div id=\"elementor-tab-title-6196\" class=\"elementor-tab-title\" data-tab=\"6\" role=\"button\" aria-controls=\"elementor-tab-content-6196\" aria-expanded=\"false\">\n\t\t\t\t\t\t\t\t\t\t\t\t<span class=\"elementor-toggle-icon elementor-toggle-icon-left\" aria-hidden=\"true\">\n\t\t\t\t\t\t\t\t\t\t\t\t\t\t\t<span class=\"elementor-toggle-icon-closed\"><i class=\"fas fa-caret-right\"><\/i><\/span>\n\t\t\t\t\t\t\t\t<span class=\"elementor-toggle-icon-opened\"><i class=\"elementor-toggle-icon-opened fas fa-caret-up\"><\/i><\/span>\n\t\t\t\t\t\t\t\t\t\t\t\t\t<\/span>\n\t\t\t\t\t\t\t\t\t\t\t\t<a class=\"elementor-toggle-title\" tabindex=\"0\">-2019<\/a>\n\t\t\t\t\t<\/div>\n\n\t\t\t\t\t<div id=\"elementor-tab-content-6196\" class=\"elementor-tab-content elementor-clearfix\" data-tab=\"6\" role=\"region\" aria-labelledby=\"elementor-tab-title-6196\"><p>&#8211;<a href=\"https:\/\/www.venezuelasinfonica.com\/cada-genero-musical-tiene-un-postre-que-le-da-ritmo-y-sabor\/\">\u201cCada g\u00e9nero musical tiene un postre que le da ritmo y sabor\u201d. VENEZUELA SINFONICA. 10 Enero 2019.<\/a><\/p><p>&#8211;<a href=\"https:\/\/www.venezuelasinfonica.com\/pedro-bernardez-el-compositor-venezolano-que-conquistara-los-angeles-con-su-musica-sinfonica\/\">\u201cPedro Bern\u00e1rdez: El compositor Venezolano que Conquistar\u00e1 Los \u00c1ngeles con su M\u00fasica Sinf\u00f3nica\u201d. VENEZUELA SINFONICA. 7 Enero 2019.<\/a><\/p><p>&#8211;\u00a0<a href=\"https:\/\/crestametalica.com\/pedro-bernardez-el-compositor-venezolano-que-conquistara-los-angeles-con-su-musica-sinfonica\/\">\u201cPedro Bernardez: El Compositor Venezolano que Conquistara Los Angeles con su Musica Sinfonica\u201d. CRESTA METALICA. Musica Cresta. Enero 10, 2019.\u00a0\u00a0\u00a0<\/a><\/p><p>&#8211;<a href=\"https:\/\/crestametalica.com\/venezuela-te-veremos-renacer-es-la-cancion-que-dedica-sylvia-constantinidis-a-su-tierra-natal\/\">\u201cVenezuela Te Veremos Renacer es la Cancion que Dedica Sylvia Constantinidis a su Tierra Natal\u201d. CRESTA METALICA. Febrero. 2019.<\/a><\/p><p>&#8211;<a href=\"https:\/\/crestametalica.com\/cada-genero-musical-tiene-un-postre-que-le-da-ritmo-y-sabor\/ .\" data-wplink-url-error=\"true\">\u201cCada Genero Musical Tiene Un Postre Que Le Da Ritmo y Sabor\u201d. CRESTA METALICA. Cresta Ecoturistica. Enero 16, 2019.<\/a><\/p><p>&#8211;<a href=\"https:\/\/diariodecaracas.com\/gente\/sylvia-constantinidis-dedica-su-pais-venezuela-te-veremos-renacer\">\u201cSylvia Constantinidis Dedica a su pais Venezuela Te Veremos Renacer\u201d. DIARIO DE CARACAS. Febrero. 2019.<\/a><\/p><p>&#8211;<a href=\"https:\/\/informe21.com\/arte-y-espectaculos\/sylvia-constantinidis-dedica-a-su-pais-venezuela-te-veremos-renacer\">\u201cSylvia Constantinidis Dedica a su pais Venezuela Te Veremos Renacer\u201d. Informe 21. Febrero. 2019.<\/a><\/p><p>&#8211;<a href=\"https:\/\/www.pinterest.es\/pin\/especial-venezuela-sinfnica-con-todo-y-que-ha-ganado-numerosos-premios-y-distinciones-en-eeuu-y-logr-realizar-exitosas-giras-por-t--470274386088232486\/\">\u201cVenezuela Te Veremos Renacer es la Cancion que Dedica Sylvia Constantinidis a su Tierra Natal\u201d. PINTEREST \/ CRESTA METALICA. Febrero. 2019.<\/a><\/p><p>&#8211;<a href=\"https:\/\/www.entornointeligente.com\/sylvia-constantinidis-dedica-a-su-pas-venezuela-te-veremos-renacer\/\">\u201cSylvia Constantinidis Dedica a su pais Venezuela Te Veremos Renacer\u201d. ENTORNO INTELIGENTE. Febrero. 2019.<\/a><\/p><p>&#8211;<a href=\"https:\/\/www.upataaldia.com.ve\/2019\/02\/sylvia-constantinidis-dedica-su-pais.html\">\u201cVenezuela Te Veremos Renacer es la Cancion que Dedica Sylvia Constantinidis a su Tierra Natal\u201d. UPATA AL DIA. Febrero. 2019.<\/a><\/p><p>&#8211;<a href=\"https:\/\/www.venezuelasinfonica.com\/venezuela-te-veremos-renacer\/\">\u201cVenezuela Te Veremos Renacer\u201d. VENEZUELA SINFONICA. 4 Febrero. 2019.\u00a0\u00a0\u00a0<\/a>\u00a0\/\u00a0<a href=\"https:\/\/www.venezuelasinfonica.com\/destacados\/venezuela-te-veremos-renacer\"> b<\/a><\/p><p>&#8211;<a href=\"https:\/\/crestametalica.com\/venezuela-te-veremos-renacer-es-la-cancion-que-dedica-sylvia-constantinidis-a-su-tierra-natal\/\">\u201c&lt;Venezuela Te Veremos Renacer&gt; Es La Cancion Que Dedica Sylvia Constantinidis A Su Tierra Natal\u201d. CRESTA METALICA. Musica Cresta. Marzo 3, 2019.\u00a0<\/a><\/p><p>&#8211;<a href=\"https:\/\/www.venezuelasinfonica.com\/los-valses-poeticos-de-enrique-granados-reviven-con-el-piano-venezolano\/\">&#8220;Los \u201cValses Po\u00e9ticos\u201d de Enrique Granados reviven con el piano venezolano&#8221;. VENEZUELA SINFONICA. 25 Abril 2019.<\/a><\/p><p>&#8211;<a href=\"https:\/\/elvenezolanonews.com\/2019\/05\/06\/los-valses-poeticos-de-enrique-granados-reviven-con-el-piano-venezolano\/\">&#8220;Los \u201cValses Po\u00e9ticos\u201d de Enrique Granados reviven con el piano venezolano&#8221;. EL VENEZOLANO NEWS. mayo 6, 2019.<\/a><\/p><p>&#8211;<a href=\"https:\/\/elsoldemargarita.com.ve\/posts\/post\/id:218892\">\u201cPianista Margarite\u00f1a Revive los Valses Po\u00e9ticos del Espa\u00f1ol Enrique Granados\u201d. EL SOL DE MARGARITA. 7 May, 2019.<\/a><\/p><p>&#8211;<a href=\"https:\/\/isladecochealavista.blogspot.com\/2019\/05\/la-pianista-sylvia-constantini-lanza.html\">LA PIANISTA SYLVIA CONSTANTINIDIS LANZA NUEVO DISCO \u201c. COCHE A LA VISTA. 8 Mayo 2019.<\/a><\/p><p>&#8211;<a href=\"https:\/\/www.venezuelasinfonica.com\/el-compositor-david-pedroza-se-lleva-dos-medallas-de-plata-en-los-global-music-awards\/\">\u201cEl compositor David Pedroza se lleva dos medallas de plata en los Global Music Awards\u201d.\u00a0 VENEZUELA SINFONICA. 11 Mayo 2019.<\/a><\/p><p><a href=\"https:\/\/www.venezuelasinfonica.com\/sylvia-constantinidis-antonio-estevez-17-piezas-infantiles-para-pia\/\">-\u201cSylvia Constantinidis \u201cAntonio Est\u00e9vez: 17 Piezas Infantiles para piano\u201d. VENEZUELA SINFONICA. 11 Mayo 2019.\u00a0\u00a0<\/a><\/p><p>\u00a0\/\u00a0\u00a0<a href=\"https:\/\/www.venezuelasinfonica.com\/destacados\/sylvia-constantinidis-presenta-disco-antonio-estevez-17-piezas-infantiles-piano\"> b<\/a><\/p><p>&#8211;<a href=\"http:\/\/www.elmundo.com.ve\/noticias\/cultura\/musica\/presentan-cd-antonio-estevez-17-piezas-infantiles-piano\/\">\u201cSylvia Constantinidis \u201cAntonio Est\u00e9vez: 17 Piezas Infantiles para piano\u201d. El Mundo. Mayo 2019.<\/a><\/p><p>&#8211;<a href=\"https:\/\/issuu.com\/elvenezolano\/docs\/edition_ev_houston_228\">\u201cLos valses po\u00e9ticos de Enrique Granados reviven con el piano venezolano\u201d. ISSUU \/ EL VENEZOLANO \/ Houston 228 \/ Published on May 16, 2019 \/ pp20.<\/a><\/p><p>&#8211;<a href=\"https:\/\/www.venezuelasinfonica.com\/la-contemporaneidad-en-la-obra-para-piano-de-antonio-estevez\/\">\u201cLa Contemporaneidad en la obra para piano de Antonio Est\u00e9vez\u201d. VENEZUELA SINFONICA. 17 Mayo 2019.<\/a><\/p><p>&#8211;<a href=\"https:\/\/www.elvenezolanohouston.com\/los-valses-poeticos-de-enrique-granados-reviven-con-el-piano-venezolano\/\">Los valses po\u00e9ticos de Enrique Granados reviven con el piano venezolano\u201d. EL VENEZOLANO HOUSTON. 18\/5\/2019.<\/a><\/p><p>&#8211;<a href=\"https:\/\/www.venezuelasinfonica.com\/sylvia-constantinidis-venezuela-xix-danzas-musica-para-piano-de-salon\/\">\u201cSylvia Constantinidis \u201cVenezuela XIX: Danzas, m\u00fasica para piano de sal\u00f3n\u201d. VENEZUELA SINFONICA. 5 Junio 2019.<\/a><\/p><p>&#8211;<a href=\"https:\/\/crestametalica.com\/sylvia-constantinidis-venezuela-xix-danzas-musica-para-piano-de-salon\/\">\u201cSylvia Constantinidis \u201cVenezuela XIX: Danzas, m\u00fasica para piano de sal\u00f3n\u201d. CRESTA METALICA. Junio 2019.<\/a><\/p><p>&#8211;<a href=\"https:\/\/www.pinterest.es\/pin\/470274386089285278\/\">\u201cSylvia Constantinidis \u201cVenezuela XIX: Danzas, m\u00fasica para piano de sal\u00f3n\u201d. PINTEREST \/ CRESTA METALICA. Junio 2019.<\/a><\/p><p>&#8211;<a href=\"https:\/\/www.venezuelasinfonica.com\/venezolanas-rompiendo-paradigmas-en-el-mundo-de-la\/\">\u201cVenezolanas rompiendo paradigmas en el mundo de la \u00d3pera\u201d. VENEZUELA SINFONICA. 11 Julio 2019.<\/a><\/p><p>&#8211;<a href=\"https:\/\/crestametalica.com\/venezolanas-rompiendo-paradigmas-en-el-mundo-de-la-opera\/\">\u201cVenezolanas rompiendo paradigmas en el mundo de la \u00d3pera\u201d. CRESTA METALICA. \u00a0Julio 2019.<\/a><\/p><p>&#8211;<a href=\"https:\/\/crestametalica.com\/el-ensamble-7-4-gana-dos-medallas-de-plata-en-los-global-music-awards\/\">\u201cEl Ensamble 7-4 Gana Dos Medallas de Plata en los Global Music Awards\u201d. CRESTA METALICA. Musica Cresta. Agosto 9, 2018.\u00a0<\/a><\/p><p>&#8211;<a href=\"https:\/\/www.venezuelasinfonica.com\/el-lunes-comienzan-las-votaciones-de-la-7a-edicion-de-los-premios-pepsi-musi\/\">\u201cEl lunes comienzan las votaciones de la 7\u00aa edici\u00f3n de los Premios Pepsi Music\u201d.\u00a0 VENEZUELA SINFONICA. 21 Agosto 2019.<\/a><\/p><p>&#8211;<a href=\"https:\/\/www.globovision.com\/article\/sylvia-constantinidis-rompe-las-barreras-de-la-musica-de-hollywood\">\u201cSylvia Constantinidis Rompe las Barreras de la Musica de Hollywood\u201d. GLOBOVISION. Septiembre, 2019.<\/a><\/p><p>&#8211;<a href=\"https:\/\/www.venezuelasinfonica.com\/sylvia-constantinidis-rompe-las-barreras-de-la-musica-de-hollywood\/\">&#8220;Sylvia Constantinidis rompe las barreras de la m\u00fasica de Hollywood\u201d.\u00a0 VENEZUELA SINFONICA. 20 septiembre, 2019.<\/a><\/p><p>&#8211;<a href=\"https:\/\/correocultural.com\/2019\/09\/sylvia-constantinidis-rompe-las-barreras-de-la-musica-de-hollywood\/\">&#8220;Sylvia Constantinidis rompe las barreras de la m\u00fasica de Hollywood&#8221;. CORREO CULTURAL. 24 septiembre, 2019.<\/a><\/p><p>&#8211;<a href=\"https:\/\/www.venezuelasinfonica.com\/christian-lindberg-y-pedro-carrero-haran-magia-con-el-trombon\/\">\u201cChristian Lindberg y Pedro Carrero har\u00e1n magia con el tromb\u00f3n\u201d. VENEZUELA SINFONICA. 3 Octubre 2019.<\/a><\/p><p>&#8211;<a href=\"https:\/\/www.venezuelasinfonica.com\/critica-britanica-elogia-la-musica-de-la-venezolana-sylvia-constantinidis\/\">\u201dCr\u00edtica brit\u00e1nica elogia la m\u00fasica de la venezolana Sylvia Constantinidis\u201d.\u00a0 VENEZUELA SINFONICA. 18 Octubre 2019.<\/a><\/p><p>&#8211;<a href=\"https:\/\/www.globovision.com\/article\/critica-britanica-elogia-la-musica-de-la-venezolana-sylvia-constantinidis\">\u201d Cr\u00edtica brit\u00e1nica elogia la m\u00fasica de la venezolana Sylvia Constantinidis\u201d. GLOBOVISION. 18 Octubre 2019.<\/a><\/p><p>&#8211;<a href=\"https:\/\/correocultural.com\/2019\/11\/sylvia-constantinidis-brillara-en-viena-como-pianista-y-compositora\/\">&#8220;Sylvia Constantinidis brillar\u00e1 en Viena como pianista y compositora&#8221;. CORREO CULTURAL. 1 noviembre, 2019.<\/a><\/p><p><a href=\"https:\/\/www.venezuelasinfonica.com\/sylvia-constantinidis-brillara-en-viena-como-pianista-y-compositora\/\">-&#8220;Sylvia Constantinidis brillar\u00e1 en Viena como pianista y compositora&#8221;. VENEZUELA SINFONICA. 1 noviembre, 2019. <\/a><\/p><p>&#8211;<a href=\"https:\/\/www.venezuelasinfonica.com\/el-festival-euroamerican-se-estrena-exitosamente-en-viena\/\">\u201cEl Festival Euroamerican se estrena exitosamente en Viena\u201d. VENEZUELA SINFONICA. 6 noviembre, 2019.<\/a><\/p><p>&#8211;<a href=\"https:\/\/www.eluniversal.com\/entretenimiento\/55084\/pianista-venezolana-presente-en-el-festival-euroamerican-en-viena\">\u201cPianista Venezolana Presente en el festival Euroamerican en Viena\u201d. EL UNIVERSAL. 7 Noviembre 2019.<\/a><\/p><p>&#8211;<a href=\"https:\/\/crestametalica.com\/sylvia-constantinidis-brillara-en-viena-como-pianista-y-compositora\/\">\u201cSylvia Constantinidis Brillara en Viena Como Pianista y Compositora\u201d. CRESTA METALICA. Noviembre 2019.<\/a><\/p><p>&#8211;<a href=\"https:\/\/correocultural.com\/2019\/11\/sylvia-constantinidis-brillara-en-viena-como-pianista-y-compositora\/\">&#8220;Sylvia Constantinidis brillar\u00e1 en Viena como pianista y compositora&#8221;. Correo Cultural. 11 noviembre, 2019.<\/a><\/p><p><a href=\"https:\/\/elvenezolanonews.com\/2019\/11\/15\/el-festival-euroamerican-se-estrena-exitosamente-en-viena\/\">-\u201cEl Festival Euroamerican se estrena exitosamente en Viena\u201d. El VENEZOLANO NEWS. Noviembre 15, 2019.<\/a><\/p><p>&#8211;<a href=\"https:\/\/www.venezuelasinfonica.com\/sylvia-constantinis-cierra-una-decada-de-logros-historicos-para-venezuela\/\">\u201cSylvia Constantinis cierra una d\u00e9cada de logros hist\u00f3ricos para Venezuela\u201d. VENEZUELA SINFONICA. 31 Diciembre, 2019.<\/a><\/p><\/div>\n\t\t\t\t<\/div>\n\t\t\t\t\t\t\t<div class=\"elementor-toggle-item\">\n\t\t\t\t\t<div id=\"elementor-tab-title-6197\" class=\"elementor-tab-title\" data-tab=\"7\" role=\"button\" aria-controls=\"elementor-tab-content-6197\" aria-expanded=\"false\">\n\t\t\t\t\t\t\t\t\t\t\t\t<span class=\"elementor-toggle-icon elementor-toggle-icon-left\" aria-hidden=\"true\">\n\t\t\t\t\t\t\t\t\t\t\t\t\t\t\t<span class=\"elementor-toggle-icon-closed\"><i class=\"fas fa-caret-right\"><\/i><\/span>\n\t\t\t\t\t\t\t\t<span class=\"elementor-toggle-icon-opened\"><i class=\"elementor-toggle-icon-opened fas fa-caret-up\"><\/i><\/span>\n\t\t\t\t\t\t\t\t\t\t\t\t\t<\/span>\n\t\t\t\t\t\t\t\t\t\t\t\t<a class=\"elementor-toggle-title\" tabindex=\"0\">-2018<\/a>\n\t\t\t\t\t<\/div>\n\n\t\t\t\t\t<div id=\"elementor-tab-content-6197\" class=\"elementor-tab-content elementor-clearfix\" data-tab=\"7\" role=\"region\" aria-labelledby=\"elementor-tab-title-6197\"><p>&#8211;<a href=\"https:\/\/elsoldemargarita.com.ve\/movil\/post\/id:203662?\">&#8220;Sylvia Constantinidis sorprende con nuevo trabajo&#8221;. EL SOL DE MARGARITA. 2 Feb, 2018.<\/a><\/p><p>&#8211;<a href=\"https:\/\/www.venezuelasinfonica.com\/sylvia-constantinidis-estrena-alianza-sello-klingerfarbengrapghs\/\">\u201cSylvia Constantinidis estrena alianza con el sello de KlingerFarbenGrapghs\u201d. VENEZUELA SINFONICA. 7 Feb, 2018.<\/a><\/p><p>&#8211;<a href=\"https:\/\/nubo.com.ve\/notasbajas\/2018\/02\/09\/sylvia-constantinidis-cuadros-en-una-exhibicion\/\">\u201cSylvia Constantinidis Cuadros en una Exhibicion\u201d. NOTAS BAJAS. Febrero 9, 2018.<\/a><\/p><p>&#8211;<a href=\"https:\/\/www.tysol.pl\/a15760-Dominika-Zamara-sopranistka-dla-Tysol-pl-Nigdy-sie-nie-sprzedam-i-nie-pojde-droga-na-skroty\">&#8220;Dominika Zamara [sopranistka] dla Tysol.pl&#8221; -Dominika Zamara [soprano] for Tysol.pl-&#8230;(<em>I will perform the modern opera Aphrodite written by the composer Sylvie Constantinidis in Venize&#8230;<\/em>). Tysol. Poland. Feb. 9 2018.<\/a><\/p><p>&#8211;<a href=\"http:\/\/entornointeligente.com\/articulo\/3891048\/VENEZUELA-Sylvia-Constantinidis-estrena-alianza-con-el-sello-de-KlingerFarbenGrapghs-07022018\">&#8220;VENEZUELA: Sylvia Constantinidis estrena alianza con el sello de KlingerFarbenGrapghs&#8221;. Entorno Inteligente. Caracas, Venezuela. Feb. 9, 2018.<\/a><\/p><p>&#8211;<a href=\"https:\/\/nubo.com.ve\/notasbajas\/2018\/02\/09\/sylvia-constantinidis-cuadros-en-una-exhibicion\/  [100]\" data-wplink-url-error=\"true\">&#8220;Sylvia Constantinidis: Cuadros en una Exhibicion&#8221;. Notas Bajas. Seccion Musica. Caracas, Venezuela. Feb. 9, 2018.<\/a><\/p><p>&#8211;<a href=\"https:\/\/www.venezuelasinfonica.com\/apoya-al-festival-latinoamericano-musica\/\">\u201cApoya al Festival Latinoamericano de M\u00fasica\u201d. VENEZUELA SINFONICA. 18 Feb, 2018.<\/a><\/p><p>&#8211;<a href=\"https:\/\/www.venezuelasinfonica.com\/sylvia-constantinidis-presenta-disco-antonio-estevez-17-piezas-infantiles-piano\/\">\u201cSylvia Constantinidis presenta el disco \u201cAntonio Est\u00e9vez: 17 Piezas Infantiles para piano\u201d. VENEZUELA SINFONICA. 7 Marzo 2018.<\/a><\/p><p>&#8211;<a href=\"https:\/\/www.venezuelasinfonica.com\/sylvia-constantinidis-presenta-disco-antonio-estevez-17-piezas-infantiles-piano\/\">\u201cSylvia Constantinidis Presenta su Disco Antonio Estevez 17 Piezas Infantiles Para Piano\u201d. VENEZUELA SINFONICA. 7 Marzo 2018.<\/a><\/p><p>&#8211;<a href=\"http:\/\/ve.globedia.com\/sylvia-constantinidis-presenta-disco-antonio-estevez-piezas-infantiles-piano\">\u201cSylvia Constantinidis Presenta su Disco Antonio Estevez 17 Piezas Infantiles Para Piano\u201d. GLOBEDIA. Marzo 2018.<\/a><\/p><p>&#8211;<a href=\"https:\/\/cr\u00f3nicasguayana.info\/sylvia-constantinidis-medalla-de-bronce-en-global-music-awards\/\">\u201cSylvia Constantinidis Medalla de Bronce en Global Music Awards\u201d.\u00a0 CRONICAS DE GUAYANA. 8 Marzo 2018.<\/a><\/p><p>&#8211;<a href=\"https:\/\/isladecochealavista.blogspot.com\/2018\/03\/sylvia-constantini-medalla-de-bronce-en.html\">\u201cSylvia Constantinidis Medalla de Bronce en Global Music Awards\u201d. COCHE A LA VISTA. 8 Marzo 2018.<\/a><\/p><p>&#8211;<a href=\"https:\/\/crestametalica.com\/sylvia-constantinidis-antonio-estevez-17-piezas-infantiles-para-piano\/\">\u201cSylvia Constantinidis Antonio Estevez 17 Piezas Infantiles Para Piano\u201d. CRESTA METALICA. Marzo, 2018.<\/a><\/p><p>&#8211;<a href=\"https:\/\/crestametalica.com\/sylvia-constantinidis-presenta-el-disco-antonio-estevez-17-piezas-infantiles-para-piano\/ .\" data-wplink-url-error=\"true\">\u201cSylvia Constantinidis Presentd El Disco: Antonio Estevez 17 Piezas Infantiles Para Piano\u201d. CRESTA METALICA. Musica Cresta. Marzo 7, 2018.\u00a0<\/a><\/p><p>&#8211;<a href=\"https:\/\/www.pinterest.es\/pin\/470274386089285189\/\">\u201cSylvia Constantinidis Antonio Estevez 17 Piezas Infantiles Para Piano\u201d. PINTEREST \/ CRESTA METALICA. Marzo, 2018.<\/a><\/p><p>&#8211;<a href=\"https:\/\/www.opinionynoticias.com\/agenda\/32114-constantinidis\">\u201cSylvia Constantinidis Presenta Antonio Estevez 17 Piezas Infantiles Para Piano\u201d. OPINION Y NOTICIAS. 8 Marzo, 2018.<\/a><\/p><p>&#8211;<a href=\"https:\/\/correocultural.com\/2018\/03\/sylvia-constantinidis-presenta-el-disco-antonio-estevez-17-piezas-infantiles-para-piano\/\">&#8220;Sylvia Constantinidis presenta el disco \u201cAntonio Est\u00e9vez: 17 Piezas Infantiles Para Piano\u201d. CORREO CULTURAL. 9 marzo, 2018. \u00a0<\/a><\/p><p>&#8211;<a href=\"https:\/\/nubo.com.ve\/notasbajas\/2018\/03\/10\/sylvia-una-venezolana-ganadora-del-global-music-award-2018-lanza-su-nuevo-cd-17-piezas-infantiles-de-antonio-estevez\/\">\u201cSylvia una Venezolana Ganadora del Global Music Award 2018 Lanza su Nuevo CD -17 Piezas Infantiles de Antonio Estevez\u201d. NOTAS BAJAS. Marzo 10, 2018.<\/a><\/p><p>&#8211;<a href=\"https:\/\/elsoldemargarita.com.ve\/posts\/post\/id:205162\">\u201cSylvia Constantinidis Lanza Nueva Producci\u00f3n en EUA\u201d. EL SOL DE MARGARITA. 9 Mar, 2018.<\/a><\/p><p>&#8211;<a href=\"https:\/\/www.analitica.com\/entretenimiento\/cultura\/sylvia-constantinidis-presenta-su-nuevo\/\">\u201cSylvia Constantinidis presenta su Nuevo CD\u201d. ANALITICA. 12 Marzo. 2018.<\/a><\/p><p>-\u201c<a href=\"https:\/\/nubo.com.ve\/notasbajas\/2018\/03\/14\/despues-de-ganar-global-music-awards-venezolana-inicia-gira-internacional-en-venecia-italia\/\">Despues de Ganar <\/a><a href=\"https:\/\/nubo.com.ve\/notasbajas\/2018\/03\/14\/despues-de-ganar-global-music-awards-venezolana-inicia-gira-internacional-en-venecia-italia\/\">Global Music Awards Venezolana Inicia Gira Internacional en Venecia Italia\u201d. NOTAS BAJAS. Marzo 14, 2018.<\/a><\/p><p>&#8211;<a href=\"https:\/\/www.venezuelasinfonica.com\/sylvia-constantinidis-estrena-su-quinta-opera-titulada-afrodita\/\">\u201cSylvia Constantinidis estrena su quinta opera titulada \u201cAfrodita\u201d. VENEZUELA SINFONICA. 14 Marzo 2018.\u00a0\u00a0\u00a0<\/a>\u00a0\/\u00a0\u00a0 <a href=\"https:\/\/www.venezuelasinfonica.com\/destacados\/sylvia-constantinidis-estrena-su-quinta-opera-titulada-afrodita\">b<\/a><\/p><p>&#8211;<a href=\"https:\/\/crestametalica.com\/sylvia-constantidis-estrena-su-quinta-opera-titulada-afrodita\/ .\" data-wplink-url-error=\"true\">\u201cSylvia Constantinidis Estrena Su Quinta Opera Titulada &lt;Afrodita&gt;\u201d. CRESTA METALICA. Agenda Cresta. Marzo, 14, 2018.<\/a><\/p><p>&#8211;<a href=\"http:\/\/www.elmundo.com.ve\/noticias\/cultura\/musica\/sylvia-constantinidis-estrena-quinta-opera-titulada-afrodita\/\">\u201cSylvia Constantinidis estrena su quinta opera titulada \u201cAfrodita\u201d. VENEZUELA SINFONICA\u201d. El Mundo. Marzo 2018.<\/a><\/p><p>&#8211;<a href=\"https:\/\/www.elnacional.com\/entretenimiento\/sylvia-constantinidis-estrena-quinta-opera-titulada-afrodita_227050\/\">&#8220;Sylvia Constantinidis estrena su quinta opera titulada \u00abAfrodita\u00bb&#8221;. EL NACIONAL. Marzo 15, 2018.<\/a><\/p><p><a href=\"https:\/\/www.eluniversal.com\/entretenimiento\/2797\/sylvia-constantinidis-estrena-quinta-opera-titulada-afrodita%E2%80%9D\">-&#8220;Sylvia Constantinidis estrena su quinta opera titulada \u00abAfrodita\u00bb&#8221;. EL UNIVERSAL. Marzo 15, 2018.<\/a><\/p><p>&#8211;<a href=\"https:\/\/twitter.com\/eluniversal\/status\/974495551818518528\"><em>Sylvia Constantinidis<\/em> estrena su quinta opera titulada &#8216;Afrodita&#8217; #M\u00fasica #EUVzla. TWITTER \/ EL UNIVERSAL. Marzo 16, 2018.<\/a><\/p><p>&#8211;<a href=\"https:\/\/nubo.com.ve\/notasbajas\/2018\/04\/24\/del-12-de-mayo-al-2-de-junio-llega-el-xx-festival-latinoamericano-de-musica\/\">Del 12 de mayo al 2 de junio: Llega el XX Festival Latinoamericano de M\u00fasica. NOTAS BAJAS. 24\/04\/2018.<\/a><\/p><p>-\u201c<a href=\"https:\/\/crestametalica.com\/el-festival-latinoamericano-de-musica-celebrara-veintiocho-anos-de-vida-ininterrumpida\/ .\" data-wplink-url-error=\"true\">El Festival Latinoamericano de Musica celebrara veintiocho anhos de vida ininterrumpida\u201d. CRESTA METALICA. Agenda Cresta. Mayo 10, 2018.<\/a><\/p><p>&#8211;<a href=\"https:\/\/informe21.com\/arte-y-espectaculos\/sylvia-constantinidis-sera-protagonista-del-festival-latinoamericano-de-musica\">\u201cSylvia Constantinidis ser\u00e1 protagonista del Festival Latinoamericano de M\u00fasica\u201d. Informe 21. Caracas, Venezuela. Mayo 22 2018.<\/a><\/p><p>&#8211;<a href=\"https:\/\/www.venezuelasinfonica.com\/dominika-zamara-la-compositora-venezolana-sylvia-constantinidis-es-extraordinaria\/\">\u201cDominika Zamara: \u201cLa compositora venezolana Sylvia Constantinidis es extraordinaria\u201d VENEZUELA SINFONICA. 27 Abril 2018.\u00a0\u00a0 <\/a>\/\u00a0\u00a0<a href=\"https:\/\/www.venezuelasinfonica.com\/destacados\/dominika-zamara-la-compositora-venezolana-sylvia-constantinidis-es-extraordinaria\"> b<\/a><\/p><p>&#8211;<a href=\"https:\/\/crestametalica.com\/dominika-zamara-la-compositora-venezolana-sylvia-constantinidis-es-extraordinaria\/\">\u201cDominika Zamara: \u201cLa compositora venezolana Sylvia Constantinidis es extraordinaria\u201d. CRESTA METALICA. Abril 2018.<\/a><\/p><p><a href=\"https:\/\/www.pinterest.es\/pin\/470274386084298875\/\">-\u201cDominika Zamara: \u201cLa compositora venezolana Sylvia Constantinidis es extraordinaria\u201d. PINTEREST \/CRESTA METALICA. Abril 2018.<\/a><\/p><p>&#8211;<a href=\"https:\/\/crestametalica.com\/del-12-de-mayo-al-2-de-junio-llega-el-xx-festival-latinoamericano-de-musica\/ .\" data-wplink-url-error=\"true\">\u201cDel 12 de Mayo al 2 de Junio llega el XX Festival Latinoamericano de Musica\u201d. CRESTA METALICA. Agenda Cresta. Abril 27, 2018.<\/a><\/p><p><a href=\"https:\/\/www.venezuelasinfonica.com\/del-12-de-mayo-al-2-de-junio-llega-el-xx-festival-latinoamericano-de-musica\/\">-\u201cDel 12 de mayo al 2 de junio: Llega el XX Festival Latinoamericano de M\u00fasica\u201d. VENEZUELA SINFONICA. 28 Abril 2018.<\/a><\/p><p>&#8211;<a href=\"https:\/\/crestametalica.com\/dominika-zamara-la-compositora-venezolana-sylvia-constantinidis-es-extraordinaria\/ .\" data-wplink-url-error=\"true\">\u201cDominika Zamara: &lt;La Compositora Venezolana Sylvia Constantinidis Es Extraordinaria\u201d. CRESTA METALICA. Cresta Review. Abril 29, 2018.<\/a><\/p><p>&#8211;<a href=\"https:\/\/crestametalica.com\/venezolanos-protagonizan-el-euroamerican-festival-de-musica-post-contemporanea-de-paris\/\">\u201cVenezolanos Protagonizan el Euroamerican Festival de Musica Post-Contemporanea de Paris\u201d. CRESTA METALICA.\u00a0 Mayo 2018.<\/a><\/p><p>&#8211;<a href=\"https:\/\/correocultural.com\/2018\/05\/del-12-de-mayo-al-2-de-junio-llega-el-xx-festival-latinoamericano-de-musica\/\">&#8220;Del 12 de mayo al 2 de junio llega el XX Festival Latinoamericano de M\u00fasica&#8221;. CORREO CULTURAL. 6 mayo, 2018.<\/a><\/p><p>&#8211;<a href=\"https:\/\/www.elnacional.com\/entretenimiento\/festival-latinoamericano-musica-internacionaliza_234430\/\">&#8220;El Festival Latinoamericano de M\u00fasica se internacionaliza&#8221;. EL NACIONAL. 10 de mayo 10, 2018.<\/a><\/p><p>&#8211;<a href=\"https:\/\/elsumario.com\/flm-celebrara-28-anos-de-vida-ininterrumpida-en-caracas\/\">\u201cFLM celebrar\u00e1 28 a\u00f1os de vida ininterrumpida en Caracas\u201d. EL SUMARIO. 11 May, 2018.<\/a><\/p><p>&#8211;<a href=\"https:\/\/correocultural.com\/2018\/05\/la-pianista-y-compositora-sylvia-constantinidis-sera-protagonista-del-festival-latinoamericano-de-musica\/\">&#8220;La pianista y compositora Sylvia Constantinidis ser\u00e1 protagonista del Festival Latinoamericano de M\u00fasica&#8221;. CORREO CULTURAL. 22 2018.<\/a> mayo, \u00a0\u00a0<\/p><p>&#8211;<a href=\"https:\/\/www.upataaldia.com.ve\/2018\/05\/sylvia-constantinidis-sera-protagonista.html\">&#8220;La pianista y compositora Sylvia Constantinidis ser\u00e1 protagonista del Festival Latinoamericano de M\u00fasica&#8221;. UPATA AL DIA. Mayo 2018.<\/a><\/p><p>&#8211;<a href=\"https:\/\/www.venezuelasinfonica.com\/la-pianista-y-compositora-sylvia-constantinidis-sera-protagonista-del-festival-latinoamericano-de-musica\/\">&#8220;La pianista y compositora Sylvia Constantinidis ser\u00e1 protagonista del Festival Latinoamericano de M\u00fasica&#8221;. VENEZUELA SINFONICA. 22 Mayo 2018.\u00a0\u00a0 <\/a>\/<a href=\"https:\/\/www.venezuelasinfonica.com\/destacados\/la-pianista-y-compositora-sylvia-constantinidis-sera-protagonista-del-festival-latinoamericano-de-musica\">\u00a0\u00a0 b<\/a><\/p><p>&#8211;<a href=\"https:\/\/www.venezuelasinfonica.com\/un-fandango-espanol-sonara-en-la-clausura-del-festival-latinoamericano-de-musica\/\">&#8220;Un Fandango espa\u00f1ol sonar\u00e1 en la clausura del Festival Latinoamericano de M\u00fasica&#8221;. VENEZUELA SINFONICA. 31 Mayo 2018.\u00a0\u00a0 \/\u00a0\u00a0\u00a0<\/a><a href=\"https:\/\/www.venezuelasinfonica.com\/destacados\/un-fandango-espanol-sonara-en-la-clausura-del-festival-latinoamericano-de-musica\">b<\/a><\/p><p>&#8211;<a href=\"https:\/\/efectococuyo.com\/la-humanidad\/hay-muchas-opciones-para-pasarla-bien-en-caracas-agendacocuyo\/\">Hay muchas opciones para pasarla bien en Caracas #AgendaCocuyo. EFECTO COCUYO. Mayo 31, 2018.<\/a><\/p><p>&#8211;<a href=\"https:\/\/correocultural.com\/2018\/06\/un-fandango-espanol-sonara-en-la-clausura-del-festival-latinoamericano-de-musica\/\">&#8220;Un Fandango espa\u00f1ol sonar\u00e1 en la clausura del Festival Latinoamericano de M\u00fasica&#8221;. CORREO CULTURAL. 1 junio, 2018.<\/a><\/p><p>&#8211;<a href=\"https:\/\/www.opinionynoticias.com\/noticiasarte\/32755-fandango\">&#8220;Un Fandango espa\u00f1ol sonar\u00e1 en la clausura del Festival Latinoamericano de M\u00fasica&#8221;. OPINION Y NOTICIAS. 2 junio, 2018.\u00a0<\/a><\/p><p>&#8211;<a href=\"http:\/\/www.ultimasnoticias.com.ve\/noticias\/entretenimiento\/concluye-el-xx-festival-latinoamericano-de-musica\/\">Concluye el Festival Latinoamericano de M\u00fasica. ULTIMAS NOTICIAS. junio, 2018.<\/a><\/p><p>&#8211;<a href=\"https:\/\/www.entornointeligente.com\/un-fandango-espanol-sonara-en-la-clausura-del-festival-latinoamericano-de-musica\/\">&#8220;Un Fandango espa\u00f1ol sonar\u00e1 en la clausura del Festival Latinoamericano de M\u00fasica&#8221;. ENTORNO INTELIGENTE. junio, 2018.<\/a><\/p><p>&#8211;<a href=\"https:\/\/corrientealterna.com.ve\/fandango-espanol-despedira-el-festival-latinoamericano-de-musica\/\">\u201cTodo listo para el Festival Latinoamericano de M\u00fasica\u201d\u00a0 CORRIENTE ALTERNA. junio, 2018.<\/a><\/p><p>&#8211;<a href=\"https:\/\/www.venezuelasinfonica.com\/todo-listo-para-el-festival-euroamerican-de-musica-post-contemporanea-que-tendra-lugar-en-paris\/\">\u201cTodo listo para el Festival Euroamerican de M\u00fasica Post-contempor\u00e1nea que tendr\u00e1 lugar en Par\u00eds\u201d. VENEZUELA SINFONICA. 29 de junio de 2018.\u00a0\u00a0\u00a0<\/a>\/\u00a0\u00a0 <a href=\"https:\/\/www.venezuelasinfonica.com\/destacados\/todo-listo-para-el-festival-euroamerican-de-musica-post-contemporanea-que-tendra-lugar-en-paris\">b<\/a><\/p><p>&#8211;<a href=\"http:\/\/somosarepa.com\/2018\/06\/29\/venezolanos-organizan-festival-euroamerican-de-musica-post-contemporanea\/\">\u201cVenezolanos Organizan Festival Euroamerican de Musica Post-Contemporanea en Par\u00eds\u201d. SOMOS AREPA. 29 de junio de 2018.<\/a><\/p><p><a href=\"https:\/\/www.voyaemigrar.com\/festival-de-paris-euroamerican-sera-protagonizado-por-venezolanos\/\">-\u201cFestival de Paris Euroamerican sera Protagonizado por Venezolanos\u201d. VOY A EMIGRAR. Julio 2018.<\/a><\/p><p>&#8211;<a href=\"https:\/\/www.opinionynoticias.com\/noticiasnacionalesyglobales\/32999-festival\">\u201cVenezolanos a la Cabeza del Festival Europeo de Musica Post-Contemporanea\u201d. OPINION Y NOTICIAS. 1 Julio 2018.<\/a><\/p><p>&#8211;<a href=\"http:\/\/www.noticias.com.ve\/una-pianista-venezolana-organiza-festival-euroamericano-de-musica-post-contemporanea-en-paris\/\">\u201cVenezolana Organiza el Festival Euroamericano de Musica Post-Contemporanea en Paris\u201d.NOTICIAS. \u00a0Julio 2018.<\/a><\/p><p>&#8211;<a href=\"https:\/\/franciahoy.com\/cultura-en-francia\/festival-euroamerican\/\">&#8220;Se viene el Festival Euroamerican de m\u00fasica post-contempor\u00e1nea&#8221;. FRANCIA HOY. July 2018.<\/a><\/p><p>&#8211;<a href=\"https:\/\/www.opinionynoticias.com\/agenda\/32999-festival\">\u201cVenezolanos a la Cabeza del Festival Europeo de Musica Post-Contemporanea\u201d. OPINION Y NOTICIAS. 1 Julio 2018.\u00a0\u00a0\u00a0<\/a>\/\u00a0\u00a0<a href=\"https:\/\/www.opinionynoticias.com\/noticiasnacionalesyglobales\/32999-festival\"> b<\/a> \u00a0 \/\u00a0\u00a0<a href=\"https:\/\/www.opinionynoticias.com\/agenda\/32999-festival\"> c<\/a><\/p><p>&#8211;<a href=\"http:\/\/ve.globedia.com\/listo-festival-euroamerican-musica-post-contemporanea-tendra-paris\">&#8220;Todo listo para el Festival Euroamerican de M\u00fasica Post-contempor\u00e1nea que tendr\u00e1 lugar en Paris&#8221;. GLOBEDIA. 02\/07\/2018.<\/a><\/p><p>&#8211;<a href=\"https:\/\/correocultural.com\/2018\/07\/todo-listo-para-el-festival-euroamerican-de-musica-post-contemporanea-que-tendra-lugar-en-paris\/\">&#8220;Todo listo para el Festival Euroamerican de M\u00fasica Post-contempor\u00e1nea que tendr\u00e1 lugar en Paris&#8221;. CORREO CULTURAL. 2 julio, 2018.<\/a><\/p><p>&#8211;<a href=\"https:\/\/www.24venezuela.com\/noticias\/musica\/venezolanos-brillaran-festival-euroamerican-paris\/\">\u201cVenezolanos brillar\u00e1n en el Festival Euroamerican de Par\u00eds\u201d. 24VENEZUELA. July 3, 2018.<\/a><\/p><p>&#8211;<a href=\"https:\/\/www.panorama.com.ve\/ciudad\/Venezolanos-brillaran-en-festival-de-musica-post-contemporanea-en-Paris-20180703-0090.html\">\u201cVenezolanos Organizan Festival Euroamerican de Musica Post-Contemporanea en Par\u00eds\u201d. PANAROMA<u>. <\/u>July 3, 2018.<\/a><\/p><p>&#8211;<a href=\"https:\/\/lanacionweb.com\/farandula-y-espectaculos\/venezolanos-brillaran-en-el-festival-euroamerican-de-paris\/ -\" data-wplink-url-error=\"true\">\u201cVenezolanos brillar\u00e1n en el Festival Euroamerican de Par\u00eds\u201d. LA NACION. July 3, 2018.<\/a><\/p><p>&#8211;<a href=\"https:\/\/www.elnacional.com\/entretenimiento\/musica\/venezolanos-brillaran-festival-euroamerican-paris_242348\/\">&#8220;Venezolanos brillar\u00e1n en el Festival Euroamerican de Par\u00eds&#8221;. EL NACIONAL. 3 julio. 2018.<\/a><\/p><p>&#8211;<a href=\"https:\/\/revistavenezolana.com\/2018\/07\/venezolanos-brillaran-en-el-festival-euroamerican-de-paris\/\">\u201cVenezolanos brillar\u00e1n en el Festival Euroamerican de Par\u00eds\u201d. REVISTA VENEZOLANA. 04\/07\/2018.<\/a><\/p><p>&#8211;<a href=\"https:\/\/nubo.com.ve\/notasbajas\/2018\/07\/16\/paris-sera-escenario-del-festival-euroamerican-de-musica-post-contemporanea-bajo-la-direccion-de-sylvia-constantidinis\/\">\u201cParis Sera Escenario del Festival Euroamerican de Musica Post-Contemporanea Bajo la Direccion de Sylvia Constantidinis\u201d. NOTAS BAJAS. Julio 16 2018.<\/a><\/p><p>&#8211;<a href=\"https:\/\/crestametalica.com\/venezolanos-protagonizan-el-euroamerican-festival-de-musica-post-contemporanea-de-paris\/ .\" data-wplink-url-error=\"true\">\u201cVenezolanos Protagonizan El Euroamerican Festival de Musica Post-Contemporanea de Paris\u201d. CRESTA METALICA. Agenda Cresta. Julio 19, 2018.<\/a><\/p><p>&#8211;<a href=\"https:\/\/www.elnacional.com\/entretenimiento\/venezolanos-protagonizan-euroamerican-festival-musica-post-contemporanea_244712\/\">&#8220;Venezolanos protagonizan Euroamerican Festival de M\u00fasica Post-contempor\u00e1nea&#8221;. EL NACIONAL. 19 de julio 19, 2018.<\/a><\/p><p>&#8211;<a href=\"https:\/\/www.eluniversal.com\/entretenimiento\/15421\/euroamerican-festival-de-paris-sera-protagonizado-por-venezolanos\">&#8220;Euroamerican Festival de Par\u00eds ser\u00e1 protagonizado por venezolanos&#8221;.\u00a0 EL UNIVERSAL. 20\/07\/2018.<\/a><\/p><p>&#8211;<a href=\"https:\/\/newsbeezer.com\/venezula\/el-festival-euroamericano-de-paris-estara-protagonizado-por-venezolanos\/\">&#8220;El Festival Euroamericano de Par\u00eds estar\u00e1 protagonizado por venezolanos&#8221;. NEWSBEEZER. July 20, 2018.<\/a><\/p><p>&#8211;<a href=\"http:\/\/asiesmargarita.com\/2018\/07\/20\/euroamerican-festival-de-paris-sera-protagonizado-por-venezolanos\/\">\u201cEuroamerican Festival de Par\u00eds estar\u00e1 protagonizado por venezolanos\u201d. ASI ES MARGARITA. July 20, 2018.<\/a><\/p><p>&#8211;<a href=\"https:\/\/www.venezuelasinfonica.com\/venezolanos-protagonizan-el-euroamerican-festival-de-musica-post-contemporanea-de-paris\/\">&#8220;Venezolanos protagonizan el Euroamerican Festival de M\u00fasica Post-contempor\u00e1nea de Par\u00eds&#8221;. CORREO CULTURAL. 20 de julio de 2018.<\/a>\/\u00a0 <a href=\"https:\/\/www.venezuelasinfonica.com\/destacados\/venezolanos-protagonizan-el-euroamerican-festival-de-musica-post-contemporanea-de-paris\">b<\/a><\/p><p>&#8211;<a href=\"http:\/\/www.ultimasnoticias.com.ve\/noticias\/entretenimiento\/venezolanos-protagonizan-euroamerican-festival\/\">&#8220;Venezolanos protagonizan el Euroamerican Festival de M\u00fasica Post-contempor\u00e1nea de Par\u00eds&#8221;. ULTIMAS NOTICIAS. 20 de julio de 2018.<\/a><\/p><p>-&#8220;<a href=\"https:\/\/www.venezuelasinfonica.com\/venezolanos-protagonizan-el-euroamerican-festival-de-musica-post-contemporanea-de-paris\/\">Venezolanos protagonizan el Euroamerican Festival de M\u00fasica Post-contempor\u00e1nea de Par\u00eds&#8221;. VENEZUELA SINFONICA. 20 de julio de 2018.<\/a><\/p><p>&#8212;<a href=\"http:\/\/www.lamusadelgato.com\/musica\/venezolanos-protagonizaran-el-festival-euroamerican-de-paris\/\">&#8220;Venezolanos protagonizan el Euroamerican Festival de M\u00fasica Post-contempor\u00e1nea de Par\u00eds&#8221;. LA MUSA DEL GATO. 20 de julio de 2018.<\/a><\/p><p>&#8211;<a href=\"https:\/\/noticias.com.ve\/ingenio-venezolano\/una-pianista-venezolana-organiza-festival-euroamericano-de-musica-post-contemporanea-en-paris\/\">\u201cUna Pianista Venezolana Organiza Festival Euroamericano de Musica Post-Contempor\u00e1nea de Par\u00eds\u201d NOTICIAS VENEZUELA. 2018.\u00a0<\/a><\/p><p>&#8211;<a href=\"https:\/\/elsoldemargarita.com.ve\/posts\/post\/id:210401\">Sylvia Constantinidis estrena obra en homenaje al maestro Abreu\u201d. EL SOL DE MARGARITA. 20 Jul, 2018.<\/a><\/p><p>&#8211;<a href=\"http:\/\/www.areparadio.com\/jose-antonio-abreu-sera-homenajeado-en-el-festival-euroamerican-de-musica-post-contemporanea\/\">\u201cJose Antonio Abreu Sera Homenajeado en el festival Euroamerican de Musica Post-Contemporanea\u201d. AREPA RADIO. Julio 2018.<\/a><\/p><p>&#8211;<a href=\"https:\/\/revistavenezolana.com\/2018\/07\/euroamerican-festival-de-paris-sera-protagonizado-por-venezolanos\/\">&#8220;Euroamerican Festival de Par\u00eds ser\u00e1 protagonizado por venezolanos&#8221;. REVISTA VENEZOLANA. 21\/07\/2018.<\/a><\/p><p>&#8211;<a href=\"https:\/\/revistavenezolana.com\/page\/110\/?p=0\">Venezolanos brillar\u00e1n en el Festival Euroamerican de Par\u00eds. REVISTA VENEZOLANA. 8 Agosto 2018. Pp 110.<\/a><\/p><p>&#8211;<a href=\"https:\/\/www.venezuelasinfonica.com\/sylvia-constantinidis-estreno-su-obra-amapolas-en-inglaterr\/\">\u201cSylvia Constantinidis Estreno su Obra Amapolas en Inglaterra. VENEZUELA SINFONICA. 14 Agosto 2018.\u00a0<\/a>\/\u00a0<a href=\"https:\/\/www.venezuelasinfonica.com\/destacados\/sylvia-constantinidis-estreno-su-obra-amapolas-en-inglaterr\"> b<\/a><\/p><p>&#8211;<a href=\"https:\/\/www.pinterest.es\/pin\/470274386085672897\/\">\u201cSylvia Constantinidis Estreno su Obra Amapolas en Inglaterra. PINTEREST \/ CRESTA METALICA. Agosto 2018.<\/a><\/p><p>&#8211;<a href=\"https:\/\/crestametalica.com\/sylvia-constantinidis-estreno-su-obra-amapolas-en-inglaterra\/ .\" data-wplink-url-error=\"true\">Sylvia Constantinidis Estrena Su Obra Amapolas En Inglaterra\u201d. CRESTA METALICA. Musica Cresta. Agosto 17, 2018.\u00a0<\/a><\/p><p>&#8211;<a href=\"http:\/\/ve.globedia.com\/sylvia-constantinidis-estreno-obra-amapolas-inglaterra\">&#8220;Sylvia Constantinidis estren\u00f3 su obra \u201cAmapolas\u201d en Inglaterra&#8221;. GLOBEDIA. agosto, 2018.<\/a><\/p><p>&#8211;<a href=\"https:\/\/correocultural.com\/2018\/08\/sylvia-constantinidis-estreno-su-obra-amapolas-en-inglaterra\/\">&#8220;Sylvia Constantinidis estren\u00f3 su obra \u201cAmapolas\u201d en Inglaterra&#8221;. CORREO CULTURAL. 21 agosto, 2018.<\/a><\/p><p>&#8211;<a href=\"https:\/\/nubo.com.ve\/notasbajas\/2018\/08\/09\/el-ensamble-7-4-gana-dos-medallas-de-plata-en-los-global-music-awards\/\">\u201cEnsamble 7\/4 Gana Dos Medallas de Plata en los Global Music Awards\u201d. NOTAS BAJAS. Sept 8 2018.<\/a><\/p><p>&#8211;<a href=\"https:\/\/www.venezuelasinfonica.com\/el-ensamble-7-4-gana-dos-medallas-de-plata-en-los-global-music-awards\/\">\u201cEl Ensamble 7\/4 gana dos medallas de plata en los Global Music Awards\u201d. VENEZUELA SINFONICA. 9 Agosto 2018.\u00a0\u00a0<\/a>\/ <a href=\"https:\/\/www.venezuelasinfonica.com\/destacados\/el-ensamble-7-4-gana-dos-medallas-de-plata-en-los-global-music-awards\">b<\/a><\/p><p><a href=\"https:\/\/www.notaoficial.com\/s\/2018\/08\/15\/el-ensamble-7-4-gana-dos-medallas-de-plata-en-los-global-music-awards\/\">-El Ensamble 7\/4 gana dos medallas de plata en los Global Music Awards\u201d. NOTA OFICIAL. 15 Agosto 2018.<\/a><\/p><p>&#8211;<a href=\"https:\/\/crestametalica.com\/sylvia-constantinidis-lleva-los-beneficios-de-la-opera-a-los-ninos\/\">\u201cSylvia Constantinidis Lleva Los Beneficios de La Opera A Los Ninhos\u201d. CRESTA METALICA. Cresta Cultural. Agosto, 17, 2018.<\/a><\/p><p>&#8211;<a href=\"https:\/\/www.venezuelasinfonica.com\/creacion-venezolana-presente-programa-young-leaders\/\">\u201cLa creaci\u00f3n venezolana presente en el programa Young Leaders\u201d. VENEZUELA SINFONICA. 6 Octubre 2018.<\/a>\u00a0 \/ <a href=\"https:\/\/www.venezuelasinfonica.com\/destacados\/creacion-venezolana-presente-programa-young-leaders\">b<\/a><\/p><p>&#8211;<a href=\"http:\/\/crestametalica.com\/la-creacion-venezolana-presente-en-el-programa-young-leaders\/.\">\u201cLa Creacion Venezolana Presente en el Programa Young Leaders\u201d. CRESTA METALICA. Cresta Cultural. Octubre 17, 2018.<\/a><\/p><p>&#8211;<a href=\"https:\/\/nubo.com.ve\/notasbajas\/2016\/10\/14\/regresa-el-xix-festival-latinoamericano-de-musica\/\">\u201cRegresa el xix Festival Latinoamericano de Musica\u201d. NOTAS BAJAS. Octubre, 2018.<\/a><\/p><p><a href=\"https:\/\/www.elnacional.com\/mundo\/compositora-venezolana-lidero-programa-young-leaders-america_256341\/\">-&#8220;Compositora venezolana lider\u00f3 el programa \u00abYoung Leaders of America\u00bb&#8221;. EL NACIONAL. 18 oct. 2018.<\/a><\/p><p><a href=\"http:\/\/ve.globedia.com\/compositora-venezolana-lidera-programa-young-leaders-america\">-&#8220;Compositora venezolana lider\u00f3 el programa \u00abYoung Leaders of America\u00bb&#8221;. \u00a0GLOBEDIA. oct. 2018.<\/a><\/p><p><strong>&#8211;<\/strong><a href=\"https:\/\/www.venezuelasinfonica.com\/estampas-de-espana-con-sello-venezolano-brillaran-en-paris-en-formato-sinfonico\/\">\u201cEstampas de Espana on sello Venezolano Brillaron en Paris con Sonidos Sinfonicos\u201d. VENEZUELA SINFONICA. 2 Noviembre 2018 \/<\/a><a href=\"https:\/\/www.venezuelasinfonica.com\/destacados\/estampas-de-espana-con-sello-venezolano-brillaran-en-paris-en-formato-sinfonico\">\/b<\/a><\/p><p>&#8211;<a href=\"http:\/\/www.notitarde.com\/pianista\/\">\u201cPianista venezolana a brillar en concierto sinf\u00f3nico a realizarse en Par\u00eds\u201d. Notitarde. Seccion Cultura. Nov. 2, 2018.<\/a><\/p><p>&#8211;<a href=\"https:\/\/efectococuyo.com\/la-humanidad\/pianista-sylvia-constantinidis-se-presenta-en-paris-con-estampas-de-espana\/ -\" data-wplink-url-error=\"true\">&#8220;Pianista Sylvia Constantinidis se presenta en Par\u00eds con -Estampas de Espa\u00f1a-\u201d EFECTO COCUYO. 3\/11\/2018.<\/a><\/p><p>&#8211;<a href=\"https:\/\/revistavenezolana.com\/2018\/11\/pianista-sylvia-constantinidis-se-presenta-en-paris-con-estampas-de-espana\/\">&#8220;Pianista Sylvia Constantinidis se presenta en Par\u00eds con -Estampas de Espa\u00f1a-\u201d. REVISTA VENEZOLANA. 04\/11\/2018.<\/a><\/p><p>&#8211;<a href=\"https:\/\/crestametalica.com\/estampas-de-espana-con-sello-venezolano-brillaron-en-paris-con-sonidos-sinfonicos\/ .\" data-wplink-url-error=\"true\">\u201c&lt;Estampas de Espanha&gt; con Sello Venezolano Brillaron en Paris con Sonidos Sinfonicos\u201d. CRESTA METALICA. Cresta En Vivo. Nov. 4, 2018.\u00a0<\/a><\/p><p><a href=\"https:\/\/www.entornointeligente.com\/pianista-sylvia-constantinidis-se-presenta-en-pars-con-estampas-de-espaa\/ -\" data-wplink-url-error=\"true\">-&#8220;Pianista Sylvia Constantinidis se presenta en Par\u00eds con -Estampas de Espa\u00f1a-\u201d. ENTORNO INTELIGENTE. 3<\/a><\/p><p>&#8211;<a href=\"https:\/\/nubo.com.ve\/notasbajas\/2018\/11\/07\/estreno-sinfonico-en-paris-estampas-de-espana\/\">\u201cEstreno Sinf\u00f3nico en Par\u00eds \u201cEstampas de Espa\u00f1a\u201d.\u00a0 NOTAS BAJAS. Noviembre 7, 2018.<\/a><\/p><p><a href=\"https:\/\/cr\u00f3nicasguayana.info\/estreno-sinfonico-en-paris-de-sylvia-constantinidis\/\">-\u201cSylvia Constantinidis Estreno Sinf\u00f3nico en Par\u00eds\u201d. CRONICAS DE GUAYANA. 19 Noviembre 2018.<\/a><\/p><p>&#8211;<a href=\"https:\/\/isladecochealavista.blogspot.com\/2018\/11\/estampas-de-espana-de-sylvia.html\">\u201cEstreno Sinf\u00f3nico en Par\u00eds: &#8220;Estampas de Espa\u00f1a&#8221; de Sylvia Constantinidis\u201d. COCHE A LA VISTA. 19 Noviembre 2018.<\/a><\/p><p>&#8211;<a href=\"https:\/\/elsoldemargarita.com.ve\/movil\/post\/id:214574\">&#8220;Estampas de Espa\u00f1a- con sello margarite\u00f1o brillaron en Par\u00eds con sonidos sinf\u00f3nicos&#8221;. EL SOL DE MARGARITA. 28 Nov, 2018.<\/a><\/p><p>&#8211;<a href=\"http:\/\/www.correocultural.com\/2018\/11\/compositora-venezolana-lleva-los-beneficios-de-la-opera-a-los-ninos\/ Compositora Venezolana lleva los beneficios de la Opera a los ni\u00f1os\" data-wplink-url-error=\"true\"><em>\u201c<\/em>Sylvia Constantinidis lleva los beneficios de la \u00d3pera a los ni\u00f1os\u201d. Correo Cultural. <em>29 noviembre, 2018.<\/em><\/a><\/p><p>&#8211;<a href=\"https:\/\/www.analitica.com\/entretenimiento\/cultura\/la-venezolana-sylvia-constantinidis-conquista-el-mundo-con-sus-obras\/\">\u201cSylvia Constantinidis: Opera Adventure acerca a los ni\u00f1os al mundo de la \u00f3pera\u201d. ANALITICA. 2 Diciembre 2018.<\/a><\/p><p>&#8211;<a href=\"https:\/\/www.venezuelasinfonica.com\/sylvia-constantinidis-lleva-los-beneficios-de-la-opera-a-los-ni\/\">\u201cSylvia Constantinidis lleva los beneficios de la \u00d3pera a los ni\u00f1os\u201d. VENEZUELA SINFONICA. 6 Diciembre 2018.\u00a0\u00a0\u00a0<\/a><a href=\"https:\/\/www.venezuelasinfonica.com\/destacados\/sylvia-constantinidis-lleva-los-beneficios-de-la-opera-a-los-ninos\">\/b<\/a><\/p><p>&#8211;<a href=\"https:\/\/www.entornointeligente.com\/sylvia-constantinidis-lleva-los-beneficios-de-la-pera-a-los-nios-3\/\">\u201cSylvia Constantinidis lleva los beneficios de la \u00d3pera a los ni\u00f1os\u201d. ENTORNO INTELIGENTE. Diciembre 2018.<\/a><\/p><p>&#8211;<a href=\"https:\/\/crestametalica.com\/sylvia-constantinidis-lleva-los-beneficios-de-la-opera-a-los-ninos\/\">\u201cSylvia Constantinidis lleva los beneficios de la \u00d3pera a los ni\u00f1os\u201d. CRESTA METALICA. Diciembre 2018.<\/a><\/p><p>&#8211;<a href=\"https:\/\/www.pinterest.es\/pin\/sylvia-constantinidis-lleva-los-beneficios-de-la-pera-a-los-nios-httpscrestametalicacomsylviaconstantinidisllev--470274386087121687\/\">\u201cSylvia Constantinidis lleva los beneficios de la \u00d3pera a los ni\u00f1os\u201d. PINTEREST CRESTA METALICA. Diciembre 2018.<\/a>\u00a0 <a href=\"https:\/\/www.pinterest.es\/pin\/470274386087121687\/\">\/b<\/a><\/p><p><strong>&#8211;<\/strong><a href=\"https:\/\/www.venezuelasinfonica.com\/compositores-venezolanos-que-sonaron-con-fuerza-durante-2018\/\">\u201cCompositores venezolanos que sonaron con fuerza durante 2018\u201d. VENEZUELA SINFONICA. 30 Diciembre 2018.\u00a0 <\/a><a href=\"https:\/\/www.venezuelasinfonica.com\/noticias\/compositores-venezolanos-que-sonaron-con-fuerza-durante-2018\">\u00a0\/b<\/a><\/p><\/div>\n\t\t\t\t<\/div>\n\t\t\t\t\t\t\t<div class=\"elementor-toggle-item\">\n\t\t\t\t\t<div id=\"elementor-tab-title-6198\" class=\"elementor-tab-title\" data-tab=\"8\" role=\"button\" aria-controls=\"elementor-tab-content-6198\" aria-expanded=\"false\">\n\t\t\t\t\t\t\t\t\t\t\t\t<span class=\"elementor-toggle-icon elementor-toggle-icon-left\" aria-hidden=\"true\">\n\t\t\t\t\t\t\t\t\t\t\t\t\t\t\t<span class=\"elementor-toggle-icon-closed\"><i class=\"fas fa-caret-right\"><\/i><\/span>\n\t\t\t\t\t\t\t\t<span class=\"elementor-toggle-icon-opened\"><i class=\"elementor-toggle-icon-opened fas fa-caret-up\"><\/i><\/span>\n\t\t\t\t\t\t\t\t\t\t\t\t\t<\/span>\n\t\t\t\t\t\t\t\t\t\t\t\t<a class=\"elementor-toggle-title\" tabindex=\"0\">-2017<\/a>\n\t\t\t\t\t<\/div>\n\n\t\t\t\t\t<div id=\"elementor-tab-content-6198\" class=\"elementor-tab-content elementor-clearfix\" data-tab=\"8\" role=\"region\" aria-labelledby=\"elementor-tab-title-6198\"><p>&#8211;<a href=\"https:\/\/elsoldemargarita.com.ve\/posts\/post\/id:203662\/Sylvia-Constantinidis-sorprende-con-nuevo-trabajo\">&#8220;Sylvia Constantinidis sorprende con nuevo trabajo&#8221;. Diario El Sol de Margarita. Seccion Musica. Estado Nueva Esparta, Venezuela. Jan. 31, 2017.<\/a><\/p><p>&#8211;<a href=\"https:\/\/www.venezuelasinfonica.com\/la-obra-retablos-de-la-pianista-y-compositora-marianela-arocha-sera-trasmitida-en-el-programa\/\">La obra \u00abRetablos\u00bb de la pianista y compositora Marianela Arocha ser\u00e1 transmitida\u00a0en el programa \u201cAlla Breve\u201d de Radio France\u201d. VENEZUELA SINFONICA. 30 Marzo 2017.<\/a><\/p><p>&#8211;<a href=\"https:\/\/extra.resonance.fm\/episodes\/urban-arts-berlin-number-r-2017-06-14\">&#8220;Female Sounds: With sound works by: -Sylvia Constantinidis, Gael Segalen, Anne Lepere, Ver\u00f3nica Mota, Sylvia Hinz, Julia Drouhin&#8221;.Resonance Sounds Extra FM Radio: Urban Arts Berlin #5. Series presents selections of works from the Urban Arts Berlin label. Wednesday 19:30 &#8211; 20:00 BST. Berlin, Germany. June 14, 2017.<\/a><\/p><\/div>\n\t\t\t\t<\/div>\n\t\t\t\t\t\t\t<div class=\"elementor-toggle-item\">\n\t\t\t\t\t<div id=\"elementor-tab-title-6199\" class=\"elementor-tab-title\" data-tab=\"9\" role=\"button\" aria-controls=\"elementor-tab-content-6199\" aria-expanded=\"false\">\n\t\t\t\t\t\t\t\t\t\t\t\t<span class=\"elementor-toggle-icon elementor-toggle-icon-left\" aria-hidden=\"true\">\n\t\t\t\t\t\t\t\t\t\t\t\t\t\t\t<span class=\"elementor-toggle-icon-closed\"><i class=\"fas fa-caret-right\"><\/i><\/span>\n\t\t\t\t\t\t\t\t<span class=\"elementor-toggle-icon-opened\"><i class=\"elementor-toggle-icon-opened fas fa-caret-up\"><\/i><\/span>\n\t\t\t\t\t\t\t\t\t\t\t\t\t<\/span>\n\t\t\t\t\t\t\t\t\t\t\t\t<a class=\"elementor-toggle-title\" tabindex=\"0\">-2016.-<\/a>\n\t\t\t\t\t<\/div>\n\n\t\t\t\t\t<div id=\"elementor-tab-content-6199\" class=\"elementor-tab-content elementor-clearfix\" data-tab=\"9\" role=\"region\" aria-labelledby=\"elementor-tab-title-6199\"><p>&#8211;<a href=\"https:\/\/www.diariolasamericas.com\/cultura\/fundacion-artistas-la-paz-inicia-gira-mundial-pianos-y-mandalas-n3588067\">\u201cFundaci\u00f3n Artistas por la Paz inicia gira mundial con pianos y mandalas\u201d. DIARIO LAS AMERICAS. 28 Enero 2016.<\/a>\u00a0\u00a0 \/\u00a0<a href=\"https:\/\/filedn.com\/lnU4FuX5mS5kLikyiHSh6kz\/SC%20PRESS\/2016\/Fundaci%C3%B3n%20Artistas%20por%20la%20Paz%20inicia%20gira%20mundial%20con%20pianos%20y%20mandalas.pdf\"> b<\/a><\/p><p><a href=\"https:\/\/issuu.com\/elvenezolano\/docs\/miami_1051\">-Silvia Parra y Sylvia Constantinidis Juntas en el Steinway Recital Hall de Florida\u201d. ISSUU\/\u00a0 EL VENEZOLANO. Miami Dade. January 29, 2016.\u00a0<\/a>\u00a0\u00a0 \/\u00a0\u00a0 <a href=\"https:\/\/issuu.com\/elvenezolano\/docs\/miami_1051\">b<\/a><\/p><p>&#8211;<a href=\"https:\/\/issuu.com\/elvenezolano\/docs\/miami_1051\">&#8220;Silvia Parra y Sylvia Constantinidis. Dos Artistas Venezolanas en el Steinway Recital Hall&#8221;. Diario EL VENEZOLANO. Miami, USA. Jan 29, 2016.<\/a><\/p><p>&#8211;<a href=\"https:\/\/www.pinterest.com\/silvia_parra\/apertura-de-la-gira-mundial-piano-y-mandalas-en-el\/\">\u201cApertura de la gira mundial Piano y Mandalas en el Steinway Recital Hall\u201d. PRENSA FUNDACION ARTISTAS POR LA PAZ. January 2016.<\/a><\/p><p>&#8211;<a href=\"https:\/\/elsoldemargarita.com.ve\/posts\/post\/id:163338\">\u201cConcierto de Paz Inspir\u00f3 a Pintar Hermosos Mandalas\u201d. EL SOL DE MARGARITA. 4 Feb, 2016.<\/a><\/p><p>&#8211;<a href=\"https:\/\/correocultural.com\/2016\/02\/sylvia-constantinidis-presente-en-pianos-y-mandalas\/\">\u201cSylvia Constantinidis presente en -Pianos y Mandalas-\u201d. CORREO CULTURAL. 19 febrero, 2016.<\/a><\/p><p>&#8211;<a href=\"https:\/\/www.venezuelasinfonica.com\/silvia-parra-y-sylvia-constantinidis-juntas-en-el-steinway-recital-hall-de-florida\/\">\u201cSilvia Parra y Sylvia Constantinidis juntas en el Steinway Recital Hall de Florida\u201d. VENEZUELA SINFONICA. 21 Enero 2016.<\/a><\/p><p>&#8211;<a href=\"http:\/\/ve.globedia.com\/sylvia-constantinidis-presente-pianos-mandalas\">&#8220;Sylvia Constantinidis presente en -Pianos y Mandalas-&#8220;. GLOBEDIA. Venezuela. Feb. 19, 2016.<\/a><\/p><p>&#8211;<a href=\"https:\/\/correocultural.com\/2016\/04\/song-of-peace-la-mas-reciente-produccion-de-sylvia-constantinidis\/\">&#8220;Song of Peace: La mas reciente producci\u00f3n de Sylvia Constantinidis&#8221;. Correo Cultural: Arte de Vanguardia. Caracas, Venezuela. April 2016.<\/a><\/p><p>&#8211;<a href=\"http:\/\/ve.globedia.com\/song-peace-produccion-sylvia-constantinidis\">&#8220;SONG OF PEACE&#8221; la m\u00e1s reciente producci\u00f3n de Sylvia Constantinidis\u201d. GLOBEDIA. 25 Abril 2016.<\/a><\/p><p>&#8211;<a href=\"https:\/\/elsoldemargarita.com.ve\/posts\/post\/id:167551\">\u201cPianista Silvia Constantinidis brinda su nueva producci\u00f3n\u201d. EL SOL DE MARGARITA. 25 Abril, 2016.<\/a><\/p><p>&#8211;<a href=\"http:\/\/www.eluniversal.com\/noticias\/cultura\/sylvia-constantinidis-embajadora-musica-clasica-latinoamericana_306736\">&#8220;Sylvia Constantinidis , Embajadora de la M\u00fasica Cl\u00e1sica Latinoamericana&#8221;. DIARIO EL UNIVERSAL. Caracas, Venezuela. April 26, 2016.<\/a><\/p><p>&#8211;<a href=\"http:\/\/www.noticias24.com\/gente\/noticia\/138125\/sylvia-constantinidis-embajadora-de-la-musica-clasica-latinoamericana\/\">Constantinidis, \u201cEmbajadora de la M\u00fasica Cl\u00e1sica Latinoamericana\u201d:Comprender la cultura de un pueblo supone captar su identidad. NOTICIAS 24. Gente. Caracas, Venezuela. Abril 29, 2016.<\/a><\/p><p>&#8211;<a href=\"http:\/\/centraldenoticiavenezuela.blogspot.com\/2016\/04\/sylvia-constantinidis-embajadora-de-la.html\">&#8220;Sylvia Constantinidis, La Embajadora de la M\u00fasica Cl\u00e1sica Latinoamericana\u201d. CENTRAL DE NOTICIAS VENEZUELA Blogspot. Caracas, Venezuela. Abril 29, 2016.<\/a><\/p><p>&#8211;<a href=\"https:\/\/www.diariolasamericas.com\/cultura\/la-pianista-venezolana-sylvia-constantinidis-estrena-su-nuevo-cd-song-of-peace-n3785864\">\u201cLa pianista venezolana Sylvia Constantinidis estrena su nuevo CD -Song of Peace-\u201d. DIARIO LAS AMERICAS. 1 de mayo de 2016.<\/a><\/p><p>&#8211;<a href=\"http:\/\/www.suenaavenezuela.gob.ve\/articulosdetalle\/4014\">&#8220;Pianista Venezolana Sylvia Constantinidis Edita Nuevo CD con Piezas Latinoamericanas&#8221;. SUENA A VENEZUELA. Venezuela. May 2016.<\/a><\/p><p>&#8211;<a href=\"https:\/\/correocultural.com\/2016\/05\/xix-edicion-del-festival-latinoamericano-de-musica-de-caracas\/\">&#8220;XIX edici\u00f3n del Festival Latinoamericano de M\u00fasica de Caracas&#8221;. CORREO CULTURAL. 10 mayo, 2016. \u00a0<\/a><\/p><p>&#8211;<a href=\"https:\/\/hispanoarte.com\/sylvia-constantinidis-presenta-produccion-musical\/\">&#8220;Sylvia Constantinidis Presenta Producci\u00f3n Musical&#8221;. HISPANOARTE. Venezuela. May 18, 2016.<\/a><\/p><p>&#8211;<a href=\"http:\/\/www.noticias24.com\/gente\/noticia\/138125\/sylvia-constantinidis-embajadora-de-la-musica-clasica-latinoamericana\/\">Sylvia Constantinidis Embajadora de la Musica Clasica Latinoamericana. NOTICIAS 24. Sept 2016.<\/a><\/p><p>&#8211;<a href=\"http:\/\/rossana-longo.com\/2016\/09\/09\/piano-y-mandalas-en-boulder-piano-gallery\/\">&#8220;Fantastico Concierto y Exposicion Por La Paz&#8221;. Blog: LONGO. Boulder Colorado, USA, Sept. 9, 2016.<\/a><\/p><p>&#8211;<a href=\"https:\/\/elsumario.com\/venezolanas-llevan-piano-y-mandalas-a-colorado\/\">\u201cVenezolanas llevan \u201cPiano y mandalas\u201d a Colorado\u201d. EL SUMARIO. 14 Setiembre 2016.<\/a><\/p><p>&#8211;<a href=\"http:\/\/www.venezuelanprofiles.com\/artistas-venezolanas-conquistan-colorado-con-piano-y-mandalas\/\">&#8220;Artistas Venezolanas Conquistan Colorado con Piano y Mandalas&#8221;. VENEZUELAN PROFILES. Miami, USA. Sept 15, 2016.<\/a><\/p><p>&#8211;<a href=\"https:\/\/www.hoerzu.de\/files\/radio\/HZ_Radio_2016PW38.pdf\">&#8220;Klassik: Apr\u00e8s-midi: Werke von Theodorakis, Constantinidis, Glinka, Granados, de Falla, Poulenc, Faur\u00e9&#8221;. RadioProgramm: Radio Aktuell &#8211; H\u00f6rzu. September 25, 2016.<\/a>\u00a0\/ <a href=\"https:\/\/www.hoerzu.de\/files\/radio\/HZ_Radio_2016PW38.pdf\">\u00a0 b <\/a><\/p><p>&#8211;<a href=\"http:\/\/centroculturalchacao.com\/noticias\/xix-festival-latinoamericano-de-musica-inicia-su-segunda-etapa\/\">&#8220;Inicia Festival Latinoamericano de Musica&#8221;. CENTRO CULTURAL CHACAO. Caracas, Venezuela. Oct. 2016.<\/a><\/p><p>&#8211;<a href=\"https:\/\/isladecochealavista.blogspot.com\/2016\/10\/silvia-nieta-de-juan-gil-y-paulita.html\">\u201cSilvia, nieta de Juan Gil y Paulita triunfa como pianista internacional\u201d. COCHE A LA VISTA. 6 Octubre 2016.<\/a><\/p><p>&#8211;<a href=\"https:\/\/correocultural.com\/2016\/10\/regresa-el-xix-festival-latinoamericano-de-musica\/\">&#8220;Regresa el XIX Festival Latinoamericano de M\u00fasica&#8221;. CORREO CULTURAL. 13 octubre, 2016<\/a><\/p><p>&#8211;<a href=\"https:\/\/www.analitica.com\/entretenimiento\/cultura\/regresa-el-xix-festival-latinoamericano-de-musica\/\">\u201cRegresa el XIX Festival Latinoamericano de M\u00fasica\u201d. ANALITICA. 13 Octubre 2016.<\/a><\/p><p>&#8211;<a href=\"https:\/\/www.aporrea.org\/actualidad\/n298612.html\">&#8220;Se Lucen Los Compositores Latinoamericanos&#8221;. Blog: APORREA. Oct. 13, 2016.<\/a><\/p><p>&#8211;<a href=\"https:\/\/nubo.com.ve\/notasbajas\/2016\/10\/14\/regresa-el-xix-festival-latinoamericano-de-musica\/\">\u201cRegresa el XIX Festival Latinoamericano de M\u00fasica\u201d. NOTAS BAJAS. Octubre 14, 2016.<\/a><\/p><p>&#8211;<a href=\"https:\/\/www.analitica.com\/entretenimiento\/cultura\/regresa-el-xix-festival-latinoamericano-de-musica-2\/\">\u201cRegresa el XIX Festival Latinoamericano de M\u00fasica\u201d. ANALITICA. 17 Octubre 2016.<\/a><\/p><p>&#8211;<a href=\"http:\/\/revistasuroeste.blogspot.com\/2016\/10\/musica-desde-el-23-regresa-el-xix.html?m=1\">&#8220;Desde el 23 Regresa el XIX Festival de Musica Latinoamericana&#8221;. Blog: SUROESTE. LA VIE CHARMANT Grupo Prensa. Caracas, Venezuela. Oct. 17, 2016.\u00a0\u00a0\u00a0<\/a><\/p><p>\u00a0\u00a0 \/\u00a0 <a href=\"http:\/\/revistasuroeste.blogspot.com\/2016\/10\/musica-desde-el-23-regresa-el-xix.html?m=1\">b<\/a><\/p><p>&#8211;\u00a0<a href=\"http:\/\/isladecochealavista.blogspot.com\/2016\/11\/sylvia-constantinidis-deja-en-alto-la_19.html?m=1\">&#8220;Sylvia Constantinidis deja en alto la Bandera de Venezuela&#8221;. Blog: COCHE A LA VISTA. By Americo Fernandez. Venezuela. Nov. 19, 2016. <\/a>\u00a0\/\u00a0\u00a0 <a href=\"http:\/\/isladecochealavista.blogspot.com\/2016\/11\/sylvia-constantinidis-deja-en-alto-la_19.html?m=1\">b<\/a><\/p><p>&#8211;<a href=\"https:\/\/crestametalica.com\/regresa-xix-festival-latinoamericano-musica\/\">\u201cRegresa el XIX Festival Latinoamericano de m\u00fasica\u201d. CRESTA METALICA. Agenda Cresta. Oct. 20, 2016.\u00a0<\/a><\/p><p>&#8211;<a href=\"http:\/\/https\/\/correocultural.com\/2016\/10\/sylvia-constantiinidis-presenta-el-cd-alberto-ginastera-centennial\/\" data-wplink-url-error=\"true\">&#8220;Sylvia Constantinidis presenta el CD: Alberto Ginastera Centennial&#8221;. Correo Cultural: Arte de Vanguardia. Caracas, Venezuela. 20 Oct. 2016.<\/a>\u00a0<\/p><p>\u00a0 \/<a href=\"http:\/\/www.correocultural.com\/2016\/10\/sylvia-constantiinidis-presenta-el-cd-alberto-ginastera-centennial\/\">\u00a0 b<\/a><\/p><p>&#8211;<a href=\"https:\/\/www.saladeespera.com.ve\/regresa-el-xix-festival-latinoamericano-de-musica\/\">&#8220;Del 23 al 30 de Octubre Se Lucen Los Compositores Latinoamericanos&#8221;. SALA DE ESPERA. Caracas, Venezuela. Oct, 2016.<\/a>\u00a0 \/\u00a0<a href=\"https:\/\/www.saladeespera.com.ve\/regresa-el-xix-festival-latinoamericano-de-musica\/\"> b<\/a><\/p><p><strong>&#8211;<\/strong><a href=\"http:\/\/ve.globedia.com\/sylvia-constantiinidis-presenta-alberto-ginastera-centennial\">\u201cSylvia Constantinidis Presenta CD Alberto Ginastera Centennial&#8221;. GLOBEDIA. 20\/10\/2016.<\/a><\/p><p>&#8211;<a href=\"https:\/\/www.elestilete.com\/agenda\/regresa-el-xix-festival-latinoamericano-de-musica\/\">&#8220;Regresa el XIX Festival Latinoamericano de Musica&#8221;. EL ESTILETE. Caracas, Venezuela. Oct. 22 2016.<\/a>\u00a0 \/\u00a0<a href=\"http:\/\/www.elestilete.com\/agenda\/regresa-xix-festival-latinoamericano-musica\/\"> b<\/a><\/p><p><a href=\"https:\/\/elsoldemargarita.com.ve\/posts\/post\/id:178063\">-\u201cSylvia Constantinidis Deja en Alto la Bandera Venezolana\u201d. EL SOL DE MARGARITA. 22 Oct, 2016.<\/a><\/p><p>\u00a0\/\u00a0 <a href=\"https:\/\/elsoldemargarita.com.ve\/posts\/post\/id:178063\/Sylvia-Constantinidis-deja-en-alto-la-bandera-venezolana\">b<\/a><\/p><p>-\u201c<a href=\"https:\/\/www.venezuelasinfonica.com\/regresa-el-xix-festival-latinoamericano-de-musica\/\">Regresa el XIX Festival Latinoamericano de M\u00fasica\u201d. VENEZUELA SINFONICA. 23 Octubre 2016.\u00a0\u00a0\u00a0<\/a>\u00a0\u00a0\u00a0\u00a0\u00a0\u00a0\u00a0\u00a0<\/p><p>&#8211;<a href=\"https:\/\/www.venezuelasinfonica.com\/la-programacion-del-xix-festival-latinoamericano-de-musica-sigue-activa\/\">\u201cLa Programaci\u00f3n del XIX Festival Latinoamericano de m\u00fasica sigue active\u201d. VENEZUELA SINFONICA. 24 Octubre 2016.<\/a><\/p><p>&#8211;<a href=\"http:\/\/www.ciudadccs.info\/resonaron-acordes-del-sur-quebrada-honda\/\">&#8220;Resonaron Acordes del Sur en Quebrada Honda&#8221;. DIARIO CIUDAD CARACAS. Caracas, Venezuela. Oct. 24, 2016.<\/a>\u00a0\/\u00a0 <a href=\"http:\/\/www.ciudadccs.info\/resonaron-acordes-del-sur-quebrada-honda\/\">b<\/a><\/p><p>&#8211;<a href=\"http:\/\/www.2001.com.ve\/con-la-gente\/143468\/festival-de-musica-latinoamericana-continua-con-homenaje-al-compositor-alberto-ginastera.html\">&#8220;Festival de Musica Latinoamericana Continua con Homenaje al Compositor Alberto Ginastera&#8221;. DIARIO 2001. Caracas, Venezuela. Oct. 24, 2016.\u00a0 \/<\/a>\u00a0<a href=\"http:\/\/www.2001.com.ve\/con-la-gente\/143468\/festival-de-musica-latinoamericana-continua-con-homenaje-al-compositor-alberto-ginastera.html\"> b<\/a><\/p><p>&#8211;<a href=\"https:\/\/www.opinionynoticias.com\/agenda\/27956--xix-festival-latinoamericano-de-musica\">\u201cLa Programaci\u00f3n del XIX Festival Latinoamericano de m\u00fasica sigue active\u201d. OPINION Y NOTICIA. Oct. 24, 2016.<\/a><\/p><p>&#8211;<a href=\"https:\/\/www.analitica.com\/entretenimiento\/cultura\/la-programacion-del-xix-festival-latinoamericano-de-musica-sigue-activa\/\">\u201c La programaci\u00f3n del XIX Festival Latinoamericano de M\u00fasica sigue active\u201d. ANALITICA. Octubre 24, 2016.<\/a><\/p><p>&#8211;<a href=\"http:\/\/www.correodelorinoco.gob.ve\/festival-musica-latinoamericana-continua-homenaje-al-compositor-argentino-alberto-ginastera\/\">\u201cA cargo de la pianista venezolana Sylvia Constantinidis|Festival de M\u00fasica Latinoamericana contin\u00faa con homenaje al compositor argentino Alberto Ginastera\u201d. CORREO DEL ORINOCO. 24 octubre, 2016.\u00a0<\/a> \/\u00a0<a href=\"https:\/\/filedn.com\/lnU4FuX5mS5kLikyiHSh6kz\/SC%20PRESS\/2016\/A%20cargo%20de%20la%20pianista%20venezolana%20Sylvia%20Constantinidis_Festival%20Latinoamericano_homenaje_Ginastera.CORREO%20DEL%20ORINOCO_24octubre2016.pdf\">b<\/a> \u00a0 \/\u00a0 <a href=\"http:\/\/[FLAM_Ginastera-Concert_CORREO-DEL-ORINOCO_24-octubre-2016_PDF]\" data-wplink-url-error=\"true\">c<\/a><\/p><p>&#8211;<a href=\"http:\/\/www.prensa-latina.cu\/index.php\/component\/content%22\/?o=rn&amp;id=36500&amp;SEO=prosigue-xix-festival-de-musica-latinoamericana-en-venezuela\">&#8220;Prosigue XIX Festival de M\u00fasica Latinoamericana en Venezuela&#8221;. PRENSA LATINOAMERICANA. Caracas, Venezuela. Oct 25, 2016.\u00a0 <\/a>\u00a0\u00a0 <a href=\"http:\/\/www.prensa-latina.cu\/index.php\/component\/content%22\/?o=rn&amp;id=36500&amp;SEO=prosigue-xix-festival-de-musica-latinoamericana-en-venezuela\">b<\/a><\/p><p>&#8211;<a href=\"http:\/\/isladecochealavista.blogspot.com\/2016\/11\/sylvia-constantinidis-deja-en-alto-la_19.html?m=1\">\u201cSylvia Constantinidis deja en alto la bandera venezolana\u201d. COCHE A LA VISTA. 19 Noviembre 2016.<\/a><\/p><\/div>\n\t\t\t\t<\/div>\n\t\t\t\t\t\t\t<div class=\"elementor-toggle-item\">\n\t\t\t\t\t<div id=\"elementor-tab-title-61910\" class=\"elementor-tab-title\" data-tab=\"10\" role=\"button\" aria-controls=\"elementor-tab-content-61910\" aria-expanded=\"false\">\n\t\t\t\t\t\t\t\t\t\t\t\t<span class=\"elementor-toggle-icon elementor-toggle-icon-left\" aria-hidden=\"true\">\n\t\t\t\t\t\t\t\t\t\t\t\t\t\t\t<span class=\"elementor-toggle-icon-closed\"><i class=\"fas fa-caret-right\"><\/i><\/span>\n\t\t\t\t\t\t\t\t<span class=\"elementor-toggle-icon-opened\"><i class=\"elementor-toggle-icon-opened fas fa-caret-up\"><\/i><\/span>\n\t\t\t\t\t\t\t\t\t\t\t\t\t<\/span>\n\t\t\t\t\t\t\t\t\t\t\t\t<a class=\"elementor-toggle-title\" tabindex=\"0\">-2015.-<\/a>\n\t\t\t\t\t<\/div>\n\n\t\t\t\t\t<div id=\"elementor-tab-content-61910\" class=\"elementor-tab-content elementor-clearfix\" data-tab=\"10\" role=\"region\" aria-labelledby=\"elementor-tab-title-61910\"><\/div>\n\t\t\t\t<\/div>\n\t\t\t\t\t\t\t<div class=\"elementor-toggle-item\">\n\t\t\t\t\t<div id=\"elementor-tab-title-61911\" class=\"elementor-tab-title\" data-tab=\"11\" role=\"button\" aria-controls=\"elementor-tab-content-61911\" aria-expanded=\"false\">\n\t\t\t\t\t\t\t\t\t\t\t\t<span class=\"elementor-toggle-icon elementor-toggle-icon-left\" aria-hidden=\"true\">\n\t\t\t\t\t\t\t\t\t\t\t\t\t\t\t<span class=\"elementor-toggle-icon-closed\"><i class=\"fas fa-caret-right\"><\/i><\/span>\n\t\t\t\t\t\t\t\t<span class=\"elementor-toggle-icon-opened\"><i class=\"elementor-toggle-icon-opened fas fa-caret-up\"><\/i><\/span>\n\t\t\t\t\t\t\t\t\t\t\t\t\t<\/span>\n\t\t\t\t\t\t\t\t\t\t\t\t<a class=\"elementor-toggle-title\" tabindex=\"0\">2014<\/a>\n\t\t\t\t\t<\/div>\n\n\t\t\t\t\t<div id=\"elementor-tab-content-61911\" class=\"elementor-tab-content elementor-clearfix\" data-tab=\"11\" role=\"region\" aria-labelledby=\"elementor-tab-title-61911\"><p><a href=\"https:\/\/www.venezuelasinfonica.com\/comienza-el-festival-latinoamericano-de-musica\/\">-\u201cComienza el Festival Latinoamericano de M\u00fasica\u201d. VENEZUELA SINFONICA. 14 mayo, 2014.<\/a><\/p><p>&#8211;<a href=\"https:\/\/www.analitica.com\/entretenimiento\/comienza-el-festival-latinoamericano-de-musica\/\">\u201cComienza el Festival Latinoamericano de M\u00fasica\u201d. ANALITICA. 15 mayo, 2014.<\/a><\/p><p>&#8211;<a href=\"https:\/\/www.venezuelasinfonica.com\/agenda-de-conciertos-del-jueves-15-hasta-el-martes-20-de-mayo\/\">\u201cAgenda de conciertos del jueves 15 hasta el martes 20 de mayo\u201d. VENEZUELA SINFONICA. 15 mayo, 2014.<\/a><\/p><p>&#8211;<a href=\"http:\/\/fundamusical.org.ve\/wp-content\/images\/programa_festival_2014.pdf\">&#8220;Festival Latinoamericano de Musica Contemporanea 2014&#8221;. Prensa Fundamusical Bolivar. Programa. Pdf. Venezuela. mayo, 2014.<\/a><\/p><\/div>\n\t\t\t\t<\/div>\n\t\t\t\t\t\t\t<div class=\"elementor-toggle-item\">\n\t\t\t\t\t<div id=\"elementor-tab-title-61912\" class=\"elementor-tab-title\" data-tab=\"12\" role=\"button\" aria-controls=\"elementor-tab-content-61912\" aria-expanded=\"false\">\n\t\t\t\t\t\t\t\t\t\t\t\t<span class=\"elementor-toggle-icon elementor-toggle-icon-left\" aria-hidden=\"true\">\n\t\t\t\t\t\t\t\t\t\t\t\t\t\t\t<span class=\"elementor-toggle-icon-closed\"><i class=\"fas fa-caret-right\"><\/i><\/span>\n\t\t\t\t\t\t\t\t<span class=\"elementor-toggle-icon-opened\"><i class=\"elementor-toggle-icon-opened fas fa-caret-up\"><\/i><\/span>\n\t\t\t\t\t\t\t\t\t\t\t\t\t<\/span>\n\t\t\t\t\t\t\t\t\t\t\t\t<a class=\"elementor-toggle-title\" tabindex=\"0\">-2013.-<\/a>\n\t\t\t\t\t<\/div>\n\n\t\t\t\t\t<div id=\"elementor-tab-content-61912\" class=\"elementor-tab-content elementor-clearfix\" data-tab=\"12\" role=\"region\" aria-labelledby=\"elementor-tab-title-61912\"><\/div>\n\t\t\t\t<\/div>\n\t\t\t\t\t\t\t<div class=\"elementor-toggle-item\">\n\t\t\t\t\t<div id=\"elementor-tab-title-61913\" class=\"elementor-tab-title\" data-tab=\"13\" role=\"button\" aria-controls=\"elementor-tab-content-61913\" aria-expanded=\"false\">\n\t\t\t\t\t\t\t\t\t\t\t\t<span class=\"elementor-toggle-icon elementor-toggle-icon-left\" aria-hidden=\"true\">\n\t\t\t\t\t\t\t\t\t\t\t\t\t\t\t<span class=\"elementor-toggle-icon-closed\"><i class=\"fas fa-caret-right\"><\/i><\/span>\n\t\t\t\t\t\t\t\t<span class=\"elementor-toggle-icon-opened\"><i class=\"elementor-toggle-icon-opened fas fa-caret-up\"><\/i><\/span>\n\t\t\t\t\t\t\t\t\t\t\t\t\t<\/span>\n\t\t\t\t\t\t\t\t\t\t\t\t<a class=\"elementor-toggle-title\" tabindex=\"0\">2012 .-<\/a>\n\t\t\t\t\t<\/div>\n\n\t\t\t\t\t<div id=\"elementor-tab-content-61913\" class=\"elementor-tab-content elementor-clearfix\" data-tab=\"13\" role=\"region\" aria-labelledby=\"elementor-tab-title-61913\"><\/div>\n\t\t\t\t<\/div>\n\t\t\t\t\t\t\t<div class=\"elementor-toggle-item\">\n\t\t\t\t\t<div id=\"elementor-tab-title-61914\" class=\"elementor-tab-title\" data-tab=\"14\" role=\"button\" aria-controls=\"elementor-tab-content-61914\" aria-expanded=\"false\">\n\t\t\t\t\t\t\t\t\t\t\t\t<span class=\"elementor-toggle-icon elementor-toggle-icon-left\" aria-hidden=\"true\">\n\t\t\t\t\t\t\t\t\t\t\t\t\t\t\t<span class=\"elementor-toggle-icon-closed\"><i class=\"fas fa-caret-right\"><\/i><\/span>\n\t\t\t\t\t\t\t\t<span class=\"elementor-toggle-icon-opened\"><i class=\"elementor-toggle-icon-opened fas fa-caret-up\"><\/i><\/span>\n\t\t\t\t\t\t\t\t\t\t\t\t\t<\/span>\n\t\t\t\t\t\t\t\t\t\t\t\t<a class=\"elementor-toggle-title\" tabindex=\"0\">2011<\/a>\n\t\t\t\t\t<\/div>\n\n\t\t\t\t\t<div id=\"elementor-tab-content-61914\" class=\"elementor-tab-content elementor-clearfix\" data-tab=\"14\" role=\"region\" aria-labelledby=\"elementor-tab-title-61914\"><p>&#8211;<a href=\"https:\/\/filedn.com\/lnU4FuX5mS5kLikyiHSh6kz\/SC%20PRESS\/2011\/Flamingo-Festival-Classical_June-2011.pdf\">Flamingo Festival: Classical Music of the New Millennium. FAMILY, Miami. June 24 2011.\u00a0<\/a><\/p><p>&#8211;<a href=\"http:\/\/m.germany.info\/Vertretung\/usa\/en\/__pr\/GKs\/MIAM\/2011\/06\/24__Flamingo.html\">&#8220;Flamingo International Music Festival in Aventura&#8221;. News: German Mission in the United States. June 24, 2011.<\/a><\/p><\/div>\n\t\t\t\t<\/div>\n\t\t\t\t\t\t\t<div class=\"elementor-toggle-item\">\n\t\t\t\t\t<div id=\"elementor-tab-title-61915\" class=\"elementor-tab-title\" data-tab=\"15\" role=\"button\" aria-controls=\"elementor-tab-content-61915\" aria-expanded=\"false\">\n\t\t\t\t\t\t\t\t\t\t\t\t<span class=\"elementor-toggle-icon elementor-toggle-icon-left\" aria-hidden=\"true\">\n\t\t\t\t\t\t\t\t\t\t\t\t\t\t\t<span class=\"elementor-toggle-icon-closed\"><i class=\"fas fa-caret-right\"><\/i><\/span>\n\t\t\t\t\t\t\t\t<span class=\"elementor-toggle-icon-opened\"><i class=\"elementor-toggle-icon-opened fas fa-caret-up\"><\/i><\/span>\n\t\t\t\t\t\t\t\t\t\t\t\t\t<\/span>\n\t\t\t\t\t\t\t\t\t\t\t\t<a class=\"elementor-toggle-title\" tabindex=\"0\">2010<\/a>\n\t\t\t\t\t<\/div>\n\n\t\t\t\t\t<div id=\"elementor-tab-content-61915\" class=\"elementor-tab-content elementor-clearfix\" data-tab=\"15\" role=\"region\" aria-labelledby=\"elementor-tab-title-61915\"><p>&#8211;<a href=\"https:\/\/zabalaaldia.com\/me-pregunto-alguien-conoce-a-este-gran-dominicano-zabala-al-dia-lo-distingue-en-el-mes-de-la-herencia-dominicana\/\">&#8220;Euroamerican Festival&#8221;. ZABALA AL DIA. 2011 INTERNATIONAL. 2011.<\/a>\u00a0<\/p><p>&#8211;<a href=\"http:\/\/www.docenotas.com\/6262\/i-euroamerican-festival\/\">&#8220;Euroamerican Festival&#8221; Diario Digital Doce Notas. Madrid, Spain. Aug. 30, 2010.<\/a><\/p><p>&#8211;<a href=\"https:\/\/blogmusicaclasica.com\/agenda-cultural-2011-12\/conciertos-genericos\/madrid-i\/\">&#8220;Euroamerican Festival&#8221;. Melomanos Locos: Madrid Agenda. Madrid, Spain. September, 2010.<\/a><\/p><\/div>\n\t\t\t\t<\/div>\n\t\t\t\t\t\t\t<div class=\"elementor-toggle-item\">\n\t\t\t\t\t<div id=\"elementor-tab-title-61916\" class=\"elementor-tab-title\" data-tab=\"16\" role=\"button\" aria-controls=\"elementor-tab-content-61916\" aria-expanded=\"false\">\n\t\t\t\t\t\t\t\t\t\t\t\t<span class=\"elementor-toggle-icon elementor-toggle-icon-left\" aria-hidden=\"true\">\n\t\t\t\t\t\t\t\t\t\t\t\t\t\t\t<span class=\"elementor-toggle-icon-closed\"><i class=\"fas fa-caret-right\"><\/i><\/span>\n\t\t\t\t\t\t\t\t<span class=\"elementor-toggle-icon-opened\"><i class=\"elementor-toggle-icon-opened fas fa-caret-up\"><\/i><\/span>\n\t\t\t\t\t\t\t\t\t\t\t\t\t<\/span>\n\t\t\t\t\t\t\t\t\t\t\t\t<a class=\"elementor-toggle-title\" tabindex=\"0\">2009<\/a>\n\t\t\t\t\t<\/div>\n\n\t\t\t\t\t<div id=\"elementor-tab-content-61916\" class=\"elementor-tab-content elementor-clearfix\" data-tab=\"16\" role=\"region\" aria-labelledby=\"elementor-tab-title-61916\"><p>&#8211;<a href=\"https:\/\/iawm.org\/wp-content\/uploads\/2021\/07\/Volume-15-Number-2-2009.pdf\">JOURNAL OF THE INTERNACIONAL ALLIANCE OF WOMEN IN MUSIC. Volume 15l, Number 2, 2009. Pp.24-27.<\/a> \u00a0 \/ <a href=\"https:\/\/filedn.com\/lnU4FuX5mS5kLikyiHSh6kz\/SC%20PRESS\/2009%20\/iawm%20Sylvia%20Article%202009.pdf\">PDF<\/a><\/p><p>&#8211; <a href=\"https:\/\/nacusa.us\/nacusa-ms\/past-events.html\">\u201cSpring Concert\u201d. NACUSA MIDSOUTH. 2 Abril 2009.<\/a>\u00a0 <\/p><p>-\u201c<a href=\"https:\/\/www.musicalamerica.com\/news\/newsstory.cfm?archived=0&amp;storyID=21717&amp;categoryID=5\">Chamber Music, NACUSA SouthEast Chapter Concert\u201d. MUSICAL AMERICA. November 19, 2009.\u00a0\u00a0<\/a> <a href=\"https:\/\/filedn.com\/lnU4FuX5mS5kLikyiHSh6kz\/SC%20PRESS\/2009%20\/NACUSA-SE-CONCERT-MusicalAmerica%20-%20Press%20Releases.pdf\">pdf<\/a><\/p><p>&#8211; <a href=\"http:\/\/www.classicaldiscoveries.org\/playlist20091227m.html\">&#8220;Third Winter Marathon of New Music by Women Composers from All Over the World&#8221;. Radio Program: Classical Discoveries. December 2009.<\/a><\/p><p>&#8211;<a href=\"https:\/\/www.shelbycountyreporter.com\/2009\/12\/11\/um-to-host-national-music-recital\/\">&#8220;UM-to-host-national-music-recital&#8221; Shelby County Reporter. USA. Dec. 11, 2009.<\/a><\/p><\/div>\n\t\t\t\t<\/div>\n\t\t\t\t\t\t\t<div class=\"elementor-toggle-item\">\n\t\t\t\t\t<div id=\"elementor-tab-title-61917\" class=\"elementor-tab-title\" data-tab=\"17\" role=\"button\" aria-controls=\"elementor-tab-content-61917\" aria-expanded=\"false\">\n\t\t\t\t\t\t\t\t\t\t\t\t<span class=\"elementor-toggle-icon elementor-toggle-icon-left\" aria-hidden=\"true\">\n\t\t\t\t\t\t\t\t\t\t\t\t\t\t\t<span class=\"elementor-toggle-icon-closed\"><i class=\"fas fa-caret-right\"><\/i><\/span>\n\t\t\t\t\t\t\t\t<span class=\"elementor-toggle-icon-opened\"><i class=\"elementor-toggle-icon-opened fas fa-caret-up\"><\/i><\/span>\n\t\t\t\t\t\t\t\t\t\t\t\t\t<\/span>\n\t\t\t\t\t\t\t\t\t\t\t\t<a class=\"elementor-toggle-title\" tabindex=\"0\">2007<\/a>\n\t\t\t\t\t<\/div>\n\n\t\t\t\t\t<div id=\"elementor-tab-content-61917\" class=\"elementor-tab-content elementor-clearfix\" data-tab=\"17\" role=\"region\" aria-labelledby=\"elementor-tab-title-61917\"><p>-\u201cRemembering Alexa\u201d. MIAMI HERALD. &#8211; Metro &amp; State. April 25 2007.<\/p><p>-\u201cRemembering Alexa\u201d. MIAMI HERALD. &#8211; Neighbors. \u00a0May 6 2007.<\/p><\/div>\n\t\t\t\t<\/div>\n\t\t\t\t\t\t\t<div class=\"elementor-toggle-item\">\n\t\t\t\t\t<div id=\"elementor-tab-title-61918\" class=\"elementor-tab-title\" data-tab=\"18\" role=\"button\" aria-controls=\"elementor-tab-content-61918\" aria-expanded=\"false\">\n\t\t\t\t\t\t\t\t\t\t\t\t<span class=\"elementor-toggle-icon elementor-toggle-icon-left\" aria-hidden=\"true\">\n\t\t\t\t\t\t\t\t\t\t\t\t\t\t\t<span class=\"elementor-toggle-icon-closed\"><i class=\"fas fa-caret-right\"><\/i><\/span>\n\t\t\t\t\t\t\t\t<span class=\"elementor-toggle-icon-opened\"><i class=\"elementor-toggle-icon-opened fas fa-caret-up\"><\/i><\/span>\n\t\t\t\t\t\t\t\t\t\t\t\t\t<\/span>\n\t\t\t\t\t\t\t\t\t\t\t\t<a class=\"elementor-toggle-title\" tabindex=\"0\">2006<\/a>\n\t\t\t\t\t<\/div>\n\n\t\t\t\t\t<div id=\"elementor-tab-content-61918\" class=\"elementor-tab-content elementor-clearfix\" data-tab=\"18\" role=\"region\" aria-labelledby=\"elementor-tab-title-61918\"><p>-\u201cGrowing Up\u201d. MIAMI HERALD \/ EL NUEVO HERALD. &#8211; Neighbors, Education. March 19 2006.<\/p><p>-\u201cHialeah Campus unveils Mural\u201d. FALCON TIMES. March 28, 2006.<\/p><p>-\u201cHialeah Students Are a Part of Art\u201d, FORUM, MDC. Vol.10, N0.5. May 2006.<\/p><p>&#8211;<a href=\"https:\/\/www.miamiartguide.com\/miami-dade-colleges-new-millennium-concert\/\">&#8220;The New Millennium Concert Series&#8221;. Miami Art Guide. Miami, USA. June 4, 2006.<\/a><\/p><p>-MIAMI BOOK FAIR INTERNATIONAL. MDC, Press Realease. 2006.<a href=\"https:\/\/filedn.com\/lnU4FuX5mS5kLikyiHSh6kz\/SC%20PRESS\/2006\/PressRealease.MDC%20BOOK%20FAIR%2006.pdf\">pdf<\/a> \/ <a href=\"https:\/\/filedn.com\/lnU4FuX5mS5kLikyiHSh6kz\/SC%20PRESS\/2006\/PressRealease.MDC%20BOOK%20FAIR%2006.pdf\">pdf<\/a><\/p><\/div>\n\t\t\t\t<\/div>\n\t\t\t\t\t\t\t<div class=\"elementor-toggle-item\">\n\t\t\t\t\t<div id=\"elementor-tab-title-61919\" class=\"elementor-tab-title\" data-tab=\"19\" role=\"button\" aria-controls=\"elementor-tab-content-61919\" aria-expanded=\"false\">\n\t\t\t\t\t\t\t\t\t\t\t\t<span class=\"elementor-toggle-icon elementor-toggle-icon-left\" aria-hidden=\"true\">\n\t\t\t\t\t\t\t\t\t\t\t\t\t\t\t<span class=\"elementor-toggle-icon-closed\"><i class=\"fas fa-caret-right\"><\/i><\/span>\n\t\t\t\t\t\t\t\t<span class=\"elementor-toggle-icon-opened\"><i class=\"elementor-toggle-icon-opened fas fa-caret-up\"><\/i><\/span>\n\t\t\t\t\t\t\t\t\t\t\t\t\t<\/span>\n\t\t\t\t\t\t\t\t\t\t\t\t<a class=\"elementor-toggle-title\" tabindex=\"0\">2005.-<\/a>\n\t\t\t\t\t<\/div>\n\n\t\t\t\t\t<div id=\"elementor-tab-content-61919\" class=\"elementor-tab-content elementor-clearfix\" data-tab=\"19\" role=\"region\" aria-labelledby=\"elementor-tab-title-61919\"><p>.<\/p><\/div>\n\t\t\t\t<\/div>\n\t\t\t\t\t\t\t<div class=\"elementor-toggle-item\">\n\t\t\t\t\t<div id=\"elementor-tab-title-61920\" class=\"elementor-tab-title\" data-tab=\"20\" role=\"button\" aria-controls=\"elementor-tab-content-61920\" aria-expanded=\"false\">\n\t\t\t\t\t\t\t\t\t\t\t\t<span class=\"elementor-toggle-icon elementor-toggle-icon-left\" aria-hidden=\"true\">\n\t\t\t\t\t\t\t\t\t\t\t\t\t\t\t<span class=\"elementor-toggle-icon-closed\"><i class=\"fas fa-caret-right\"><\/i><\/span>\n\t\t\t\t\t\t\t\t<span class=\"elementor-toggle-icon-opened\"><i class=\"elementor-toggle-icon-opened fas fa-caret-up\"><\/i><\/span>\n\t\t\t\t\t\t\t\t\t\t\t\t\t<\/span>\n\t\t\t\t\t\t\t\t\t\t\t\t<a class=\"elementor-toggle-title\" tabindex=\"0\">2001<\/a>\n\t\t\t\t\t<\/div>\n\n\t\t\t\t\t<div id=\"elementor-tab-content-61920\" class=\"elementor-tab-content elementor-clearfix\" data-tab=\"20\" role=\"region\" aria-labelledby=\"elementor-tab-title-61920\"><p><strong>-\u201cSouth Hialeah Elementary excels in Orlando\u201d. MIAMI HERALD \/ EL NUEVO HERALD. &#8211; Neighbors, Education. June 10 2001.<\/strong><\/p><\/div>\n\t\t\t\t<\/div>\n\t\t\t\t\t\t\t<div class=\"elementor-toggle-item\">\n\t\t\t\t\t<div id=\"elementor-tab-title-61921\" class=\"elementor-tab-title\" data-tab=\"21\" role=\"button\" aria-controls=\"elementor-tab-content-61921\" aria-expanded=\"false\">\n\t\t\t\t\t\t\t\t\t\t\t\t<span class=\"elementor-toggle-icon elementor-toggle-icon-left\" aria-hidden=\"true\">\n\t\t\t\t\t\t\t\t\t\t\t\t\t\t\t<span class=\"elementor-toggle-icon-closed\"><i class=\"fas fa-caret-right\"><\/i><\/span>\n\t\t\t\t\t\t\t\t<span class=\"elementor-toggle-icon-opened\"><i class=\"elementor-toggle-icon-opened fas fa-caret-up\"><\/i><\/span>\n\t\t\t\t\t\t\t\t\t\t\t\t\t<\/span>\n\t\t\t\t\t\t\t\t\t\t\t\t<a class=\"elementor-toggle-title\" tabindex=\"0\">2000<\/a>\n\t\t\t\t\t<\/div>\n\n\t\t\t\t\t<div id=\"elementor-tab-content-61921\" class=\"elementor-tab-content elementor-clearfix\" data-tab=\"21\" role=\"region\" aria-labelledby=\"elementor-tab-title-61921\"><p><strong>[43]&#8221;Hale Pianos Inaugura &#8216;Escuela de Clavinovas de Miami&#8217;.&#8221; La Isla: Actualidad. Key Biscayne, Anho 5, numero 8. Oct. 2000.<\/strong><\/p><\/div>\n\t\t\t\t<\/div>\n\t\t\t\t\t\t\t<div class=\"elementor-toggle-item\">\n\t\t\t\t\t<div id=\"elementor-tab-title-61922\" class=\"elementor-tab-title\" data-tab=\"22\" role=\"button\" aria-controls=\"elementor-tab-content-61922\" aria-expanded=\"false\">\n\t\t\t\t\t\t\t\t\t\t\t\t<span class=\"elementor-toggle-icon elementor-toggle-icon-left\" aria-hidden=\"true\">\n\t\t\t\t\t\t\t\t\t\t\t\t\t\t\t<span class=\"elementor-toggle-icon-closed\"><i class=\"fas fa-caret-right\"><\/i><\/span>\n\t\t\t\t\t\t\t\t<span class=\"elementor-toggle-icon-opened\"><i class=\"elementor-toggle-icon-opened fas fa-caret-up\"><\/i><\/span>\n\t\t\t\t\t\t\t\t\t\t\t\t\t<\/span>\n\t\t\t\t\t\t\t\t\t\t\t\t<a class=\"elementor-toggle-title\" tabindex=\"0\">1997<\/a>\n\t\t\t\t\t<\/div>\n\n\t\t\t\t\t<div id=\"elementor-tab-content-61922\" class=\"elementor-tab-content elementor-clearfix\" data-tab=\"22\" role=\"region\" aria-labelledby=\"elementor-tab-title-61922\"><p><strong>-\u201cLa Musica Ayuda a Crecer\u201d by Laura M. Sanchez-Ramirez \/ Miami Herald. EL NUEVO HERALD.Familia &amp; Education. July 15 1997. (- Family &amp; Education: \u201cMusic Helps Growing\u201d). Article dedicated to Silvia Constantinidis and the Kindermusik Program.<\/strong><\/p><\/div>\n\t\t\t\t<\/div>\n\t\t\t\t\t\t\t\t<\/div>\n\t\t\t\t\t\t<\/div>\n\t\t\t\t<\/div>\n\t\t\t\t\t<\/div>\n\t\t<\/div>\n\t\t\t\t<div class=\"elementor-column elementor-col-16 elementor-top-column elementor-element elementor-element-0422bfa\" data-id=\"0422bfa\" data-element_type=\"column\">\n\t\t\t<div class=\"elementor-widget-wrap\">\n\t\t\t\t\t\t\t<\/div>\n\t\t<\/div>\n\t\t\t\t\t<\/div>\n\t\t<\/section>\n\t\t\t\t<\/div>\n\t\t","protected":false},"excerpt":{"rendered":"<p>-ARCHIVE: -2023.- -2022 &#8211;\u201cNewartmusik Inicia el 2022 con Importante Concierto Online\u201d.\u00a0 ANALITICA. 3 Enero 2022. &#8211;\u201cNewartmusik Cierra un 2021 Triunfal e Inicia el 2022 con Importante Concierto\u201d.\u00a0 CRESTA METALICA. Enero 2022. &#8211;\u201cNewartmusik Cierra un 2021 Triunfal e Inicia el 2022 con Importante Concierto\u201d.\u00a0 DIARIO LA REGION. 3 Enero 2022. &#8211;&#8220;Las Compositoras Hicieron Historia en el &hellip;<\/p>\n<p class=\"read-more\"> <a class=\"\" href=\"https:\/\/sylviaconstantinidis.com\/press\/archive\/\"> <span class=\"screen-reader-text\">Archive<\/span> Read More &raquo;<\/a><\/p>\n","protected":false},"author":1,"featured_media":0,"parent":0,"menu_order":0,"comment_status":"closed","ping_status":"closed","template":"","meta":{"om_disable_all_campaigns":false,"_monsterinsights_skip_tracking":false,"_monsterinsights_sitenote_active":false,"_monsterinsights_sitenote_note":"","_monsterinsights_sitenote_category":0,"site-sidebar-layout":"no-sidebar","site-content-layout":"page-builder","ast-global-header-display":"","ast-banner-title-visibility":"","ast-main-header-display":"","ast-hfb-above-header-display":"","ast-hfb-below-header-display":"","ast-hfb-mobile-header-display":"","site-post-title":"disabled","ast-breadcrumbs-content":"","ast-featured-img":"disabled","footer-sml-layout":"","theme-transparent-header-meta":"","adv-header-id-meta":"","stick-header-meta":"","header-above-stick-meta":"","header-main-stick-meta":"","header-below-stick-meta":"","footnotes":""},"class_list":["post-568","page","type-page","status-publish","hentry"],"yoast_head":"<!-- This site is optimized with the Yoast SEO plugin v27.5 - https:\/\/yoast.com\/product\/yoast-seo-wordpress\/ -->\n<title>Archive - PressRoom<\/title>\n<meta name=\"robots\" content=\"index, follow, max-snippet:-1, max-image-preview:large, max-video-preview:-1\" \/>\n<link rel=\"canonical\" href=\"https:\/\/sylviaconstantinidis.com\/press\/archive\/\" \/>\n<meta property=\"og:locale\" content=\"en_US\" \/>\n<meta property=\"og:type\" content=\"article\" \/>\n<meta property=\"og:title\" content=\"Archive - PressRoom\" \/>\n<meta property=\"og:description\" content=\"-ARCHIVE: -2023.- -2022 &#8211;\u201cNewartmusik Inicia el 2022 con Importante Concierto Online\u201d.\u00a0 ANALITICA. 3 Enero 2022. &#8211;\u201cNewartmusik Cierra un 2021 Triunfal e Inicia el 2022 con Importante Concierto\u201d.\u00a0 CRESTA METALICA. Enero 2022. &#8211;\u201cNewartmusik Cierra un 2021 Triunfal e Inicia el 2022 con Importante Concierto\u201d.\u00a0 DIARIO LA REGION. 3 Enero 2022. &#8211;&#8220;Las Compositoras Hicieron Historia en el &hellip; Archive Read More &raquo;\" \/>\n<meta property=\"og:url\" content=\"https:\/\/sylviaconstantinidis.com\/press\/archive\/\" \/>\n<meta property=\"og:site_name\" content=\"PressRoom\" \/>\n<meta property=\"article:modified_time\" content=\"2023-08-16T19:51:59+00:00\" \/>\n<meta property=\"og:image\" content=\"https:\/\/sylviaconstantinidis.com\/press\/wp-content\/uploads\/2023\/08\/Banner-piano-hands-1024x614.png\" \/>\n<meta name=\"twitter:card\" content=\"summary_large_image\" \/>\n<meta name=\"twitter:label1\" content=\"Est. reading time\" \/>\n\t<meta name=\"twitter:data1\" content=\"38 minutes\" \/>\n<script type=\"application\/ld+json\" class=\"yoast-schema-graph\">{\"@context\":\"https:\\\/\\\/schema.org\",\"@graph\":[{\"@type\":\"WebPage\",\"@id\":\"https:\\\/\\\/sylviaconstantinidis.com\\\/press\\\/archive\\\/\",\"url\":\"https:\\\/\\\/sylviaconstantinidis.com\\\/press\\\/archive\\\/\",\"name\":\"Archive - PressRoom\",\"isPartOf\":{\"@id\":\"https:\\\/\\\/sylviaconstantinidis.com\\\/press\\\/#website\"},\"primaryImageOfPage\":{\"@id\":\"https:\\\/\\\/sylviaconstantinidis.com\\\/press\\\/archive\\\/#primaryimage\"},\"image\":{\"@id\":\"https:\\\/\\\/sylviaconstantinidis.com\\\/press\\\/archive\\\/#primaryimage\"},\"thumbnailUrl\":\"https:\\\/\\\/sylviaconstantinidis.com\\\/press\\\/wp-content\\\/uploads\\\/2023\\\/08\\\/Banner-piano-hands-1024x614.png\",\"datePublished\":\"2023-08-07T22:54:29+00:00\",\"dateModified\":\"2023-08-16T19:51:59+00:00\",\"breadcrumb\":{\"@id\":\"https:\\\/\\\/sylviaconstantinidis.com\\\/press\\\/archive\\\/#breadcrumb\"},\"inLanguage\":\"en-US\",\"potentialAction\":[{\"@type\":\"ReadAction\",\"target\":[\"https:\\\/\\\/sylviaconstantinidis.com\\\/press\\\/archive\\\/\"]}]},{\"@type\":\"ImageObject\",\"inLanguage\":\"en-US\",\"@id\":\"https:\\\/\\\/sylviaconstantinidis.com\\\/press\\\/archive\\\/#primaryimage\",\"url\":\"https:\\\/\\\/sylviaconstantinidis.com\\\/press\\\/wp-content\\\/uploads\\\/2023\\\/08\\\/Banner-piano-hands.png\",\"contentUrl\":\"https:\\\/\\\/sylviaconstantinidis.com\\\/press\\\/wp-content\\\/uploads\\\/2023\\\/08\\\/Banner-piano-hands.png\",\"width\":2250,\"height\":1350},{\"@type\":\"BreadcrumbList\",\"@id\":\"https:\\\/\\\/sylviaconstantinidis.com\\\/press\\\/archive\\\/#breadcrumb\",\"itemListElement\":[{\"@type\":\"ListItem\",\"position\":1,\"name\":\"Home\",\"item\":\"https:\\\/\\\/sylviaconstantinidis.com\\\/press\\\/\"},{\"@type\":\"ListItem\",\"position\":2,\"name\":\"Archive\"}]},{\"@type\":\"WebSite\",\"@id\":\"https:\\\/\\\/sylviaconstantinidis.com\\\/press\\\/#website\",\"url\":\"https:\\\/\\\/sylviaconstantinidis.com\\\/press\\\/\",\"name\":\"PressRoom\",\"description\":\"SylviaConstantinidis PressRoom\",\"potentialAction\":[{\"@type\":\"SearchAction\",\"target\":{\"@type\":\"EntryPoint\",\"urlTemplate\":\"https:\\\/\\\/sylviaconstantinidis.com\\\/press\\\/?s={search_term_string}\"},\"query-input\":{\"@type\":\"PropertyValueSpecification\",\"valueRequired\":true,\"valueName\":\"search_term_string\"}}],\"inLanguage\":\"en-US\"}]}<\/script>\n<!-- \/ Yoast SEO plugin. -->","yoast_head_json":{"title":"Archive - PressRoom","robots":{"index":"index","follow":"follow","max-snippet":"max-snippet:-1","max-image-preview":"max-image-preview:large","max-video-preview":"max-video-preview:-1"},"canonical":"https:\/\/sylviaconstantinidis.com\/press\/archive\/","og_locale":"en_US","og_type":"article","og_title":"Archive - PressRoom","og_description":"-ARCHIVE: -2023.- -2022 &#8211;\u201cNewartmusik Inicia el 2022 con Importante Concierto Online\u201d.\u00a0 ANALITICA. 3 Enero 2022. &#8211;\u201cNewartmusik Cierra un 2021 Triunfal e Inicia el 2022 con Importante Concierto\u201d.\u00a0 CRESTA METALICA. Enero 2022. &#8211;\u201cNewartmusik Cierra un 2021 Triunfal e Inicia el 2022 con Importante Concierto\u201d.\u00a0 DIARIO LA REGION. 3 Enero 2022. &#8211;&#8220;Las Compositoras Hicieron Historia en el &hellip; Archive Read More &raquo;","og_url":"https:\/\/sylviaconstantinidis.com\/press\/archive\/","og_site_name":"PressRoom","article_modified_time":"2023-08-16T19:51:59+00:00","og_image":[{"url":"https:\/\/sylviaconstantinidis.com\/press\/wp-content\/uploads\/2023\/08\/Banner-piano-hands-1024x614.png","type":"","width":"","height":""}],"twitter_card":"summary_large_image","twitter_misc":{"Est. reading time":"38 minutes"},"schema":{"@context":"https:\/\/schema.org","@graph":[{"@type":"WebPage","@id":"https:\/\/sylviaconstantinidis.com\/press\/archive\/","url":"https:\/\/sylviaconstantinidis.com\/press\/archive\/","name":"Archive - PressRoom","isPartOf":{"@id":"https:\/\/sylviaconstantinidis.com\/press\/#website"},"primaryImageOfPage":{"@id":"https:\/\/sylviaconstantinidis.com\/press\/archive\/#primaryimage"},"image":{"@id":"https:\/\/sylviaconstantinidis.com\/press\/archive\/#primaryimage"},"thumbnailUrl":"https:\/\/sylviaconstantinidis.com\/press\/wp-content\/uploads\/2023\/08\/Banner-piano-hands-1024x614.png","datePublished":"2023-08-07T22:54:29+00:00","dateModified":"2023-08-16T19:51:59+00:00","breadcrumb":{"@id":"https:\/\/sylviaconstantinidis.com\/press\/archive\/#breadcrumb"},"inLanguage":"en-US","potentialAction":[{"@type":"ReadAction","target":["https:\/\/sylviaconstantinidis.com\/press\/archive\/"]}]},{"@type":"ImageObject","inLanguage":"en-US","@id":"https:\/\/sylviaconstantinidis.com\/press\/archive\/#primaryimage","url":"https:\/\/sylviaconstantinidis.com\/press\/wp-content\/uploads\/2023\/08\/Banner-piano-hands.png","contentUrl":"https:\/\/sylviaconstantinidis.com\/press\/wp-content\/uploads\/2023\/08\/Banner-piano-hands.png","width":2250,"height":1350},{"@type":"BreadcrumbList","@id":"https:\/\/sylviaconstantinidis.com\/press\/archive\/#breadcrumb","itemListElement":[{"@type":"ListItem","position":1,"name":"Home","item":"https:\/\/sylviaconstantinidis.com\/press\/"},{"@type":"ListItem","position":2,"name":"Archive"}]},{"@type":"WebSite","@id":"https:\/\/sylviaconstantinidis.com\/press\/#website","url":"https:\/\/sylviaconstantinidis.com\/press\/","name":"PressRoom","description":"SylviaConstantinidis PressRoom","potentialAction":[{"@type":"SearchAction","target":{"@type":"EntryPoint","urlTemplate":"https:\/\/sylviaconstantinidis.com\/press\/?s={search_term_string}"},"query-input":{"@type":"PropertyValueSpecification","valueRequired":true,"valueName":"search_term_string"}}],"inLanguage":"en-US"}]}},"jetpack_sharing_enabled":true,"_links":{"self":[{"href":"https:\/\/sylviaconstantinidis.com\/press\/wp-json\/wp\/v2\/pages\/568","targetHints":{"allow":["GET"]}}],"collection":[{"href":"https:\/\/sylviaconstantinidis.com\/press\/wp-json\/wp\/v2\/pages"}],"about":[{"href":"https:\/\/sylviaconstantinidis.com\/press\/wp-json\/wp\/v2\/types\/page"}],"author":[{"embeddable":true,"href":"https:\/\/sylviaconstantinidis.com\/press\/wp-json\/wp\/v2\/users\/1"}],"replies":[{"embeddable":true,"href":"https:\/\/sylviaconstantinidis.com\/press\/wp-json\/wp\/v2\/comments?post=568"}],"version-history":[{"count":20,"href":"https:\/\/sylviaconstantinidis.com\/press\/wp-json\/wp\/v2\/pages\/568\/revisions"}],"predecessor-version":[{"id":2434,"href":"https:\/\/sylviaconstantinidis.com\/press\/wp-json\/wp\/v2\/pages\/568\/revisions\/2434"}],"wp:attachment":[{"href":"https:\/\/sylviaconstantinidis.com\/press\/wp-json\/wp\/v2\/media?parent=568"}],"curies":[{"name":"wp","href":"https:\/\/api.w.org\/{rel}","templated":true}]}}